{"id":69584,"date":"2025-02-18T10:58:10","date_gmt":"2025-02-18T09:58:10","guid":{"rendered":"https:\/\/expoflamenco.com\/espacio\/?post_type=mec-events&#038;p=69584"},"modified":"2025-02-18T11:02:09","modified_gmt":"2025-02-18T10:02:09","slug":"especial-festival-tertulia-y-marco-flores-585-694-840-200","status":"publish","type":"mec-events","link":"https:\/\/expoflamenco.com\/espacio\/events\/especial-festival-tertulia-y-marco-flores-585-694-840-200\/","title":{"rendered":"Especial Festival: Las Tertulias, Juan Vergillos, Lucia La Pi\u00f1ona y Actuaci\u00f3n Marga Flores"},"content":{"rendered":"\n<p>Lunes 3 de marzo:<\/p>\n\n\n\n<p>10.00 horas: Curso Historia del baile flamenco por&nbsp;<strong>Juan Vergillos<\/strong>.<\/p>\n\n\n\n<p>Un recorrido audiovisual por los grandes hitos de este g\u00e9nero de danza: los or\u00edgenes, los bailes de palillos, el inicio del flamenco en academias y teatros, los caf\u00e9s cantantes, las variedades, la vanguardia, los tablaos, los festivales \u2026 Y por los grandes personajes de esta historia: La Cuenca, Carmen Dauset, La Macarrona, Pastora Imperio, Vicente Escudero, La Argentina, La Argentinita, Carmen Amaya, Antonio, Gades, Mario Maya, Manuela Carrasco, Israel Galv\u00e1n, Eva Yerbabuena, Roc\u00edo Molina, Paula Comitre, etc. Con pel\u00edculas, muchas de ellas in\u00e9ditas, que hemos rescatado de los archivos y\/o restaurado.<\/p>\n\n\n\n<p>Env\u00eda un correo electr\u00f3nico en este enlace para mayor informaci\u00f3n:<\/p>\n\n\n\n<p><a href=\"https:\/\/vaivenesflamencos.com\/contacto.html\">Contacto \u2013 Vaivenes Flamencos<\/a><\/p>\n\n\n\n<p>13.00 horas&nbsp;<strong>Las Tertulias del Festival de Jerez<\/strong><\/p>\n\n\n\n<p>17.30 horas:&nbsp;<strong>Luc\u00eda \u00c1lvarez \u2018La Pi\u00f1ona\u2019&nbsp;<\/strong>Las entrevistas del Festival de Jerez con&nbsp;<strong>Jos\u00e9 Anillo<\/strong><\/p>\n\n\n\n<p>20.30 horas: Recital de baile flamenco en \u00edntimo protagonizado por la bailaora\u00a0<strong>Marga Flores<\/strong>. Al cante: \u00c1lvaro Valle. A la guitarra: Lucas Ben\u00edtez. Reservas al tel\u00e9fono: 673 65 10 42<\/p>\n\n\n\n<p>Compra tu entrada: <a href=\"https:\/\/expoflamenco.shop\/products\/recital-baile-flamenco-marga-flores\">https:\/\/expoflamenco.shop\/products\/recital-baile-flamenco-marga-flores<\/a><\/p>\n\n\n\n<p><\/p>\n","protected":false},"excerpt":{"rendered":"<p>Lunes 3 de marzo: 10.00 horas: Curso Historia del baile flamenco por&nbsp;Juan Vergillos. Un recorrido audiovisual por los grandes hitos de este g\u00e9nero de danza: los or\u00edgenes, los bailes de palillos, el inicio del flamenco en academias y teatros, los caf\u00e9s cantantes, las variedades, la vanguardia, los tablaos, los festivales \u2026 Y por los grandes [&hellip;]<\/p>\n","protected":false},"author":56,"featured_media":69585,"comment_status":"open","ping_status":"closed","template":"","tags":[2442,2440,7,2315,19,11,2441],"mec_category":[515,511,509,510],"class_list":["post-69584","mec-events","type-mec-events","status-publish","has-post-thumbnail","hentry","tag-2442","tag-agenda-especial","tag-expoflamenco","tag-festival-de-jerez-3","tag-flamenco","tag-jerez-de-la-frontera","tag-programacion-paralela","mec_category-baile","mec_category-clases","mec_category-encuentros","mec_category-presentaciones","pmpro-has-access"],"acf":[],"aioseo_notices":[],"_links":{"self":[{"href":"https:\/\/expoflamenco.com\/espacio\/wp-json\/wp\/v2\/mec-events\/69584","targetHints":{"allow":["GET"]}}],"collection":[{"href":"https:\/\/expoflamenco.com\/espacio\/wp-json\/wp\/v2\/mec-events"}],"about":[{"href":"https:\/\/expoflamenco.com\/espacio\/wp-json\/wp\/v2\/types\/mec-events"}],"author":[{"embeddable":true,"href":"https:\/\/expoflamenco.com\/espacio\/wp-json\/wp\/v2\/users\/56"}],"replies":[{"embeddable":true,"href":"https:\/\/expoflamenco.com\/espacio\/wp-json\/wp\/v2\/comments?post=69584"}],"wp:featuredmedia":[{"embeddable":true,"href":"https:\/\/expoflamenco.com\/espacio\/wp-json\/wp\/v2\/media\/69585"}],"wp:attachment":[{"href":"https:\/\/expoflamenco.com\/espacio\/wp-json\/wp\/v2\/media?parent=69584"}],"wp:term":[{"taxonomy":"post_tag","embeddable":true,"href":"https:\/\/expoflamenco.com\/espacio\/wp-json\/wp\/v2\/tags?post=69584"},{"taxonomy":"mec_category","embeddable":true,"href":"https:\/\/expoflamenco.com\/espacio\/wp-json\/wp\/v2\/mec_category?post=69584"}],"curies":[{"name":"wp","href":"https:\/\/api.w.org\/{rel}","templated":true}]}}