{"id":81977,"date":"2026-03-09T19:24:13","date_gmt":"2026-03-09T18:24:13","guid":{"rendered":"https:\/\/expoflamenco.com\/agenda\/?page_id=81977"},"modified":"2026-03-09T19:29:47","modified_gmt":"2026-03-09T18:29:47","slug":"guia-flamenco","status":"publish","type":"page","link":"https:\/\/expoflamenco.com\/agenda\/guia-flamenco\/","title":{"rendered":"Gu\u00eda de Flamenco"},"content":{"rendered":"\t\t<div data-elementor-type=\"wp-page\" data-elementor-id=\"81977\" class=\"elementor elementor-81977\" data-elementor-post-type=\"page\">\n\t\t\t\t<div class=\"elementor-element elementor-element-99c3bd2 e-flex e-con-boxed e-con e-parent\" data-id=\"99c3bd2\" data-element_type=\"container\" data-e-type=\"container\">\n\t\t\t\t\t<div class=\"e-con-inner\">\n\t\t<div class=\"elementor-element elementor-element-e3ec8d5 e-con-full e-flex e-con e-child\" data-id=\"e3ec8d5\" data-element_type=\"container\" data-e-type=\"container\">\n\t\t\t\t<div class=\"elementor-element elementor-element-589ac8d elementor-widget elementor-widget-jnews_block_9_elementor\" data-id=\"589ac8d\" data-element_type=\"widget\" data-e-type=\"widget\" data-widget_type=\"jnews_block_9_elementor.default\">\n\t\t\t\t<div class=\"elementor-widget-container\">\n\t\t\t\t\t<div  class=\"jeg_postblock_9 jeg_postblock jeg_module_hook jeg_pagination_nextprev jeg_col_2o3 jnews_module__0_69f405bcc7023   \" data-unique=\"jnews_module__0_69f405bcc7023\">\n\t\t\t\t\t<div class=\"jeg_block_heading jeg_block_heading_3 jeg_subcat_right\">\n                     <h3 class=\"jeg_block_title\"><span>Gu\u00eda de Flamenco<\/span><\/h3>\n                     \n                 <\/div>\n\t\t\t\t\t<div class=\"jeg_block_container\">\n                    \n                    <div class=\"jeg_posts_wrap\"><div class=\"jeg_posts jeg_load_more_flag\"><article class=\"jeg_post jeg_pl_md_1 format-standard\">\n                    <div class=\"jeg_thumb\">\n                        \n                        <a href=\"https:\/\/expoflamenco.com\/agenda\/espacio-cultural-expoflamenco-marzo\/\" aria-label=\"Read article: Espacio Cultural Expoflamenco &#8211; Mayo\"><div class=\"thumbnail-container animate-lazy  size-500 \"><img loading=\"lazy\" decoding=\"async\" width=\"360\" height=\"180\" src=\"https:\/\/expoflamenco.com\/agenda\/wp-content\/themes\/jnews\/assets\/img\/jeg-empty.png\" class=\"attachment-jnews-360x180 size-jnews-360x180 lazyload wp-post-image\" alt=\"Flamenco event poster: two men with a guitar on the left, dates May 1\u201315, 2026, on a dark background with Espacio Expo Flamenco logo.\" sizes=\"auto, (max-width: 360px) 100vw, 360px\" data-src=\"https:\/\/expoflamenco.com\/agenda\/wp-content\/uploads\/sites\/22\/2026\/03\/expoflamenco-mayo-espacio-360x180.webp\" data-srcset=\"https:\/\/expoflamenco.com\/agenda\/wp-content\/uploads\/sites\/22\/2026\/03\/expoflamenco-mayo-espacio-360x180.webp 360w, https:\/\/expoflamenco.com\/agenda\/wp-content\/uploads\/sites\/22\/2026\/03\/expoflamenco-mayo-espacio-760x380.webp 760w, https:\/\/expoflamenco.com\/agenda\/wp-content\/uploads\/sites\/22\/2026\/03\/expoflamenco-mayo-espacio-570x285.webp 570w, https:\/\/expoflamenco.com\/agenda\/wp-content\/uploads\/sites\/22\/2026\/03\/expoflamenco-mayo-espacio-768x384.webp 768w, https:\/\/expoflamenco.com\/agenda\/wp-content\/uploads\/sites\/22\/2026\/03\/expoflamenco-mayo-espacio-750x375.webp 750w, https:\/\/expoflamenco.com\/agenda\/wp-content\/uploads\/sites\/22\/2026\/03\/expoflamenco-mayo-espacio.webp 1140w\" data-sizes=\"auto\" data-expand=\"700\" \/><\/div><\/a>\n                        <div class=\"jeg_post_category\">\n                            <span><a href=\"https:\/\/expoflamenco.com\/agenda\/actualidad-agenda\/\" class=\"category-actualidad-agenda\">Actualidad Agenda<\/a><\/span>\n                        <\/div>\n                    <\/div>\n                    <div class=\"jeg_postblock_content\">\n                        <h3 class=\"jeg_post_title\">\n                            <a href=\"https:\/\/expoflamenco.com\/agenda\/espacio-cultural-expoflamenco-marzo\/\">Espacio Cultural Expoflamenco &#8211; Mayo<\/a>\n                        <\/h3>\n                        <div class=\"jeg_post_meta\"><div class=\"jeg_meta_date\"><a href=\"https:\/\/expoflamenco.com\/agenda\/espacio-cultural-expoflamenco-marzo\/\" ><i class=\"fa fa-clock-o\"><\/i> 30 abril 2026<\/a><\/div><\/div>\n                    <\/div>\n                <\/article><article class=\"jeg_post jeg_pl_md_1 format-standard\">\n                    <div class=\"jeg_thumb\">\n                        \n                        <a href=\"https:\/\/expoflamenco.com\/agenda\/programa-formativo-45-festival-de-guitarra-de-cordoba\/\" aria-label=\"Read article: Programa Formativo. 45 Festival de Guitarra de C\u00f3rdoba\"><div class=\"thumbnail-container animate-lazy  size-500 \"><img loading=\"lazy\" decoding=\"async\" width=\"360\" height=\"180\" src=\"https:\/\/expoflamenco.com\/agenda\/wp-content\/themes\/jnews\/assets\/img\/jeg-empty.png\" class=\"attachment-jnews-360x180 size-jnews-360x180 lazyload wp-post-image\" alt=\"Poster for the 45th C\u00f3rdoba Guitar Festival, July 1\u201311, 2026, featuring a row of circular emblems\/logos across the banner.\" sizes=\"auto, (max-width: 360px) 100vw, 360px\" data-src=\"https:\/\/expoflamenco.com\/agenda\/wp-content\/uploads\/sites\/22\/2026\/04\/cabecera-curso-guitarra-cordoba-360x180.webp\" data-srcset=\"https:\/\/expoflamenco.com\/agenda\/wp-content\/uploads\/sites\/22\/2026\/04\/cabecera-curso-guitarra-cordoba-360x180.webp 360w, https:\/\/expoflamenco.com\/agenda\/wp-content\/uploads\/sites\/22\/2026\/04\/cabecera-curso-guitarra-cordoba-760x380.webp 760w, https:\/\/expoflamenco.com\/agenda\/wp-content\/uploads\/sites\/22\/2026\/04\/cabecera-curso-guitarra-cordoba-1138x570.webp 1138w, https:\/\/expoflamenco.com\/agenda\/wp-content\/uploads\/sites\/22\/2026\/04\/cabecera-curso-guitarra-cordoba-570x285.webp 570w, https:\/\/expoflamenco.com\/agenda\/wp-content\/uploads\/sites\/22\/2026\/04\/cabecera-curso-guitarra-cordoba-768x385.webp 768w, https:\/\/expoflamenco.com\/agenda\/wp-content\/uploads\/sites\/22\/2026\/04\/cabecera-curso-guitarra-cordoba-750x376.webp 750w, https:\/\/expoflamenco.com\/agenda\/wp-content\/uploads\/sites\/22\/2026\/04\/cabecera-curso-guitarra-cordoba.webp 1140w\" data-sizes=\"auto\" data-expand=\"700\" \/><\/div><\/a>\n                        <div class=\"jeg_post_category\">\n                            <span><a href=\"https:\/\/expoflamenco.com\/agenda\/actualidad-agenda\/\" class=\"category-actualidad-agenda\">Actualidad Agenda<\/a><\/span>\n                        <\/div>\n                    <\/div>\n                    <div class=\"jeg_postblock_content\">\n                        <h3 class=\"jeg_post_title\">\n                            <a href=\"https:\/\/expoflamenco.com\/agenda\/programa-formativo-45-festival-de-guitarra-de-cordoba\/\">Programa Formativo. 45 Festival de Guitarra de C\u00f3rdoba<\/a>\n                        <\/h3>\n                        <div class=\"jeg_post_meta\"><div class=\"jeg_meta_date\"><a href=\"https:\/\/expoflamenco.com\/agenda\/programa-formativo-45-festival-de-guitarra-de-cordoba\/\" ><i class=\"fa fa-clock-o\"><\/i> 21 abril 2026<\/a><\/div><\/div>\n                    <\/div>\n                <\/article><article class=\"jeg_post jeg_pl_md_1 format-standard\">\n                    <div class=\"jeg_thumb\">\n                        \n                        <a href=\"https:\/\/expoflamenco.com\/agenda\/aienruta-flamencos\/\" aria-label=\"Read article: AIEnRuta &#8211; FLAMENCOS\"><div class=\"thumbnail-container animate-lazy  size-500 \"><img loading=\"lazy\" decoding=\"async\" width=\"360\" height=\"180\" src=\"https:\/\/expoflamenco.com\/agenda\/wp-content\/themes\/jnews\/assets\/img\/jeg-empty.png\" class=\"attachment-jnews-360x180 size-jnews-360x180 lazyload wp-post-image\" alt=\"AIEnRuta &#8211; FLAMENCOS\" sizes=\"auto, (max-width: 360px) 100vw, 360px\" data-src=\"https:\/\/expoflamenco.com\/agenda\/wp-content\/uploads\/sites\/22\/2026\/03\/AIE-RUTAS-SELECIONADOS-360x180.webp\" data-srcset=\"https:\/\/expoflamenco.com\/agenda\/wp-content\/uploads\/sites\/22\/2026\/03\/AIE-RUTAS-SELECIONADOS-360x180.webp 360w, https:\/\/expoflamenco.com\/agenda\/wp-content\/uploads\/sites\/22\/2026\/03\/AIE-RUTAS-SELECIONADOS-760x380.webp 760w, https:\/\/expoflamenco.com\/agenda\/wp-content\/uploads\/sites\/22\/2026\/03\/AIE-RUTAS-SELECIONADOS-570x285.webp 570w, https:\/\/expoflamenco.com\/agenda\/wp-content\/uploads\/sites\/22\/2026\/03\/AIE-RUTAS-SELECIONADOS-768x384.webp 768w, https:\/\/expoflamenco.com\/agenda\/wp-content\/uploads\/sites\/22\/2026\/03\/AIE-RUTAS-SELECIONADOS-750x375.webp 750w, https:\/\/expoflamenco.com\/agenda\/wp-content\/uploads\/sites\/22\/2026\/03\/AIE-RUTAS-SELECIONADOS.webp 1140w\" data-sizes=\"auto\" data-expand=\"700\" \/><\/div><\/a>\n                        <div class=\"jeg_post_category\">\n                            <span><a href=\"https:\/\/expoflamenco.com\/agenda\/actualidad-agenda\/\" class=\"category-actualidad-agenda\">Actualidad Agenda<\/a><\/span>\n                        <\/div>\n                    <\/div>\n                    <div class=\"jeg_postblock_content\">\n                        <h3 class=\"jeg_post_title\">\n                            <a href=\"https:\/\/expoflamenco.com\/agenda\/aienruta-flamencos\/\">AIEnRuta &#8211; FLAMENCOS<\/a>\n                        <\/h3>\n                        <div class=\"jeg_post_meta\"><div class=\"jeg_meta_date\"><a href=\"https:\/\/expoflamenco.com\/agenda\/aienruta-flamencos\/\" ><i class=\"fa fa-clock-o\"><\/i> 17 abril 2026<\/a><\/div><\/div>\n                    <\/div>\n                <\/article><article class=\"jeg_post jeg_pl_md_1 format-standard\">\n                    <div class=\"jeg_thumb\">\n                        \n                        <a href=\"https:\/\/expoflamenco.com\/agenda\/cursos-flamenco-sevilla\/\" aria-label=\"Read article: Guia Flamenca: SEVILLA. Clases de Flamenco\"><div class=\"thumbnail-container animate-lazy  size-500 \"><img loading=\"lazy\" decoding=\"async\" width=\"360\" height=\"180\" src=\"https:\/\/expoflamenco.com\/agenda\/wp-content\/themes\/jnews\/assets\/img\/jeg-empty.png\" class=\"attachment-jnews-360x180 size-jnews-360x180 lazyload wp-post-image\" alt=\"Guia Flamenca: LISTADO DE PE\u00d1AS FLAMENCA DE SEVILLA\" sizes=\"auto, (max-width: 360px) 100vw, 360px\" data-src=\"https:\/\/expoflamenco.com\/agenda\/wp-content\/uploads\/sites\/22\/2026\/04\/cabecera_clases-sevilla-360x180.webp\" data-srcset=\"https:\/\/expoflamenco.com\/agenda\/wp-content\/uploads\/sites\/22\/2026\/04\/cabecera_clases-sevilla-360x180.webp 360w, https:\/\/expoflamenco.com\/agenda\/wp-content\/uploads\/sites\/22\/2026\/04\/cabecera_clases-sevilla-760x380.webp 760w, https:\/\/expoflamenco.com\/agenda\/wp-content\/uploads\/sites\/22\/2026\/04\/cabecera_clases-sevilla-570x285.webp 570w, https:\/\/expoflamenco.com\/agenda\/wp-content\/uploads\/sites\/22\/2026\/04\/cabecera_clases-sevilla-768x384.webp 768w, https:\/\/expoflamenco.com\/agenda\/wp-content\/uploads\/sites\/22\/2026\/04\/cabecera_clases-sevilla-750x375.webp 750w, https:\/\/expoflamenco.com\/agenda\/wp-content\/uploads\/sites\/22\/2026\/04\/cabecera_clases-sevilla.webp 1140w\" data-sizes=\"auto\" data-expand=\"700\" \/><\/div><\/a>\n                        <div class=\"jeg_post_category\">\n                            <span><a href=\"https:\/\/expoflamenco.com\/agenda\/actualidad-agenda\/\" class=\"category-actualidad-agenda\">Actualidad Agenda<\/a><\/span>\n                        <\/div>\n                    <\/div>\n                    <div class=\"jeg_postblock_content\">\n                        <h3 class=\"jeg_post_title\">\n                            <a href=\"https:\/\/expoflamenco.com\/agenda\/cursos-flamenco-sevilla\/\">Guia Flamenca: SEVILLA. Clases de Flamenco<\/a>\n                        <\/h3>\n                        <div class=\"jeg_post_meta\"><div class=\"jeg_meta_date\"><a href=\"https:\/\/expoflamenco.com\/agenda\/cursos-flamenco-sevilla\/\" ><i class=\"fa fa-clock-o\"><\/i> 14 abril 2026<\/a><\/div><\/div>\n                    <\/div>\n                <\/article><article class=\"jeg_post jeg_pl_md_1 format-standard\">\n                    <div class=\"jeg_thumb\">\n                        \n                        <a href=\"https:\/\/expoflamenco.com\/agenda\/granada-clases-de-flamenco\/\" aria-label=\"Read article: Guia Flamenca: Clases de Flamenco. Granada\"><div class=\"thumbnail-container animate-lazy  size-500 \"><img loading=\"lazy\" decoding=\"async\" width=\"360\" height=\"180\" src=\"https:\/\/expoflamenco.com\/agenda\/wp-content\/themes\/jnews\/assets\/img\/jeg-empty.png\" class=\"attachment-jnews-360x180 size-jnews-360x180 lazyload wp-post-image\" alt=\"Guia Flamenca: LISTADO DE PE\u00d1AS FLAMENCA DE SEVILLA\" sizes=\"auto, (max-width: 360px) 100vw, 360px\" data-src=\"https:\/\/expoflamenco.com\/agenda\/wp-content\/uploads\/sites\/22\/2026\/04\/cabecera_clases-granada-360x180.webp\" data-srcset=\"https:\/\/expoflamenco.com\/agenda\/wp-content\/uploads\/sites\/22\/2026\/04\/cabecera_clases-granada-360x180.webp 360w, https:\/\/expoflamenco.com\/agenda\/wp-content\/uploads\/sites\/22\/2026\/04\/cabecera_clases-granada-760x380.webp 760w, https:\/\/expoflamenco.com\/agenda\/wp-content\/uploads\/sites\/22\/2026\/04\/cabecera_clases-granada-570x285.webp 570w, https:\/\/expoflamenco.com\/agenda\/wp-content\/uploads\/sites\/22\/2026\/04\/cabecera_clases-granada-768x384.webp 768w, https:\/\/expoflamenco.com\/agenda\/wp-content\/uploads\/sites\/22\/2026\/04\/cabecera_clases-granada-750x375.webp 750w, https:\/\/expoflamenco.com\/agenda\/wp-content\/uploads\/sites\/22\/2026\/04\/cabecera_clases-granada.webp 1140w\" data-sizes=\"auto\" data-expand=\"700\" \/><\/div><\/a>\n                        <div class=\"jeg_post_category\">\n                            <span><a href=\"https:\/\/expoflamenco.com\/agenda\/actualidad-agenda\/\" class=\"category-actualidad-agenda\">Actualidad Agenda<\/a><\/span>\n                        <\/div>\n                    <\/div>\n                    <div class=\"jeg_postblock_content\">\n                        <h3 class=\"jeg_post_title\">\n                            <a href=\"https:\/\/expoflamenco.com\/agenda\/granada-clases-de-flamenco\/\">Guia Flamenca: Clases de Flamenco. Granada<\/a>\n                        <\/h3>\n                        <div class=\"jeg_post_meta\"><div class=\"jeg_meta_date\"><a href=\"https:\/\/expoflamenco.com\/agenda\/granada-clases-de-flamenco\/\" ><i class=\"fa fa-clock-o\"><\/i> 14 abril 2026<\/a><\/div><\/div>\n                    <\/div>\n                <\/article><article class=\"jeg_post jeg_pl_md_1 format-standard\">\n                    <div class=\"jeg_thumb\">\n                        \n                        <a href=\"https:\/\/expoflamenco.com\/agenda\/guia-flamenca-clases-y-escuelas-provincia-de-cadiz\/\" aria-label=\"Read article: Guia Flamenca: Clases y Escuelas. Provincia de C\u00e1diz.\"><div class=\"thumbnail-container animate-lazy  size-500 \"><img loading=\"lazy\" decoding=\"async\" width=\"360\" height=\"180\" src=\"https:\/\/expoflamenco.com\/agenda\/wp-content\/themes\/jnews\/assets\/img\/jeg-empty.png\" class=\"attachment-jnews-360x180 size-jnews-360x180 lazyload wp-post-image\" alt=\"Guia Flamenca: Clases y Escuelas. Provincia de C\u00e1diz.\" sizes=\"auto, (max-width: 360px) 100vw, 360px\" data-src=\"https:\/\/expoflamenco.com\/agenda\/wp-content\/uploads\/sites\/22\/2026\/04\/Clases_en_Cadiz-v4-360x180.jpg\" data-srcset=\"https:\/\/expoflamenco.com\/agenda\/wp-content\/uploads\/sites\/22\/2026\/04\/Clases_en_Cadiz-v4-360x180.jpg 360w, https:\/\/expoflamenco.com\/agenda\/wp-content\/uploads\/sites\/22\/2026\/04\/Clases_en_Cadiz-v4-760x380.jpg 760w, https:\/\/expoflamenco.com\/agenda\/wp-content\/uploads\/sites\/22\/2026\/04\/Clases_en_Cadiz-v4-570x285.jpg 570w, https:\/\/expoflamenco.com\/agenda\/wp-content\/uploads\/sites\/22\/2026\/04\/Clases_en_Cadiz-v4-768x384.jpg 768w, https:\/\/expoflamenco.com\/agenda\/wp-content\/uploads\/sites\/22\/2026\/04\/Clases_en_Cadiz-v4-750x375.jpg 750w, https:\/\/expoflamenco.com\/agenda\/wp-content\/uploads\/sites\/22\/2026\/04\/Clases_en_Cadiz-v4.jpg 1140w\" data-sizes=\"auto\" data-expand=\"700\" \/><\/div><\/a>\n                        <div class=\"jeg_post_category\">\n                            <span><a href=\"https:\/\/expoflamenco.com\/agenda\/actualidad-agenda\/\" class=\"category-actualidad-agenda\">Actualidad Agenda<\/a><\/span>\n                        <\/div>\n                    <\/div>\n                    <div class=\"jeg_postblock_content\">\n                        <h3 class=\"jeg_post_title\">\n                            <a href=\"https:\/\/expoflamenco.com\/agenda\/guia-flamenca-clases-y-escuelas-provincia-de-cadiz\/\">Guia Flamenca: Clases y Escuelas. Provincia de C\u00e1diz.<\/a>\n                        <\/h3>\n                        <div class=\"jeg_post_meta\"><div class=\"jeg_meta_date\"><a href=\"https:\/\/expoflamenco.com\/agenda\/guia-flamenca-clases-y-escuelas-provincia-de-cadiz\/\" ><i class=\"fa fa-clock-o\"><\/i> 8 abril 2026<\/a><\/div><\/div>\n                    <\/div>\n                <\/article><article class=\"jeg_post jeg_pl_md_1 format-standard\">\n                    <div class=\"jeg_thumb\">\n                        \n                        <a href=\"https:\/\/expoflamenco.com\/agenda\/periodista-y-divulgador-flamenco-manuel-curao-en-el-tablao-torero\/\" aria-label=\"Read article: PERIODISTA Y DIVULGADOR FLAMENCO MANUEL CURAO EN EL  TABLAO\u00a0TORERO\"><div class=\"thumbnail-container animate-lazy  size-500 \"><img loading=\"lazy\" decoding=\"async\" width=\"360\" height=\"180\" src=\"https:\/\/expoflamenco.com\/agenda\/wp-content\/themes\/jnews\/assets\/img\/jeg-empty.png\" class=\"attachment-jnews-360x180 size-jnews-360x180 lazyload wp-post-image\" alt=\"Teatro Tablao Torero &#8211; Espect\u00e1culo Essential y m\u00e1s\" sizes=\"auto, (max-width: 360px) 100vw, 360px\" data-src=\"https:\/\/expoflamenco.com\/agenda\/wp-content\/uploads\/sites\/22\/2026\/03\/Manuel-curao_CABECERA-360x180.webp\" data-srcset=\"https:\/\/expoflamenco.com\/agenda\/wp-content\/uploads\/sites\/22\/2026\/03\/Manuel-curao_CABECERA-360x180.webp 360w, https:\/\/expoflamenco.com\/agenda\/wp-content\/uploads\/sites\/22\/2026\/03\/Manuel-curao_CABECERA-760x380.webp 760w, https:\/\/expoflamenco.com\/agenda\/wp-content\/uploads\/sites\/22\/2026\/03\/Manuel-curao_CABECERA-570x285.webp 570w, https:\/\/expoflamenco.com\/agenda\/wp-content\/uploads\/sites\/22\/2026\/03\/Manuel-curao_CABECERA-768x384.webp 768w, https:\/\/expoflamenco.com\/agenda\/wp-content\/uploads\/sites\/22\/2026\/03\/Manuel-curao_CABECERA-750x375.webp 750w, https:\/\/expoflamenco.com\/agenda\/wp-content\/uploads\/sites\/22\/2026\/03\/Manuel-curao_CABECERA.webp 1140w\" data-sizes=\"auto\" data-expand=\"700\" \/><\/div><\/a>\n                        <div class=\"jeg_post_category\">\n                            <span><a href=\"https:\/\/expoflamenco.com\/agenda\/actualidad-agenda\/\" class=\"category-actualidad-agenda\">Actualidad Agenda<\/a><\/span>\n                        <\/div>\n                    <\/div>\n                    <div class=\"jeg_postblock_content\">\n                        <h3 class=\"jeg_post_title\">\n                            <a href=\"https:\/\/expoflamenco.com\/agenda\/periodista-y-divulgador-flamenco-manuel-curao-en-el-tablao-torero\/\">PERIODISTA Y DIVULGADOR FLAMENCO MANUEL CURAO EN EL  TABLAO\u00a0TORERO<\/a>\n                        <\/h3>\n                        <div class=\"jeg_post_meta\"><div class=\"jeg_meta_date\"><a href=\"https:\/\/expoflamenco.com\/agenda\/periodista-y-divulgador-flamenco-manuel-curao-en-el-tablao-torero\/\" ><i class=\"fa fa-clock-o\"><\/i> 20 marzo 2026<\/a><\/div><\/div>\n                    <\/div>\n                <\/article><article class=\"jeg_post jeg_pl_md_1 format-standard\">\n                    <div class=\"jeg_thumb\">\n                        \n                        <a href=\"https:\/\/expoflamenco.com\/agenda\/vi-encuentro-internacional-de-escuelas-de-flamenco-y-danza-espanola-2026\/\" aria-label=\"Read article: VI Encuentro Internacional de Escuelas de Flamenco y Danza Espa\u00f1ola &#8211; 2026\"><div class=\"thumbnail-container animate-lazy  size-500 \"><img loading=\"lazy\" decoding=\"async\" width=\"360\" height=\"180\" src=\"https:\/\/expoflamenco.com\/agenda\/wp-content\/themes\/jnews\/assets\/img\/jeg-empty.png\" class=\"attachment-jnews-360x180 size-jnews-360x180 lazyload wp-post-image\" alt=\"VI Encuentro Internacional de Escuelas de Flamenco y Danza Espa\u00f1ola &#8211; 2026\" sizes=\"auto, (max-width: 360px) 100vw, 360px\" data-src=\"https:\/\/expoflamenco.com\/agenda\/wp-content\/uploads\/sites\/22\/2026\/03\/encuentro-murcia-flamencoydanzaespanola-cabecera-360x180.webp\" data-srcset=\"https:\/\/expoflamenco.com\/agenda\/wp-content\/uploads\/sites\/22\/2026\/03\/encuentro-murcia-flamencoydanzaespanola-cabecera-360x180.webp 360w, https:\/\/expoflamenco.com\/agenda\/wp-content\/uploads\/sites\/22\/2026\/03\/encuentro-murcia-flamencoydanzaespanola-cabecera-760x380.webp 760w, https:\/\/expoflamenco.com\/agenda\/wp-content\/uploads\/sites\/22\/2026\/03\/encuentro-murcia-flamencoydanzaespanola-cabecera-570x285.webp 570w, https:\/\/expoflamenco.com\/agenda\/wp-content\/uploads\/sites\/22\/2026\/03\/encuentro-murcia-flamencoydanzaespanola-cabecera-768x384.webp 768w, https:\/\/expoflamenco.com\/agenda\/wp-content\/uploads\/sites\/22\/2026\/03\/encuentro-murcia-flamencoydanzaespanola-cabecera-750x375.webp 750w, https:\/\/expoflamenco.com\/agenda\/wp-content\/uploads\/sites\/22\/2026\/03\/encuentro-murcia-flamencoydanzaespanola-cabecera.webp 1140w\" data-sizes=\"auto\" data-expand=\"700\" \/><\/div><\/a>\n                        <div class=\"jeg_post_category\">\n                            <span><a href=\"https:\/\/expoflamenco.com\/agenda\/actualidad-agenda\/\" class=\"category-actualidad-agenda\">Actualidad Agenda<\/a><\/span>\n                        <\/div>\n                    <\/div>\n                    <div class=\"jeg_postblock_content\">\n                        <h3 class=\"jeg_post_title\">\n                            <a href=\"https:\/\/expoflamenco.com\/agenda\/vi-encuentro-internacional-de-escuelas-de-flamenco-y-danza-espanola-2026\/\">VI Encuentro Internacional de Escuelas de Flamenco y Danza Espa\u00f1ola &#8211; 2026<\/a>\n                        <\/h3>\n                        <div class=\"jeg_post_meta\"><div class=\"jeg_meta_date\"><a href=\"https:\/\/expoflamenco.com\/agenda\/vi-encuentro-internacional-de-escuelas-de-flamenco-y-danza-espanola-2026\/\" ><i class=\"fa fa-clock-o\"><\/i> 13 marzo 2026<\/a><\/div><\/div>\n                    <\/div>\n                <\/article><article class=\"jeg_post jeg_pl_md_1 format-standard\">\n                    <div class=\"jeg_thumb\">\n                        \n                        <a href=\"https:\/\/expoflamenco.com\/agenda\/30o-festival-de-jerez-2026-cursos-ultimas-plazas\/\" aria-label=\"Read article: Toda la Programaci\u00f3n durante 30\u00ba Festival de Jerez 2026\"><div class=\"thumbnail-container animate-lazy  size-500 \"><img loading=\"lazy\" decoding=\"async\" width=\"360\" height=\"180\" src=\"https:\/\/expoflamenco.com\/agenda\/wp-content\/themes\/jnews\/assets\/img\/jeg-empty.png\" class=\"attachment-jnews-360x180 size-jnews-360x180 lazyload wp-post-image\" alt=\"Programaci\u00f3n General durante Festival de Jerez 2026\" sizes=\"auto, (max-width: 360px) 100vw, 360px\" data-src=\"https:\/\/expoflamenco.com\/agenda\/wp-content\/uploads\/sites\/22\/2026\/02\/programa-general-durante-festival-jerez-2026-360x180.webp\" data-srcset=\"https:\/\/expoflamenco.com\/agenda\/wp-content\/uploads\/sites\/22\/2026\/02\/programa-general-durante-festival-jerez-2026-360x180.webp 360w, https:\/\/expoflamenco.com\/agenda\/wp-content\/uploads\/sites\/22\/2026\/02\/programa-general-durante-festival-jerez-2026-760x380.webp 760w, https:\/\/expoflamenco.com\/agenda\/wp-content\/uploads\/sites\/22\/2026\/02\/programa-general-durante-festival-jerez-2026-570x285.webp 570w, https:\/\/expoflamenco.com\/agenda\/wp-content\/uploads\/sites\/22\/2026\/02\/programa-general-durante-festival-jerez-2026-768x383.webp 768w, https:\/\/expoflamenco.com\/agenda\/wp-content\/uploads\/sites\/22\/2026\/02\/programa-general-durante-festival-jerez-2026-750x374.webp 750w, https:\/\/expoflamenco.com\/agenda\/wp-content\/uploads\/sites\/22\/2026\/02\/programa-general-durante-festival-jerez-2026.webp 1137w\" data-sizes=\"auto\" data-expand=\"700\" \/><\/div><\/a>\n                        <div class=\"jeg_post_category\">\n                            <span><a href=\"https:\/\/expoflamenco.com\/agenda\/actualidad-agenda\/\" class=\"category-actualidad-agenda\">Actualidad Agenda<\/a><\/span>\n                        <\/div>\n                    <\/div>\n                    <div class=\"jeg_postblock_content\">\n                        <h3 class=\"jeg_post_title\">\n                            <a href=\"https:\/\/expoflamenco.com\/agenda\/30o-festival-de-jerez-2026-cursos-ultimas-plazas\/\">Toda la Programaci\u00f3n durante 30\u00ba Festival de Jerez 2026<\/a>\n                        <\/h3>\n                        <div class=\"jeg_post_meta\"><div class=\"jeg_meta_date\"><a href=\"https:\/\/expoflamenco.com\/agenda\/30o-festival-de-jerez-2026-cursos-ultimas-plazas\/\" ><i class=\"fa fa-clock-o\"><\/i> 13 marzo 2026<\/a><\/div><\/div>\n                    <\/div>\n                <\/article><article class=\"jeg_post jeg_pl_md_1 format-standard\">\n                    <div class=\"jeg_thumb\">\n                        \n                        <a href=\"https:\/\/expoflamenco.com\/agenda\/agenda-espacio-expoflamenco\/\" aria-label=\"Read article: Espacio Cultural Expoflamenco &#8211; Festival de Jerez 2026\"><div class=\"thumbnail-container animate-lazy  size-500 \"><img loading=\"lazy\" decoding=\"async\" width=\"360\" height=\"180\" src=\"https:\/\/expoflamenco.com\/agenda\/wp-content\/themes\/jnews\/assets\/img\/jeg-empty.png\" class=\"attachment-jnews-360x180 size-jnews-360x180 lazyload wp-post-image\" alt=\"Festival de Jerez 2026 &#8211; Expoflamenco Cursos y Recitales\" sizes=\"auto, (max-width: 360px) 100vw, 360px\" data-src=\"https:\/\/expoflamenco.com\/agenda\/wp-content\/uploads\/sites\/22\/2026\/01\/Portada-Agenda-Cursos-ExpoFlamenco-Festival-de-Jerez-2026-360x180.webp\" data-srcset=\"https:\/\/expoflamenco.com\/agenda\/wp-content\/uploads\/sites\/22\/2026\/01\/Portada-Agenda-Cursos-ExpoFlamenco-Festival-de-Jerez-2026-360x180.webp 360w, https:\/\/expoflamenco.com\/agenda\/wp-content\/uploads\/sites\/22\/2026\/01\/Portada-Agenda-Cursos-ExpoFlamenco-Festival-de-Jerez-2026-570x285.webp 570w, https:\/\/expoflamenco.com\/agenda\/wp-content\/uploads\/sites\/22\/2026\/01\/Portada-Agenda-Cursos-ExpoFlamenco-Festival-de-Jerez-2026.webp 682w\" data-sizes=\"auto\" data-expand=\"700\" \/><\/div><\/a>\n                        <div class=\"jeg_post_category\">\n                            <span><a href=\"https:\/\/expoflamenco.com\/agenda\/actualidad-agenda\/\" class=\"category-actualidad-agenda\">Actualidad Agenda<\/a><\/span>\n                        <\/div>\n                    <\/div>\n                    <div class=\"jeg_postblock_content\">\n                        <h3 class=\"jeg_post_title\">\n                            <a href=\"https:\/\/expoflamenco.com\/agenda\/agenda-espacio-expoflamenco\/\">Espacio Cultural Expoflamenco &#8211; Festival de Jerez 2026<\/a>\n                        <\/h3>\n                        <div class=\"jeg_post_meta\"><div class=\"jeg_meta_date\"><a href=\"https:\/\/expoflamenco.com\/agenda\/agenda-espacio-expoflamenco\/\" ><i class=\"fa fa-clock-o\"><\/i> 17 febrero 2026<\/a><\/div><\/div>\n                    <\/div>\n                <\/article><article class=\"jeg_post jeg_pl_md_1 format-standard\">\n                    <div class=\"jeg_thumb\">\n                        \n                        <a href=\"https:\/\/expoflamenco.com\/agenda\/faustino-nunez-vuelve-al-tablao-torero\/\" aria-label=\"Read article: FAUSTINO N\u00da\u00d1EZ VUELVE AL TABLAO TORERO\"><div class=\"thumbnail-container animate-lazy  size-500 \"><img loading=\"lazy\" decoding=\"async\" width=\"360\" height=\"180\" src=\"https:\/\/expoflamenco.com\/agenda\/wp-content\/themes\/jnews\/assets\/img\/jeg-empty.png\" class=\"attachment-jnews-360x180 size-jnews-360x180 lazyload wp-post-image\" alt=\"FAUSTINO N\u00da\u00d1EZ CONFERENCIA EN EL TABLAO TORERO\" sizes=\"auto, (max-width: 360px) 100vw, 360px\" data-src=\"https:\/\/expoflamenco.com\/agenda\/wp-content\/uploads\/sites\/22\/2026\/02\/Cartel-Faustino-cabecera-360x180.webp\" data-srcset=\"https:\/\/expoflamenco.com\/agenda\/wp-content\/uploads\/sites\/22\/2026\/02\/Cartel-Faustino-cabecera-360x180.webp 360w, https:\/\/expoflamenco.com\/agenda\/wp-content\/uploads\/sites\/22\/2026\/02\/Cartel-Faustino-cabecera-760x380.webp 760w, https:\/\/expoflamenco.com\/agenda\/wp-content\/uploads\/sites\/22\/2026\/02\/Cartel-Faustino-cabecera-570x285.webp 570w, https:\/\/expoflamenco.com\/agenda\/wp-content\/uploads\/sites\/22\/2026\/02\/Cartel-Faustino-cabecera-768x384.webp 768w, https:\/\/expoflamenco.com\/agenda\/wp-content\/uploads\/sites\/22\/2026\/02\/Cartel-Faustino-cabecera-750x375.webp 750w, https:\/\/expoflamenco.com\/agenda\/wp-content\/uploads\/sites\/22\/2026\/02\/Cartel-Faustino-cabecera.webp 1140w\" data-sizes=\"auto\" data-expand=\"700\" \/><\/div><\/a>\n                        <div class=\"jeg_post_category\">\n                            <span><a href=\"https:\/\/expoflamenco.com\/agenda\/actualidad-agenda\/\" class=\"category-actualidad-agenda\">Actualidad Agenda<\/a><\/span>\n                        <\/div>\n                    <\/div>\n                    <div class=\"jeg_postblock_content\">\n                        <h3 class=\"jeg_post_title\">\n                            <a href=\"https:\/\/expoflamenco.com\/agenda\/faustino-nunez-vuelve-al-tablao-torero\/\">FAUSTINO N\u00da\u00d1EZ VUELVE AL TABLAO TORERO<\/a>\n                        <\/h3>\n                        <div class=\"jeg_post_meta\"><div class=\"jeg_meta_date\"><a href=\"https:\/\/expoflamenco.com\/agenda\/faustino-nunez-vuelve-al-tablao-torero\/\" ><i class=\"fa fa-clock-o\"><\/i> 6 febrero 2026<\/a><\/div><\/div>\n                    <\/div>\n                <\/article><article class=\"jeg_post jeg_pl_md_1 format-standard\">\n                    <div class=\"jeg_thumb\">\n                        \n                        <a href=\"https:\/\/expoflamenco.com\/agenda\/convocatoria-de-becasaie-2026-2027\/\" aria-label=\"Read article: Convocatoria de BECASAIE 2026\/2027\"><div class=\"thumbnail-container animate-lazy  size-500 \"><img loading=\"lazy\" decoding=\"async\" width=\"360\" height=\"180\" src=\"https:\/\/expoflamenco.com\/agenda\/wp-content\/themes\/jnews\/assets\/img\/jeg-empty.png\" class=\"attachment-jnews-360x180 size-jnews-360x180 lazyload wp-post-image\" alt=\"Convocatoria de BECASAIE 2026\/2027\" sizes=\"auto, (max-width: 360px) 100vw, 360px\" data-src=\"https:\/\/expoflamenco.com\/agenda\/wp-content\/uploads\/sites\/22\/2026\/02\/becasaie-2026-cabecera-360x180.webp\" data-srcset=\"https:\/\/expoflamenco.com\/agenda\/wp-content\/uploads\/sites\/22\/2026\/02\/becasaie-2026-cabecera-360x180.webp 360w, https:\/\/expoflamenco.com\/agenda\/wp-content\/uploads\/sites\/22\/2026\/02\/becasaie-2026-cabecera-760x380.webp 760w, https:\/\/expoflamenco.com\/agenda\/wp-content\/uploads\/sites\/22\/2026\/02\/becasaie-2026-cabecera-570x285.webp 570w, https:\/\/expoflamenco.com\/agenda\/wp-content\/uploads\/sites\/22\/2026\/02\/becasaie-2026-cabecera-768x384.webp 768w, https:\/\/expoflamenco.com\/agenda\/wp-content\/uploads\/sites\/22\/2026\/02\/becasaie-2026-cabecera-750x375.webp 750w, https:\/\/expoflamenco.com\/agenda\/wp-content\/uploads\/sites\/22\/2026\/02\/becasaie-2026-cabecera.webp 1140w\" data-sizes=\"auto\" data-expand=\"700\" \/><\/div><\/a>\n                        <div class=\"jeg_post_category\">\n                            <span><a href=\"https:\/\/expoflamenco.com\/agenda\/actualidad-agenda\/\" class=\"category-actualidad-agenda\">Actualidad Agenda<\/a><\/span>\n                        <\/div>\n                    <\/div>\n                    <div class=\"jeg_postblock_content\">\n                        <h3 class=\"jeg_post_title\">\n                            <a href=\"https:\/\/expoflamenco.com\/agenda\/convocatoria-de-becasaie-2026-2027\/\">Convocatoria de BECASAIE 2026\/2027<\/a>\n                        <\/h3>\n                        <div class=\"jeg_post_meta\"><div class=\"jeg_meta_date\"><a href=\"https:\/\/expoflamenco.com\/agenda\/convocatoria-de-becasaie-2026-2027\/\" ><i class=\"fa fa-clock-o\"><\/i> 4 febrero 2026<\/a><\/div><\/div>\n                    <\/div>\n                <\/article><article class=\"jeg_post jeg_pl_md_1 format-standard\">\n                    <div class=\"jeg_thumb\">\n                        \n                        <a href=\"https:\/\/expoflamenco.com\/agenda\/la-consejeria-de-cultura-y-la-upo-lanzan-una-nueva-edicion-de-la-microcredencial-especialista-en-gestion-cultural-del-flamenco\/\" aria-label=\"Read article: La Consejer\u00eda de Cultura y la UPO lanzan una nueva edici\u00f3n de la microcredencial \u2018Especialista en Gesti\u00f3n Cultural del Flamenco\u2019\"><div class=\"thumbnail-container animate-lazy  size-500 \"><img loading=\"lazy\" decoding=\"async\" width=\"360\" height=\"180\" src=\"https:\/\/expoflamenco.com\/agenda\/wp-content\/themes\/jnews\/assets\/img\/jeg-empty.png\" class=\"attachment-jnews-360x180 size-jnews-360x180 lazyload wp-post-image\" alt=\"La Consejer\u00eda de Cultura y la UPO lanzan una nueva edici\u00f3n de la microcredencial \u2018Especialista en Gesti\u00f3n Cultural del Flamenco\u2019\" sizes=\"auto, (max-width: 360px) 100vw, 360px\" data-src=\"https:\/\/expoflamenco.com\/agenda\/wp-content\/uploads\/sites\/22\/2026\/01\/UPO-GESTIONCULTURAL-360x180.webp\" data-srcset=\"https:\/\/expoflamenco.com\/agenda\/wp-content\/uploads\/sites\/22\/2026\/01\/UPO-GESTIONCULTURAL-360x180.webp 360w, https:\/\/expoflamenco.com\/agenda\/wp-content\/uploads\/sites\/22\/2026\/01\/UPO-GESTIONCULTURAL-760x380.webp 760w, https:\/\/expoflamenco.com\/agenda\/wp-content\/uploads\/sites\/22\/2026\/01\/UPO-GESTIONCULTURAL-570x285.webp 570w, https:\/\/expoflamenco.com\/agenda\/wp-content\/uploads\/sites\/22\/2026\/01\/UPO-GESTIONCULTURAL-768x384.webp 768w, https:\/\/expoflamenco.com\/agenda\/wp-content\/uploads\/sites\/22\/2026\/01\/UPO-GESTIONCULTURAL-750x375.webp 750w, https:\/\/expoflamenco.com\/agenda\/wp-content\/uploads\/sites\/22\/2026\/01\/UPO-GESTIONCULTURAL.webp 1140w\" data-sizes=\"auto\" data-expand=\"700\" \/><\/div><\/a>\n                        <div class=\"jeg_post_category\">\n                            <span><a href=\"https:\/\/expoflamenco.com\/agenda\/actualidad-agenda\/\" class=\"category-actualidad-agenda\">Actualidad Agenda<\/a><\/span>\n                        <\/div>\n                    <\/div>\n                    <div class=\"jeg_postblock_content\">\n                        <h3 class=\"jeg_post_title\">\n                            <a href=\"https:\/\/expoflamenco.com\/agenda\/la-consejeria-de-cultura-y-la-upo-lanzan-una-nueva-edicion-de-la-microcredencial-especialista-en-gestion-cultural-del-flamenco\/\">La Consejer\u00eda de Cultura y la UPO lanzan una nueva edici\u00f3n de la microcredencial \u2018Especialista en Gesti\u00f3n Cultural del Flamenco\u2019<\/a>\n                        <\/h3>\n                        <div class=\"jeg_post_meta\"><div class=\"jeg_meta_date\"><a href=\"https:\/\/expoflamenco.com\/agenda\/la-consejeria-de-cultura-y-la-upo-lanzan-una-nueva-edicion-de-la-microcredencial-especialista-en-gestion-cultural-del-flamenco\/\" ><i class=\"fa fa-clock-o\"><\/i> 30 enero 2026<\/a><\/div><\/div>\n                    <\/div>\n                <\/article><article class=\"jeg_post jeg_pl_md_1 format-standard\">\n                    <div class=\"jeg_thumb\">\n                        \n                        <a href=\"https:\/\/expoflamenco.com\/agenda\/iii-jornadas-de-estudio-de-la-escuela-de-baile-maria-del-mar-moreno-y-catedra-de-flamencologia-de-jerez\/\" aria-label=\"Read article: III  Jornadas de Estudio de la Escuela de Baile Mar\u00eda del Mar Moreno Y C\u00e1tedra de Flamencolog\u00eda de Jerez\"><div class=\"thumbnail-container animate-lazy  size-500 \"><img loading=\"lazy\" decoding=\"async\" width=\"360\" height=\"180\" src=\"https:\/\/expoflamenco.com\/agenda\/wp-content\/themes\/jnews\/assets\/img\/jeg-empty.png\" class=\"attachment-jnews-360x180 size-jnews-360x180 lazyload wp-post-image\" alt=\"III  Jornadas de Estudio de la Escuela de Baile Mar\u00eda del Mar Moreno\" sizes=\"auto, (max-width: 360px) 100vw, 360px\" data-src=\"https:\/\/expoflamenco.com\/agenda\/wp-content\/uploads\/sites\/22\/2026\/01\/cia-maria-del-mar-moreno-cabecera-360x180.webp\" data-srcset=\"https:\/\/expoflamenco.com\/agenda\/wp-content\/uploads\/sites\/22\/2026\/01\/cia-maria-del-mar-moreno-cabecera-360x180.webp 360w, https:\/\/expoflamenco.com\/agenda\/wp-content\/uploads\/sites\/22\/2026\/01\/cia-maria-del-mar-moreno-cabecera-760x380.webp 760w, https:\/\/expoflamenco.com\/agenda\/wp-content\/uploads\/sites\/22\/2026\/01\/cia-maria-del-mar-moreno-cabecera-570x285.webp 570w, https:\/\/expoflamenco.com\/agenda\/wp-content\/uploads\/sites\/22\/2026\/01\/cia-maria-del-mar-moreno-cabecera-768x384.webp 768w, https:\/\/expoflamenco.com\/agenda\/wp-content\/uploads\/sites\/22\/2026\/01\/cia-maria-del-mar-moreno-cabecera-750x375.webp 750w, https:\/\/expoflamenco.com\/agenda\/wp-content\/uploads\/sites\/22\/2026\/01\/cia-maria-del-mar-moreno-cabecera.webp 1140w\" data-sizes=\"auto\" data-expand=\"700\" \/><\/div><\/a>\n                        <div class=\"jeg_post_category\">\n                            <span><a href=\"https:\/\/expoflamenco.com\/agenda\/actualidad-agenda\/\" class=\"category-actualidad-agenda\">Actualidad Agenda<\/a><\/span>\n                        <\/div>\n                    <\/div>\n                    <div class=\"jeg_postblock_content\">\n                        <h3 class=\"jeg_post_title\">\n                            <a href=\"https:\/\/expoflamenco.com\/agenda\/iii-jornadas-de-estudio-de-la-escuela-de-baile-maria-del-mar-moreno-y-catedra-de-flamencologia-de-jerez\/\">III  Jornadas de Estudio de la Escuela de Baile Mar\u00eda del Mar Moreno Y C\u00e1tedra de Flamencolog\u00eda de Jerez<\/a>\n                        <\/h3>\n                        <div class=\"jeg_post_meta\"><div class=\"jeg_meta_date\"><a href=\"https:\/\/expoflamenco.com\/agenda\/iii-jornadas-de-estudio-de-la-escuela-de-baile-maria-del-mar-moreno-y-catedra-de-flamencologia-de-jerez\/\" ><i class=\"fa fa-clock-o\"><\/i> 26 enero 2026<\/a><\/div><\/div>\n                    <\/div>\n                <\/article><\/div><\/div>\n                    <div class='module-overlay'>\n\t\t\t\t    <div class='preloader_type preloader_dot'>\n\t\t\t\t        <div class=\"module-preloader jeg_preloader dot\">\n\t\t\t\t            <span><\/span><span><\/span><span><\/span>\n\t\t\t\t        <\/div>\n\t\t\t\t        <div class=\"module-preloader jeg_preloader circle\">\n\t\t\t\t            <div class=\"jnews_preloader_circle_outer\">\n\t\t\t\t                <div class=\"jnews_preloader_circle_inner\"><\/div>\n\t\t\t\t            <\/div>\n\t\t\t\t        <\/div>\n\t\t\t\t        <div class=\"module-preloader jeg_preloader square\">\n\t\t\t\t            <div class=\"jeg_square\">\n\t\t\t\t                <div class=\"jeg_square_inner\"><\/div>\n\t\t\t\t            <\/div>\n\t\t\t\t        <\/div>\n\t\t\t\t    <\/div>\n\t\t\t\t<\/div>\n                <\/div>\n                <div class=\"jeg_block_navigation\">\n                    <div class='navigation_overlay'><div class='module-preloader jeg_preloader'><span><\/span><span><\/span><span><\/span><\/div><\/div>\n                    <div class=\"jeg_block_nav \">\n                    <a href=\"#\" aria-label=\"View previous page posts\" class=\"prev disabled\" title=\"Anterior\"><i class=\"fa fa-angle-left\"><\/i><\/a>\n                    <a href=\"#\" aria-label=\"View next page posts\" class=\"next \" title=\"Siguiente\"><i class=\"fa fa-angle-right\"><\/i><\/a>\n                <\/div>\n                    \n                <\/div>\n\t\t\t\t\t\n\t\t\t\t\t<script>var jnews_module__0_69f405bcc7023 = {\"header_icon\":\"\",\"first_title\":\"Gu\\u00eda de Flamenco\",\"second_title\":\"\",\"url\":\"\",\"header_type\":\"heading_3\",\"header_background\":\"\",\"header_secondary_background\":\"\",\"header_text_color\":\"\",\"header_line_color\":\"\",\"header_accent_color\":\"\",\"header_filter_category\":\"\",\"header_filter_author\":\"\",\"header_filter_tag\":\"\",\"header_filter_text\":\"All\",\"sticky_post\":\"\",\"sticky_post_filter\":false,\"post_type\":\"post\",\"content_type\":\"all\",\"sponsor\":\"\",\"number_post\":14,\"post_offset\":0,\"unique_content\":\"disable\",\"include_post\":\"\",\"included_only\":\"\",\"exclude_post\":\"\",\"include_category\":\"1341\",\"exclude_category\":\"\",\"include_author\":\"\",\"include_tag\":\"\",\"exclude_tag\":\"\",\"exclude_visited_post\":false,\"sort_by\":\"latest\",\"date_format\":\"default\",\"date_format_custom\":\"Y\\\/m\\\/d\",\"force_normal_image_load\":\"\",\"main_custom_image_size\":\"default\",\"pagination_mode\":\"nextprev\",\"pagination_nextprev_showtext\":\"\",\"pagination_number_post\":{\"unit\":\"px\",\"size\":14,\"sizes\":[]},\"pagination_scroll_limit\":0,\"boxed\":\"\",\"boxed_shadow\":\"\",\"el_id\":\"\",\"el_class\":\"\",\"scheme\":\"\",\"column_width\":\"8\",\"title_color\":\"\",\"accent_color\":\"\",\"alt_color\":\"\",\"excerpt_color\":\"\",\"css\":\"\",\"content_width\":\"full\",\"title_typography_typography\":\"\",\"title_typography_font_family\":\"\",\"title_typography_font_size\":{\"unit\":\"px\",\"size\":\"\",\"sizes\":[]},\"title_typography_font_weight\":\"\",\"title_typography_text_transform\":\"\",\"title_typography_font_style\":\"\",\"title_typography_text_decoration\":\"\",\"title_typography_line_height\":{\"unit\":\"px\",\"size\":\"\",\"sizes\":[]},\"title_typography_letter_spacing\":{\"unit\":\"px\",\"size\":\"\",\"sizes\":[]},\"title_typography_word_spacing\":{\"unit\":\"px\",\"size\":\"\",\"sizes\":[]},\"meta_typography_typography\":\"\",\"meta_typography_font_family\":\"\",\"meta_typography_font_size\":{\"unit\":\"px\",\"size\":\"\",\"sizes\":[]},\"meta_typography_font_weight\":\"\",\"meta_typography_text_transform\":\"\",\"meta_typography_font_style\":\"\",\"meta_typography_text_decoration\":\"\",\"meta_typography_line_height\":{\"unit\":\"px\",\"size\":\"\",\"sizes\":[]},\"meta_typography_letter_spacing\":{\"unit\":\"px\",\"size\":\"\",\"sizes\":[]},\"meta_typography_word_spacing\":{\"unit\":\"px\",\"size\":\"\",\"sizes\":[]},\"_title\":\"\",\"_margin\":{\"unit\":\"px\",\"top\":\"\",\"right\":\"\",\"bottom\":\"\",\"left\":\"\",\"isLinked\":true},\"_padding\":{\"unit\":\"px\",\"top\":\"\",\"right\":\"\",\"bottom\":\"\",\"left\":\"\",\"isLinked\":true},\"_element_width\":\"\",\"_element_width_tablet\":\"\",\"_element_width_mobile\":\"\",\"_element_custom_width\":{\"unit\":\"%\",\"size\":\"\",\"sizes\":[]},\"_grid_column\":\"\",\"_grid_column_custom\":\"\",\"_grid_row\":\"\",\"_grid_row_custom\":\"\",\"_flex_align_self\":\"\",\"_flex_order\":\"\",\"_flex_order_custom\":\"\",\"_flex_size\":\"\",\"_flex_grow\":1,\"_flex_shrink\":1,\"_element_vertical_align\":\"\",\"_position_description\":\"\",\"_position\":\"\",\"_offset_orientation_h\":\"start\",\"_offset_x\":{\"unit\":\"px\",\"size\":0,\"sizes\":[]},\"_offset_x_end\":{\"unit\":\"px\",\"size\":0,\"sizes\":[]},\"_offset_orientation_v\":\"start\",\"_offset_y\":{\"unit\":\"px\",\"size\":0,\"sizes\":[]},\"_offset_y_end\":{\"unit\":\"px\",\"size\":0,\"sizes\":[]},\"_z_index\":\"\",\"_element_id\":\"\",\"_css_classes\":\"\",\"e_display_conditions\":\"\",\"_element_cache\":\"\",\"pmpro_enable\":\"no\",\"pmpro_invert_restrictions\":\"0\",\"pmpro_segment\":\"all\",\"pmpro_levels\":\"\",\"pmpro_show_noaccess\":\"no\",\"motion_fx_motion_fx_scrolling\":\"\",\"motion_fx_translateY_effect\":\"\",\"motion_fx_translateY_direction\":\"\",\"motion_fx_translateY_speed\":{\"unit\":\"px\",\"size\":4,\"sizes\":[]},\"motion_fx_translateY_affectedRange\":{\"unit\":\"%\",\"size\":\"\",\"sizes\":{\"start\":0,\"end\":100}},\"motion_fx_translateX_effect\":\"\",\"motion_fx_translateX_direction\":\"\",\"motion_fx_translateX_speed\":{\"unit\":\"px\",\"size\":4,\"sizes\":[]},\"motion_fx_translateX_affectedRange\":{\"unit\":\"%\",\"size\":\"\",\"sizes\":{\"start\":0,\"end\":100}},\"motion_fx_opacity_effect\":\"\",\"motion_fx_opacity_direction\":\"out-in\",\"motion_fx_opacity_level\":{\"unit\":\"px\",\"size\":10,\"sizes\":[]},\"motion_fx_opacity_range\":{\"unit\":\"%\",\"size\":\"\",\"sizes\":{\"start\":20,\"end\":80}},\"motion_fx_blur_effect\":\"\",\"motion_fx_blur_direction\":\"out-in\",\"motion_fx_blur_level\":{\"unit\":\"px\",\"size\":7,\"sizes\":[]},\"motion_fx_blur_range\":{\"unit\":\"%\",\"size\":\"\",\"sizes\":{\"start\":20,\"end\":80}},\"motion_fx_rotateZ_effect\":\"\",\"motion_fx_rotateZ_direction\":\"\",\"motion_fx_rotateZ_speed\":{\"unit\":\"px\",\"size\":1,\"sizes\":[]},\"motion_fx_rotateZ_affectedRange\":{\"unit\":\"%\",\"size\":\"\",\"sizes\":{\"start\":0,\"end\":100}},\"motion_fx_scale_effect\":\"\",\"motion_fx_scale_direction\":\"out-in\",\"motion_fx_scale_speed\":{\"unit\":\"px\",\"size\":4,\"sizes\":[]},\"motion_fx_scale_range\":{\"unit\":\"%\",\"size\":\"\",\"sizes\":{\"start\":20,\"end\":80}},\"motion_fx_transform_origin_x\":\"center\",\"motion_fx_transform_origin_y\":\"center\",\"motion_fx_devices\":[\"desktop\",\"tablet\",\"mobile\"],\"motion_fx_range\":\"\",\"motion_fx_motion_fx_mouse\":\"\",\"motion_fx_mouseTrack_effect\":\"\",\"motion_fx_mouseTrack_direction\":\"\",\"motion_fx_mouseTrack_speed\":{\"unit\":\"px\",\"size\":1,\"sizes\":[]},\"motion_fx_tilt_effect\":\"\",\"motion_fx_tilt_direction\":\"\",\"motion_fx_tilt_speed\":{\"unit\":\"px\",\"size\":4,\"sizes\":[]},\"handle_motion_fx_asset_loading\":\"\",\"sticky\":\"\",\"sticky_on\":[\"desktop\",\"tablet\",\"mobile\"],\"sticky_offset\":0,\"sticky_offset_tablet\":\"\",\"sticky_offset_mobile\":\"\",\"sticky_effects_offset\":0,\"sticky_effects_offset_tablet\":\"\",\"sticky_effects_offset_mobile\":\"\",\"sticky_anchor_link_offset\":0,\"sticky_anchor_link_offset_tablet\":\"\",\"sticky_anchor_link_offset_mobile\":\"\",\"sticky_parent\":\"\",\"_animation\":\"\",\"_animation_tablet\":\"\",\"_animation_mobile\":\"\",\"animation_duration\":\"\",\"_animation_delay\":\"\",\"_transform_rotate_popover\":\"\",\"_transform_rotateZ_effect\":{\"unit\":\"px\",\"size\":\"\",\"sizes\":[]},\"_transform_rotateZ_effect_tablet\":{\"unit\":\"deg\",\"size\":\"\",\"sizes\":[]},\"_transform_rotateZ_effect_mobile\":{\"unit\":\"deg\",\"size\":\"\",\"sizes\":[]},\"_transform_rotate_3d\":\"\",\"_transform_rotateX_effect\":{\"unit\":\"px\",\"size\":\"\",\"sizes\":[]},\"_transform_rotateX_effect_tablet\":{\"unit\":\"deg\",\"size\":\"\",\"sizes\":[]},\"_transform_rotateX_effect_mobile\":{\"unit\":\"deg\",\"size\":\"\",\"sizes\":[]},\"_transform_rotateY_effect\":{\"unit\":\"px\",\"size\":\"\",\"sizes\":[]},\"_transform_rotateY_effect_tablet\":{\"unit\":\"deg\",\"size\":\"\",\"sizes\":[]},\"_transform_rotateY_effect_mobile\":{\"unit\":\"deg\",\"size\":\"\",\"sizes\":[]},\"_transform_perspective_effect\":{\"unit\":\"px\",\"size\":\"\",\"sizes\":[]},\"_transform_perspective_effect_tablet\":{\"unit\":\"px\",\"size\":\"\",\"sizes\":[]},\"_transform_perspective_effect_mobile\":{\"unit\":\"px\",\"size\":\"\",\"sizes\":[]},\"_transform_translate_popover\":\"\",\"_transform_translateX_effect\":{\"unit\":\"px\",\"size\":\"\",\"sizes\":[]},\"_transform_translateX_effect_tablet\":{\"unit\":\"px\",\"size\":\"\",\"sizes\":[]},\"_transform_translateX_effect_mobile\":{\"unit\":\"px\",\"size\":\"\",\"sizes\":[]},\"_transform_translateY_effect\":{\"unit\":\"px\",\"size\":\"\",\"sizes\":[]},\"_transform_translateY_effect_tablet\":{\"unit\":\"px\",\"size\":\"\",\"sizes\":[]},\"_transform_translateY_effect_mobile\":{\"unit\":\"px\",\"size\":\"\",\"sizes\":[]},\"_transform_scale_popover\":\"\",\"_transform_keep_proportions\":\"yes\",\"_transform_scale_effect\":{\"unit\":\"px\",\"size\":\"\",\"sizes\":[]},\"_transform_scale_effect_tablet\":{\"unit\":\"px\",\"size\":\"\",\"sizes\":[]},\"_transform_scale_effect_mobile\":{\"unit\":\"px\",\"size\":\"\",\"sizes\":[]},\"_transform_scaleX_effect\":{\"unit\":\"px\",\"size\":\"\",\"sizes\":[]},\"_transform_scaleX_effect_tablet\":{\"unit\":\"px\",\"size\":\"\",\"sizes\":[]},\"_transform_scaleX_effect_mobile\":{\"unit\":\"px\",\"size\":\"\",\"sizes\":[]},\"_transform_scaleY_effect\":{\"unit\":\"px\",\"size\":\"\",\"sizes\":[]},\"_transform_scaleY_effect_tablet\":{\"unit\":\"px\",\"size\":\"\",\"sizes\":[]},\"_transform_scaleY_effect_mobile\":{\"unit\":\"px\",\"size\":\"\",\"sizes\":[]},\"_transform_skew_popover\":\"\",\"_transform_skewX_effect\":{\"unit\":\"px\",\"size\":\"\",\"sizes\":[]},\"_transform_skewX_effect_tablet\":{\"unit\":\"deg\",\"size\":\"\",\"sizes\":[]},\"_transform_skewX_effect_mobile\":{\"unit\":\"deg\",\"size\":\"\",\"sizes\":[]},\"_transform_skewY_effect\":{\"unit\":\"px\",\"size\":\"\",\"sizes\":[]},\"_transform_skewY_effect_tablet\":{\"unit\":\"deg\",\"size\":\"\",\"sizes\":[]},\"_transform_skewY_effect_mobile\":{\"unit\":\"deg\",\"size\":\"\",\"sizes\":[]},\"_transform_flipX_effect\":\"\",\"_transform_flipY_effect\":\"\",\"_transform_rotate_popover_hover\":\"\",\"_transform_rotateZ_effect_hover\":{\"unit\":\"px\",\"size\":\"\",\"sizes\":[]},\"_transform_rotateZ_effect_hover_tablet\":{\"unit\":\"deg\",\"size\":\"\",\"sizes\":[]},\"_transform_rotateZ_effect_hover_mobile\":{\"unit\":\"deg\",\"size\":\"\",\"sizes\":[]},\"_transform_rotate_3d_hover\":\"\",\"_transform_rotateX_effect_hover\":{\"unit\":\"px\",\"size\":\"\",\"sizes\":[]},\"_transform_rotateX_effect_hover_tablet\":{\"unit\":\"deg\",\"size\":\"\",\"sizes\":[]},\"_transform_rotateX_effect_hover_mobile\":{\"unit\":\"deg\",\"size\":\"\",\"sizes\":[]},\"_transform_rotateY_effect_hover\":{\"unit\":\"px\",\"size\":\"\",\"sizes\":[]},\"_transform_rotateY_effect_hover_tablet\":{\"unit\":\"deg\",\"size\":\"\",\"sizes\":[]},\"_transform_rotateY_effect_hover_mobile\":{\"unit\":\"deg\",\"size\":\"\",\"sizes\":[]},\"_transform_perspective_effect_hover\":{\"unit\":\"px\",\"size\":\"\",\"sizes\":[]},\"_transform_perspective_effect_hover_tablet\":{\"unit\":\"px\",\"size\":\"\",\"sizes\":[]},\"_transform_perspective_effect_hover_mobile\":{\"unit\":\"px\",\"size\":\"\",\"sizes\":[]},\"_transform_translate_popover_hover\":\"\",\"_transform_translateX_effect_hover\":{\"unit\":\"px\",\"size\":\"\",\"sizes\":[]},\"_transform_translateX_effect_hover_tablet\":{\"unit\":\"px\",\"size\":\"\",\"sizes\":[]},\"_transform_translateX_effect_hover_mobile\":{\"unit\":\"px\",\"size\":\"\",\"sizes\":[]},\"_transform_translateY_effect_hover\":{\"unit\":\"px\",\"size\":\"\",\"sizes\":[]},\"_transform_translateY_effect_hover_tablet\":{\"unit\":\"px\",\"size\":\"\",\"sizes\":[]},\"_transform_translateY_effect_hover_mobile\":{\"unit\":\"px\",\"size\":\"\",\"sizes\":[]},\"_transform_scale_popover_hover\":\"\",\"_transform_keep_proportions_hover\":\"yes\",\"_transform_scale_effect_hover\":{\"unit\":\"px\",\"size\":\"\",\"sizes\":[]},\"_transform_scale_effect_hover_tablet\":{\"unit\":\"px\",\"size\":\"\",\"sizes\":[]},\"_transform_scale_effect_hover_mobile\":{\"unit\":\"px\",\"size\":\"\",\"sizes\":[]},\"_transform_scaleX_effect_hover\":{\"unit\":\"px\",\"size\":\"\",\"sizes\":[]},\"_transform_scaleX_effect_hover_tablet\":{\"unit\":\"px\",\"size\":\"\",\"sizes\":[]},\"_transform_scaleX_effect_hover_mobile\":{\"unit\":\"px\",\"size\":\"\",\"sizes\":[]},\"_transform_scaleY_effect_hover\":{\"unit\":\"px\",\"size\":\"\",\"sizes\":[]},\"_transform_scaleY_effect_hover_tablet\":{\"unit\":\"px\",\"size\":\"\",\"sizes\":[]},\"_transform_scaleY_effect_hover_mobile\":{\"unit\":\"px\",\"size\":\"\",\"sizes\":[]},\"_transform_skew_popover_hover\":\"\",\"_transform_skewX_effect_hover\":{\"unit\":\"px\",\"size\":\"\",\"sizes\":[]},\"_transform_skewX_effect_hover_tablet\":{\"unit\":\"deg\",\"size\":\"\",\"sizes\":[]},\"_transform_skewX_effect_hover_mobile\":{\"unit\":\"deg\",\"size\":\"\",\"sizes\":[]},\"_transform_skewY_effect_hover\":{\"unit\":\"px\",\"size\":\"\",\"sizes\":[]},\"_transform_skewY_effect_hover_tablet\":{\"unit\":\"deg\",\"size\":\"\",\"sizes\":[]},\"_transform_skewY_effect_hover_mobile\":{\"unit\":\"deg\",\"size\":\"\",\"sizes\":[]},\"_transform_flipX_effect_hover\":\"\",\"_transform_flipY_effect_hover\":\"\",\"_transform_transition_hover\":{\"unit\":\"px\",\"size\":\"\",\"sizes\":[]},\"motion_fx_transform_x_anchor_point\":\"\",\"motion_fx_transform_y_anchor_point\":\"\",\"_background_background\":\"\",\"_background_gradient_notice\":\"\",\"_background_color\":\"\",\"_background_color_stop\":{\"unit\":\"%\",\"size\":0,\"sizes\":[]},\"_background_color_b\":\"#f2295b\",\"_background_color_b_stop\":{\"unit\":\"%\",\"size\":100,\"sizes\":[]},\"_background_gradient_type\":\"linear\",\"_background_gradient_angle\":{\"unit\":\"deg\",\"size\":180,\"sizes\":[]},\"_background_gradient_position\":\"center center\",\"_background_image\":{\"url\":\"\",\"id\":\"\",\"size\":\"\"},\"_background_position\":\"\",\"_background_xpos\":{\"unit\":\"px\",\"size\":0,\"sizes\":[]},\"_background_ypos\":{\"unit\":\"px\",\"size\":0,\"sizes\":[]},\"_background_attachment\":\"\",\"_background_repeat\":\"\",\"_background_size\":\"\",\"_background_bg_width\":{\"unit\":\"%\",\"size\":100,\"sizes\":[]},\"_background_video_link\":\"\",\"_background_video_start\":\"\",\"_background_video_end\":\"\",\"_background_play_once\":\"\",\"_background_play_on_mobile\":\"\",\"_background_privacy_mode\":\"\",\"_background_video_fallback\":{\"url\":\"\",\"id\":\"\",\"size\":\"\"},\"_background_slideshow_gallery\":[],\"_background_slideshow_loop\":\"yes\",\"_background_slideshow_slide_duration\":5000,\"_background_slideshow_slide_transition\":\"fade\",\"_background_slideshow_transition_duration\":500,\"_background_slideshow_background_size\":\"\",\"_background_slideshow_background_position\":\"\",\"_background_slideshow_lazyload\":\"\",\"_background_slideshow_ken_burns\":\"\",\"_background_slideshow_ken_burns_zoom_direction\":\"in\",\"_background_hover_background\":\"\",\"_background_hover_gradient_notice\":\"\",\"_background_hover_color\":\"\",\"_background_hover_color_stop\":{\"unit\":\"%\",\"size\":0,\"sizes\":[]},\"_background_hover_color_b\":\"#f2295b\",\"_background_hover_color_b_stop\":{\"unit\":\"%\",\"size\":100,\"sizes\":[]},\"_background_hover_gradient_type\":\"linear\",\"_background_hover_gradient_angle\":{\"unit\":\"deg\",\"size\":180,\"sizes\":[]},\"_background_hover_gradient_position\":\"center center\",\"_background_hover_image\":{\"url\":\"\",\"id\":\"\",\"size\":\"\"},\"_background_hover_position\":\"\",\"_background_hover_xpos\":{\"unit\":\"px\",\"size\":0,\"sizes\":[]},\"_background_hover_ypos\":{\"unit\":\"px\",\"size\":0,\"sizes\":[]},\"_background_hover_attachment\":\"\",\"_background_hover_repeat\":\"\",\"_background_hover_size\":\"\",\"_background_hover_bg_width\":{\"unit\":\"%\",\"size\":100,\"sizes\":[]},\"_background_hover_video_link\":\"\",\"_background_hover_video_start\":\"\",\"_background_hover_video_end\":\"\",\"_background_hover_play_once\":\"\",\"_background_hover_play_on_mobile\":\"\",\"_background_hover_privacy_mode\":\"\",\"_background_hover_video_fallback\":{\"url\":\"\",\"id\":\"\",\"size\":\"\"},\"_background_hover_slideshow_gallery\":[],\"_background_hover_slideshow_loop\":\"yes\",\"_background_hover_slideshow_slide_duration\":5000,\"_background_hover_slideshow_slide_transition\":\"fade\",\"_background_hover_slideshow_transition_duration\":500,\"_background_hover_slideshow_background_size\":\"\",\"_background_hover_slideshow_background_position\":\"\",\"_background_hover_slideshow_lazyload\":\"\",\"_background_hover_slideshow_ken_burns\":\"\",\"_background_hover_slideshow_ken_burns_zoom_direction\":\"in\",\"_background_hover_transition\":{\"unit\":\"px\",\"size\":\"\",\"sizes\":[]},\"_border_border\":\"\",\"_border_width\":{\"unit\":\"px\",\"top\":\"\",\"right\":\"\",\"bottom\":\"\",\"left\":\"\",\"isLinked\":true},\"_border_color\":\"\",\"_border_radius\":{\"unit\":\"px\",\"top\":\"\",\"right\":\"\",\"bottom\":\"\",\"left\":\"\",\"isLinked\":true},\"_box_shadow_box_shadow_type\":\"\",\"_box_shadow_box_shadow\":{\"horizontal\":0,\"vertical\":0,\"blur\":10,\"spread\":0,\"color\":\"rgba(0,0,0,0.5)\"},\"_box_shadow_box_shadow_position\":\" \",\"_border_hover_border\":\"\",\"_border_hover_width\":{\"unit\":\"px\",\"top\":\"\",\"right\":\"\",\"bottom\":\"\",\"left\":\"\",\"isLinked\":true},\"_border_hover_color\":\"\",\"_border_radius_hover\":{\"unit\":\"px\",\"top\":\"\",\"right\":\"\",\"bottom\":\"\",\"left\":\"\",\"isLinked\":true},\"_box_shadow_hover_box_shadow_type\":\"\",\"_box_shadow_hover_box_shadow\":{\"horizontal\":0,\"vertical\":0,\"blur\":10,\"spread\":0,\"color\":\"rgba(0,0,0,0.5)\"},\"_box_shadow_hover_box_shadow_position\":\" \",\"_border_hover_transition\":{\"unit\":\"px\",\"size\":\"\",\"sizes\":[]},\"_mask_switch\":\"\",\"_mask_shape\":\"circle\",\"_mask_image\":{\"url\":\"\",\"id\":\"\",\"size\":\"\"},\"_mask_size\":\"contain\",\"_mask_size_scale\":{\"unit\":\"%\",\"size\":100,\"sizes\":[]},\"_mask_position\":\"center center\",\"_mask_position_x\":{\"unit\":\"%\",\"size\":0,\"sizes\":[]},\"_mask_position_y\":{\"unit\":\"%\",\"size\":0,\"sizes\":[]},\"_mask_repeat\":\"no-repeat\",\"hide_desktop\":\"\",\"hide_tablet\":\"\",\"hide_mobile\":\"\",\"_attributes\":\"\",\"custom_css\":\"\",\"paged\":1,\"column_class\":\"jeg_col_2o3\",\"class\":\"jnews_block_9\"};<\/script>\n\t\t\t\t<\/div>\t\t\t\t<\/div>\n\t\t\t\t<\/div>\n\t\t\t\t<div class=\"elementor-element elementor-element-c611529 elementor-widget elementor-widget-jnews_element_ads_elementor\" data-id=\"c611529\" data-element_type=\"widget\" data-e-type=\"widget\" data-widget_type=\"jnews_element_ads_elementor.default\">\n\t\t\t\t<div class=\"elementor-widget-container\">\n\t\t\t\t\t<div  class='jeg_ad jeg_ad_module jnews_module__1_69f405bcd91ae   '><div class='ads-wrapper'><a href='https:\/\/expoflamenco.shop' aria-label=\"Visit advertisement link\" target='_self' rel=\"noopener\" class='adlink ads_image '>\n\t\t\t\t\t\t\t\t<img width=\"970\" height=\"250\" src='https:\/\/expoflamenco.com\/agenda\/wp-content\/themes\/jnews\/assets\/img\/jeg-empty.png' class='lazyload' data-src='https:\/\/expoflamenco.online\/agenda\/wp-content\/uploads\/sites\/22\/2024\/08\/banner-web-tienda-970x250-1.webp' alt='Tienda-expoflamenco' data-pin-no-hover=\"true\">\n\t\t\t\t\t\t\t<\/a><a href='https:\/\/expoflamenco.shop' aria-label=\"Visit advertisement link\" target='_self' rel=\"noopener\" class='adlink ads_image_tablet '>\n\t\t\t\t\t\t\t\t<img width=\"970\" height=\"250\" src='https:\/\/expoflamenco.com\/agenda\/wp-content\/themes\/jnews\/assets\/img\/jeg-empty.png' class='lazyload' data-src='https:\/\/expoflamenco.online\/agenda\/wp-content\/uploads\/sites\/22\/2024\/08\/banner-web-tienda-970x250-1.webp' alt='Tienda-expoflamenco' data-pin-no-hover=\"true\">\n\t\t\t\t\t\t\t<\/a><a href='https:\/\/expoflamenco.shop' aria-label=\"Visit advertisement link\" target='_self' rel=\"noopener\" class='adlink ads_image_phone '>\n\t\t\t\t\t\t\t\t<img width=\"970\" height=\"250\" src='https:\/\/expoflamenco.com\/agenda\/wp-content\/themes\/jnews\/assets\/img\/jeg-empty.png' class='lazyload' data-src='https:\/\/expoflamenco.online\/agenda\/wp-content\/uploads\/sites\/22\/2024\/08\/banner-web-tienda-970x250-1.webp' alt='Tienda-expoflamenco' data-pin-no-hover=\"true\">\n\t\t\t\t\t\t\t<\/a><\/div><\/div>\t\t\t\t<\/div>\n\t\t\t\t<\/div>\n\t\t\t\t<div class=\"elementor-element elementor-element-8aac31e elementor-widget elementor-widget-spacer\" data-id=\"8aac31e\" data-element_type=\"widget\" data-e-type=\"widget\" data-widget_type=\"spacer.default\">\n\t\t\t\t<div class=\"elementor-widget-container\">\n\t\t\t\t\t\t\t<div class=\"elementor-spacer\">\n\t\t\t<div class=\"elementor-spacer-inner\"><\/div>\n\t\t<\/div>\n\t\t\t\t\t\t<\/div>\n\t\t\t\t<\/div>\n\t\t\t\t<\/div>\n\t\t<div class=\"elementor-element elementor-element-d68536b e-con-full e-flex e-con e-child\" data-id=\"d68536b\" data-element_type=\"container\" data-e-type=\"container\">\n\t\t\t\t<div class=\"elementor-element elementor-element-f35e9b3 elementor-widget elementor-widget-sidebar\" data-id=\"f35e9b3\" data-element_type=\"widget\" data-e-type=\"widget\" data-widget_type=\"sidebar.default\">\n\t\t\t\t<div class=\"elementor-widget-container\">\n\t\t\t\t\t<div class=\"widget expof-widget\"><div id=\"expof-3765612946\"><a data-no-instant=\"1\" href=\"https:\/\/www.aie.es\/promocion\/conciertos\/?en_ruta=2026-flamencos\" rel=\"noopener\" class=\"a2t-link\" target=\"_blank\" aria-label=\"CAMPA\u00d1A AIE 2026\"><img loading=\"lazy\" decoding=\"async\" src=\"https:\/\/expoflamenco.com\/agenda\/wp-content\/uploads\/sites\/22\/2026\/04\/AIEnRUTa-Flamencos-26-Expoflamenco-300x300px.gif\" alt=\"CAMPA\u00d1A AIE 2026\"  class=\"no-lazyload\" width=\"300\" height=\"300\"   \/><\/a><\/div><\/div><div class=\"widget expof-widget\"><div id=\"expof-1310518425\"><a data-no-instant=\"1\" href=\"https:\/\/expoflamenco.com\/academia\" rel=\"noopener\" class=\"a2t-link\" aria-label=\"Banner Suscripci\u00f3n FAN\"><img loading=\"lazy\" decoding=\"async\" src=\"https:\/\/expoflamenco.com\/agenda\/wp-content\/uploads\/sites\/22\/2025\/11\/Banner-web-300x250-academia-ES.webp\" alt=\"Banner Suscripci\u00f3n FAN\"  class=\"no-lazyload\" width=\"300\" height=\"250\"   \/><\/a><\/div><\/div><div class=\"widget expof-widget\"><div id=\"expof-128496426\"><a data-no-instant=\"1\" href=\"https:\/\/expoflamenco.shop\" rel=\"noopener\" class=\"a2t-link\" target=\"_blank\" aria-label=\"Banner Tienda Expo\"><img loading=\"lazy\" decoding=\"async\" src=\"https:\/\/expoflamenco.com\/agenda\/wp-content\/uploads\/sites\/22\/2024\/08\/banner-web-tienda-300x250-1.webp\" alt=\"Banner Tienda Expo\"  class=\"no-lazyload\" width=\"300\" height=\"250\"   \/><\/a><\/div><\/div>\t\t\t\t<\/div>\n\t\t\t\t<\/div>\n\t\t\t\t<div class=\"elementor-element elementor-element-8dd5f2b elementor-widget elementor-widget-jnews_element_ads_elementor\" data-id=\"8dd5f2b\" data-element_type=\"widget\" data-e-type=\"widget\" data-widget_type=\"jnews_element_ads_elementor.default\">\n\t\t\t\t<div class=\"elementor-widget-container\">\n\t\t\t\t\t<div  class='jeg_ad jeg_ad_module jnews_module__2_69f405bcdaf6e   '><div class='ads-wrapper'><a href='https:\/\/expoflamenco.com\/podcast' aria-label=\"Visit advertisement link\" target='_self' rel=\"noopener\" class='adlink ads_image '>\n\t\t\t\t\t\t\t\t<img width=\"345\" height=\"345\" src='https:\/\/expoflamenco.com\/agenda\/wp-content\/themes\/jnews\/assets\/img\/jeg-empty.png' class='lazyload' data-src='https:\/\/expoflamenco.online\/agenda\/wp-content\/uploads\/sites\/22\/2024\/08\/banner-web-podcast-345x345-1.webp' alt='PODCAST expoflamenco' data-pin-no-hover=\"true\">\n\t\t\t\t\t\t\t<\/a><a href='https:\/\/expoflamenco.com\/podcast' aria-label=\"Visit advertisement link\" target='_self' rel=\"noopener\" class='adlink ads_image_tablet '>\n\t\t\t\t\t\t\t\t<img width=\"345\" height=\"345\" src='https:\/\/expoflamenco.com\/agenda\/wp-content\/themes\/jnews\/assets\/img\/jeg-empty.png' class='lazyload' data-src='https:\/\/expoflamenco.online\/agenda\/wp-content\/uploads\/sites\/22\/2024\/08\/banner-web-podcast-345x345-1.webp' alt='PODCAST expoflamenco' data-pin-no-hover=\"true\">\n\t\t\t\t\t\t\t<\/a><a href='https:\/\/expoflamenco.com\/podcast' aria-label=\"Visit advertisement link\" target='_self' rel=\"noopener\" class='adlink ads_image_phone '>\n\t\t\t\t\t\t\t\t<img width=\"345\" height=\"345\" src='https:\/\/expoflamenco.com\/agenda\/wp-content\/themes\/jnews\/assets\/img\/jeg-empty.png' class='lazyload' data-src='https:\/\/expoflamenco.online\/agenda\/wp-content\/uploads\/sites\/22\/2024\/08\/banner-web-podcast-345x345-1.webp' alt='PODCAST expoflamenco' data-pin-no-hover=\"true\">\n\t\t\t\t\t\t\t<\/a><\/div><\/div>\t\t\t\t<\/div>\n\t\t\t\t<\/div>\n\t\t\t\t<\/div>\n\t\t\t\t\t<\/div>\n\t\t\t\t<\/div>\n\t\t<div class=\"elementor-element elementor-element-9b91a14 e-flex e-con-boxed e-con e-parent\" data-id=\"9b91a14\" data-element_type=\"container\" data-e-type=\"container\">\n\t\t\t\t\t<div class=\"e-con-inner\">\n\t\t\t\t<div class=\"elementor-element elementor-element-ff63472 elementor-widget elementor-widget-spacer\" data-id=\"ff63472\" data-element_type=\"widget\" data-e-type=\"widget\" data-widget_type=\"spacer.default\">\n\t\t\t\t<div class=\"elementor-widget-container\">\n\t\t\t\t\t\t\t<div class=\"elementor-spacer\">\n\t\t\t<div class=\"elementor-spacer-inner\"><\/div>\n\t\t<\/div>\n\t\t\t\t\t\t<\/div>\n\t\t\t\t<\/div>\n\t\t\t\t\t<\/div>\n\t\t\t\t<\/div>\n\t\t\t\t<\/div>\n\t\t","protected":false},"excerpt":{"rendered":"<p>Gu\u00eda de Flamenco edit post Actualidad Agenda Toda la Programaci\u00f3n durante 30\u00ba Festival de Jerez 2026 18 febrero 2026 edit post Actualidad Agenda Espacio Cultural Expoflamenco &#8211; Festival de Jerez 2026 17 febrero 2026 edit post Actualidad Agenda Granada &#8211; Clases de Flamenco 16 febrero 2026 edit post Actualidad Agenda FAUSTINO N\u00da\u00d1EZ VUELVE AL TABLAO [&hellip;]<\/p>\n","protected":false},"author":1,"featured_media":0,"parent":0,"menu_order":0,"comment_status":"closed","ping_status":"closed","template":"template-builder.php","meta":{"_acf_changed":false,"pmpro_default_level":"","jnews_page_loop":{"first_title":"Latest Post","header_type":"heading_6","layout":"right-sidebar","sidebar":"default-sidebar","second_sidebar":"default-sidebar","sticky_sidebar":"1","module":"3","main_custom_image_size":"default","second_custom_image_size":"default","excerpt_length":"20","content_date":"default","date_custom":"Y\/m\/d","content_pagination":"nav_1","pagination_align":"center","post_sticky":"0","post_offset":"0","posts_per_page":"5","sort_by":"latest"},"jnews_single_page":{"layout":"no-sidebar","sidebar":"default-sidebar","second_sidebar":"default-sidebar","sticky_sidebar":"1","show_post_title":"1","show_post_breadcrumbs":"1","show_post_featured":"1","share_position":"top","share_color":"share-monocrhome"},"jnews_social_meta":[],"footnotes":""},"class_list":["post-81977","page","type-page","status-publish","hentry","pmpro-has-access"],"acf":[],"aioseo_notices":[],"_links":{"self":[{"href":"https:\/\/expoflamenco.com\/agenda\/wp-json\/wp\/v2\/pages\/81977","targetHints":{"allow":["GET"]}}],"collection":[{"href":"https:\/\/expoflamenco.com\/agenda\/wp-json\/wp\/v2\/pages"}],"about":[{"href":"https:\/\/expoflamenco.com\/agenda\/wp-json\/wp\/v2\/types\/page"}],"author":[{"embeddable":true,"href":"https:\/\/expoflamenco.com\/agenda\/wp-json\/wp\/v2\/users\/1"}],"replies":[{"embeddable":true,"href":"https:\/\/expoflamenco.com\/agenda\/wp-json\/wp\/v2\/comments?post=81977"}],"version-history":[{"count":2,"href":"https:\/\/expoflamenco.com\/agenda\/wp-json\/wp\/v2\/pages\/81977\/revisions"}],"predecessor-version":[{"id":82306,"href":"https:\/\/expoflamenco.com\/agenda\/wp-json\/wp\/v2\/pages\/81977\/revisions\/82306"}],"wp:attachment":[{"href":"https:\/\/expoflamenco.com\/agenda\/wp-json\/wp\/v2\/media?parent=81977"}],"curies":[{"name":"wp","href":"https:\/\/api.w.org\/{rel}","templated":true}]}}