{"id":83575,"date":"2026-09-03T13:54:15","date_gmt":"2026-09-03T11:54:15","guid":{"rendered":"https:\/\/expoflamenco.com\/agenda\/?post_type=mec-events&#038;p=83575"},"modified":"2026-09-03T13:54:15","modified_gmt":"2026-09-03T11:54:15","slug":"circuito-de-pena-2026-cadiz-177-732","status":"publish","type":"mec-events","link":"https:\/\/expoflamenco.com\/agenda\/eventos\/circuito-de-pena-2026-cadiz-177-732\/","title":{"rendered":"ALMERIA, Circuito de Pe\u00f1a 2026"},"content":{"rendered":"<hr \/>\n<h3 style=\"text-align: center\">Septiembre, Octubre Y Noviembre 2026<\/h3>\n<hr \/>\n<p>&nbsp;<\/p>\n<h4 style=\"text-align: left\"><strong>Septiembre<\/strong><\/h4>\n<p style=\"text-align: left\">1 de agosto. Pe\u00f1a Flamenca Salvador El Pascua, de Carboneras. Actuaci\u00f3n del cantaor Ra\u00fal Montesinos.<br \/>\n18 de septiembre. Pe\u00f1a Flamenca Pepe Sorroche, de Tabernas. Actuaci\u00f3n del cantaor Ni\u00f1o de Pe\u00f1aflor.<br \/>\n18 de septiembre. Pe\u00f1a Flamenca La Torre, de Adra. Actuaci\u00f3n de la cantaora Paqui R\u00edos.<br \/>\n19 de septiembre. Pe\u00f1a Flamenca El Yunque, en Pechina. Actuaci\u00f3n del cantaor Alfredo Tejada.<\/p>\n<h4 style=\"text-align: left\"><strong>Octubre<\/strong><\/h4>\n<p style=\"text-align: left\">2 de octubre. Pe\u00f1a Flamenca Amigos del Cante Murgis, en El Ejido. Actuaci\u00f3n de la cantaora \u00c1ngela Cuenca.<br \/>\n10 de octubre. Pe\u00f1a Flamenca El Ciego de la Playa, en Hu\u00e9rcal de Almer\u00eda. Actuaci\u00f3n de la cantaora Mari\u00e1ngeles Fern\u00e1ndez.<br \/>\n16 de octubre. Pe\u00f1a Flamenca Los Molinos, en Almer\u00eda. Actuaci\u00f3n de la cantaora Gema Mariscal.<br \/>\n24 de octubre. Pe\u00f1a Flamenca Almeriense de Artes y Flamenco, en Hu\u00e9rcal de Almer\u00eda. Actuaci\u00f3n del cantaor Jos\u00e9 Antonio El Pulga.<br \/>\n31 de octubre.\u00a0Pe\u00f1a Flamenca Adra Fenicia, en Adra. Actuaci\u00f3n del cantaor Miguel de Tena.<\/p>\n<h4 style=\"text-align: left\"><strong>Noviembre<\/strong><\/h4>\n<p style=\"text-align: left\">\n14 de noviembre. Pe\u00f1a Flamenca El Arriero, en Viator. Actuaci\u00f3n de la cantaora Mar\u00eda Jos\u00e9 P\u00e9rez.<br \/>\nY\u00a015 de noviembre, en la Pe\u00f1a Flamenca La Guajira, en Almer\u00eda. Actuaci\u00f3n del cantaor David de Jacoba.<\/p>\n","protected":false},"excerpt":{"rendered":"<p>Septiembre, Octubre Y Noviembre 2026 &nbsp; Septiembre 1 de agosto. Pe\u00f1a Flamenca Salvador El Pascua, de Carboneras. Actuaci\u00f3n del cantaor Ra\u00fal Montesinos. 18 de septiembre. Pe\u00f1a Flamenca Pepe Sorroche, de Tabernas. Actuaci\u00f3n del cantaor Ni\u00f1o de Pe\u00f1aflor. 18 de septiembre. Pe\u00f1a Flamenca La Torre, de Adra. Actuaci\u00f3n de la cantaora Paqui R\u00edos. 19 de septiembre. [&hellip;]<\/p>\n","protected":false},"author":56,"featured_media":83564,"comment_status":"open","ping_status":"closed","template":"","tags":[2243,1213,196],"mec_category":[477,478,476,479,758],"mec_sponsor":[],"class_list":["post-83575","mec-events","type-mec-events","status-publish","has-post-thumbnail","hentry","tag-circuito","tag-penas","tag-sevilla","mec_category-baile","mec_category-cante","mec_category-concierto","mec_category-guitarra","mec_category-pena","pmpro-has-access"],"acf":[],"_links":{"self":[{"href":"https:\/\/expoflamenco.com\/agenda\/wp-json\/wp\/v2\/mec-events\/83575","targetHints":{"allow":["GET"]}}],"collection":[{"href":"https:\/\/expoflamenco.com\/agenda\/wp-json\/wp\/v2\/mec-events"}],"about":[{"href":"https:\/\/expoflamenco.com\/agenda\/wp-json\/wp\/v2\/types\/mec-events"}],"author":[{"embeddable":true,"href":"https:\/\/expoflamenco.com\/agenda\/wp-json\/wp\/v2\/users\/56"}],"replies":[{"embeddable":true,"href":"https:\/\/expoflamenco.com\/agenda\/wp-json\/wp\/v2\/comments?post=83575"}],"wp:featuredmedia":[{"embeddable":true,"href":"https:\/\/expoflamenco.com\/agenda\/wp-json\/wp\/v2\/media\/83564"}],"wp:attachment":[{"href":"https:\/\/expoflamenco.com\/agenda\/wp-json\/wp\/v2\/media?parent=83575"}],"wp:term":[{"taxonomy":"post_tag","embeddable":true,"href":"https:\/\/expoflamenco.com\/agenda\/wp-json\/wp\/v2\/tags?post=83575"},{"taxonomy":"mec_category","embeddable":true,"href":"https:\/\/expoflamenco.com\/agenda\/wp-json\/wp\/v2\/mec_category?post=83575"},{"taxonomy":"mec_sponsor","embeddable":true,"href":"https:\/\/expoflamenco.com\/agenda\/wp-json\/wp\/v2\/mec_sponsor?post=83575"}],"curies":[{"name":"wp","href":"https:\/\/api.w.org\/{rel}","templated":true}]}}