{"id":83573,"date":"2026-09-03T13:50:55","date_gmt":"2026-09-03T11:50:55","guid":{"rendered":"https:\/\/expoflamenco.com\/agenda\/?post_type=mec-events&#038;p=83573"},"modified":"2026-09-03T13:50:55","modified_gmt":"2026-09-03T11:50:55","slug":"circuito-de-pena-2026-cadiz-177","status":"publish","type":"mec-events","link":"https:\/\/expoflamenco.com\/agenda\/eventos\/circuito-de-pena-2026-cadiz-177\/","title":{"rendered":"SEVILLA, Circuito de Pe\u00f1a 2026"},"content":{"rendered":"<hr \/>\n<h3 style=\"text-align: center\">Septiembre y Octubre 2026<\/h3>\n<hr \/>\n<p>&nbsp;<\/p>\n<h4 style=\"text-align: left\"><strong>Septiembre<\/strong><\/h4>\n<p style=\"text-align: left\">2 de septiembre, a las 21:00 horas, en la Pe\u00f1a Flamenca Cantes al Aire, de Sevilla. Actuaci\u00f3n de la cantaora Fernanda Pe\u00f1a.<\/p>\n<p style=\"text-align: left\">\n4 de septiembre, a las 21:30 horas, en la Pe\u00f1a Flamenca de Isla Mayor. Actuaci\u00f3n del cantaor Manuel Romero.<\/p>\n<p style=\"text-align: left\">\n10 de septiembre, a las 21:30 horas, en la Pe\u00f1a Flamenca El Carbonerillo, de Sevilla. Actuaci\u00f3n de la cantaora Angelita Montoya.<\/p>\n<p style=\"text-align: left\">\n11 de septiembre, a las 21:00 horas, en la Pe\u00f1a Flamenca Femenina Teresa Le\u00f3n, de \u00c9cija. Actuaci\u00f3n del bailaor Manuel Bellido.<\/p>\n<p style=\"text-align: left\">\n12 de septiembre, a las 14:00 horas, en la Pe\u00f1a Flamenca La Jumoza 3, de Sevilla. Actuaci\u00f3n de la cantaora Pura de Pura.<\/p>\n<p style=\"text-align: left\">\n12 de septiembre, a las 21:30 horas, en la Pe\u00f1a Flamenca Astigitana Antonio Mairena, de \u00c9cija. Actuaci\u00f3n del cantaor Alfredo Tejada.<\/p>\n<p style=\"text-align: left\">\n12 de septiembre, a las 20:30 horas, en la Pe\u00f1a Flamenca La Era, de Burguillos. Actuaci\u00f3n del cantaor Luis Moneo.<\/p>\n<p style=\"text-align: left\">\n18 de septiembre, a las 21:30 horas, en la Pe\u00f1a Flamenca La Sole\u00e1, de Alcal\u00e1 de Guada\u00edra. Actuaci\u00f3n del guitarrista Tino Van der Sman.<\/p>\n<p style=\"text-align: left\">\n18 de septiembre,\u00a0a las 21:00 horas, en la Pe\u00f1a Flamenca El Paraguas, de Espartinas. Actuaci\u00f3n del cantaor Jeromo Segura.<\/p>\n<p style=\"text-align: left\">\n19 de septiembre, a las 20:00 horas, en la Pe\u00f1a Flamenca Antonio El Lobito, de Pruna. Actuaci\u00f3n de la cantaora Anabel de Vico.<\/p>\n<p style=\"text-align: left\">\n19 de septiembre, a las 21:30 horas, en la Pe\u00f1a Flamenca Lepanto, de Mairena del Aljarafe. Actuaci\u00f3n de la cantaora Paqui R\u00edos.<\/p>\n<p style=\"text-align: left\">\n20 de septiembre, a las 14:00 horas, en la Pe\u00f1a Flamenca Juan Talega, de Dos Hermanas. Actuaci\u00f3n del cantaor Joni Torres.<\/p>\n<p style=\"text-align: left\">\n26 de septiembre, a las 15:00 horas, en la Pe\u00f1a Flamenca de Sanl\u00facar La Mayor. Actuaci\u00f3n del cantaor Juanelo.<\/p>\n<p style=\"text-align: left\">\n26 de septiembre, a las 14:00 horas, en la Pe\u00f1a Flamenca El Madro\u00f1ero, de Montellano. Actuaci\u00f3n de la cantaora Lidia Rodr\u00edguez.<\/p>\n<p style=\"text-align: left\">\n26 de septiembre, a las 21:30 horas, en la Pe\u00f1a Flamenca Miguel Vargas, de Paradas. Actuaci\u00f3n de la bailaora Mar\u00eda T\u00e1vora.<\/p>\n<p style=\"text-align: left\">\n27 de septiembre, a las 13:00 horas, en la Pe\u00f1a Flamenca Pozo Nuevo, de Olivares. Actuaci\u00f3n de la cantaora Olivia Molina.<\/p>\n<p style=\"text-align: left\">\n<h4 style=\"text-align: left\"><strong>Octubre<\/strong><\/h4>\n<p style=\"text-align: left\">2 de octubre, a las 21:00 horas, en la Pe\u00f1a Flamenca Alto de la Fuente, de Gelves. Actuaci\u00f3n del cantaor Abraham El Zambo.<\/p>\n<p style=\"text-align: left\">\n3 de octubre, a las 21:30 horas, en la Pe\u00f1a Flamenca El Ni\u00f1o de la Jara, de Mart\u00edn de la Jara. Actuaci\u00f3n del cantaor Luis Heredia \u201cEl Polaco\u201d.<\/p>\n<p style=\"text-align: left\">\n3 de octubre, a las 13:30 horas, en la Pe\u00f1a Flamenca Fernando El Herrero, de Las Cabezas de San Juan. Actuaci\u00f3n del cantaor Antonio L\u00f3pez.<\/p>\n<p style=\"text-align: left\">\n8 de octubre, a las 19:30 horas, en la Pe\u00f1a Sentir Flamenco (Universidad Pablo de Olavide), de Sevilla. Actuaci\u00f3n de la cantaora Anabel Valencia.<\/p>\n<p style=\"text-align: left\">\n8 de octubre, a las 20:00 horas, en la Tertulia Flamenca Calixto S\u00e1nchez Mar\u00edn, de Sevilla. Actuaci\u00f3n del cantaor Armando Mateos.<\/p>\n<p style=\"text-align: left\">\n9 de octubre, a las 21:00 horas, en a Pe\u00f1a Flamenca La Polea, de Sevilla. Actuaci\u00f3n del cantaor Luis Perdiguero.<\/p>\n<p style=\"text-align: left\">\n9 de octubre, a las 21:30 horas, en la Pe\u00f1a Flamenca de Tomares. Actuaci\u00f3n del cantaor Manuel Cantarote.<br \/>\n9 de octubre, a las 21:00 horas, en la Pe\u00f1a Flamenca Pastora Pav\u00f3n Cruz \u201cNi\u00f1a de los Peines\u201d, en Arahal. Actuaci\u00f3n de la cantaora Mari Pe\u00f1a.<\/p>\n<p style=\"text-align: left\">\n10 de octubre, a las 15:30 horas, en la Tertulia Flamenca Sevilla Este. Actuaci\u00f3n de la cantaora Macarena de Jerez.<\/p>\n<p style=\"text-align: left\">\n10 de octubre,\u00a0a las 16:00 horas, en la Pe\u00f1a Flamenca de Aznalc\u00f3llar. Actuaci\u00f3n del cantaor El Potito.<br \/>\n11 de octubre, a las 14:00 horas, en la Pe\u00f1a Flamenca El Gallo, en Mor\u00f3n de la Frontera. Actuaci\u00f3n de la cantaora \u00c1frica Granado.<\/p>\n<p style=\"text-align: left\">\n11 de octubre, a las 19:00 horas, en la Pe\u00f1a Flamenca El Monino, de Herrera. Actuaci\u00f3n del cantaor Vicente Gelo.<\/p>\n<p style=\"text-align: left\">\n17 de octubre, a la 12:00 horas, en la Pe\u00f1a Flamenca Aires Flamencos, de Sevilla. Actuaci\u00f3n de la cantaora Manuela Cordero.<\/p>\n<p style=\"text-align: left\">\n17 de octubre, a las 21:30 horas, en la Pe\u00f1a Flamenca La Pos\u00e1, de La Luisiana. Actuaci\u00f3n del cantaor Luis Ortega.<\/p>\n<p style=\"text-align: left\">\n17 de octubre, a las 20:00 horas, en la Pe\u00f1a Flamenca Villanove\u00f1a, de Villanueva de San Juan. Actuaci\u00f3n del cantaor Perico El Pa\u00f1ero.<\/p>\n<p style=\"text-align: left\">\n18 de octubre, a las 14:30 horas, en la Pe\u00f1a Flamenca Miguel Acal, de Bormujos. Actuaci\u00f3n del cantaor Jes\u00fas Corbacho.<\/p>\n<p style=\"text-align: left\">\n23 de octubre, a las 21:30 horas, en la Casa del Arte Antonio Mairena, en Mairena del Alcor. Actuaci\u00f3n del cantaor Juan de Maiena.<\/p>\n<p style=\"text-align: left\">\n24 de octubre,\u00a0a las 15:00 horas, en la Pe\u00f1a Flamenca La Ton\u00e1. Actuaci\u00f3n de la cantaora Amparo \u201cLa Repompilla\u201d.<\/p>\n<p style=\"text-align: left\">\n24 de octubre, a las 20:00 horas, en la Pe\u00f1a Flamenca Torremocha, de Albaida del Aljarafe. Actuaci\u00f3n del cantaor Manuel Pajares.<\/p>\n<p style=\"text-align: left\">\n24 de octubre,\u00a0a las 13:30 horas, en la Pe\u00f1a Flamenca La Encina, de Castillo de las Guardas. Actuaci\u00f3n de la cantaora Marta La Ni\u00f1a.<\/p>\n<p style=\"text-align: left\">\n24 de octubre, a las 23:00 horas, en a Tertulia Flamenca El Pozo de las Penas, en Los Palacios y Villafranca. Actuaci\u00f3n de la cantaora Mar\u00eda Jes\u00fas Bernal.<\/p>\n<p style=\"text-align: left\">\n24 de octubre, a las 16:30 horas, en la Pe\u00f1a Flamenca El Despertar, de Fuentes de Andaluc\u00eda. Actuaci\u00f3n del cantaor Joselete de Linares.<\/p>\n<p style=\"text-align: left\">\n24 de octubre, a las 15:00 horas, en la Pe\u00f1a Flamenca La Fragua, de Sevilla. Actuaci\u00f3n de la cantaora Malena Carrasco.<\/p>\n<p style=\"text-align: left\">\n25 de octubre,\u00a0a las 17:00 horas, en la Pe\u00f1a Flamenca Puertas Abiertas, de La Algaba. Actuaci\u00f3n de la cantaora Elena de Mor\u00f3n.<\/p>\n<p style=\"text-align: left\">\n25 de octubre, a las 13:30 horas, en la Pe\u00f1a Flamenca El B\u00facaro, de San Jos\u00e9 de la Rinconada. Actuaci\u00f3n de la cantaora Marta Aguilar.<\/p>\n<p style=\"text-align: left\">\n29 de octubre, a las 21:30 horas, en la Pe\u00f1a Flamenca Torres Macarena, de Sevilla. Actuaci\u00f3n del cantaor Fernando Caballo.<\/p>\n<p style=\"text-align: left\">\n30 de octubre, a las 19:00 horas, en la Pe\u00f1a Flamenca Pol\u00edgono Sur, de Sevilla. Actuaci\u00f3n del cantaor Luis Malena.<\/p>\n<p style=\"text-align: left\">\n31 de octubre,\u00a0a las 13:00 horas, en la Pe\u00f1a Flamenca La Solera, en Villanueva del Ariscal. Actuaci\u00f3n de la cantaora Silvia Reina.<\/p>\n","protected":false},"excerpt":{"rendered":"<p>Septiembre y Octubre 2026 &nbsp; Septiembre 2 de septiembre, a las 21:00 horas, en la Pe\u00f1a Flamenca Cantes al Aire, de Sevilla. Actuaci\u00f3n de la cantaora Fernanda Pe\u00f1a. 4 de septiembre, a las 21:30 horas, en la Pe\u00f1a Flamenca de Isla Mayor. Actuaci\u00f3n del cantaor Manuel Romero. 10 de septiembre, a las 21:30 horas, en [&hellip;]<\/p>\n","protected":false},"author":56,"featured_media":83564,"comment_status":"open","ping_status":"closed","template":"","tags":[2243,1213,196],"mec_category":[477,478,476,479,758],"mec_sponsor":[],"class_list":["post-83573","mec-events","type-mec-events","status-publish","has-post-thumbnail","hentry","tag-circuito","tag-penas","tag-sevilla","mec_category-baile","mec_category-cante","mec_category-concierto","mec_category-guitarra","mec_category-pena","pmpro-has-access"],"acf":[],"_links":{"self":[{"href":"https:\/\/expoflamenco.com\/agenda\/wp-json\/wp\/v2\/mec-events\/83573","targetHints":{"allow":["GET"]}}],"collection":[{"href":"https:\/\/expoflamenco.com\/agenda\/wp-json\/wp\/v2\/mec-events"}],"about":[{"href":"https:\/\/expoflamenco.com\/agenda\/wp-json\/wp\/v2\/types\/mec-events"}],"author":[{"embeddable":true,"href":"https:\/\/expoflamenco.com\/agenda\/wp-json\/wp\/v2\/users\/56"}],"replies":[{"embeddable":true,"href":"https:\/\/expoflamenco.com\/agenda\/wp-json\/wp\/v2\/comments?post=83573"}],"wp:featuredmedia":[{"embeddable":true,"href":"https:\/\/expoflamenco.com\/agenda\/wp-json\/wp\/v2\/media\/83564"}],"wp:attachment":[{"href":"https:\/\/expoflamenco.com\/agenda\/wp-json\/wp\/v2\/media?parent=83573"}],"wp:term":[{"taxonomy":"post_tag","embeddable":true,"href":"https:\/\/expoflamenco.com\/agenda\/wp-json\/wp\/v2\/tags?post=83573"},{"taxonomy":"mec_category","embeddable":true,"href":"https:\/\/expoflamenco.com\/agenda\/wp-json\/wp\/v2\/mec_category?post=83573"},{"taxonomy":"mec_sponsor","embeddable":true,"href":"https:\/\/expoflamenco.com\/agenda\/wp-json\/wp\/v2\/mec_sponsor?post=83573"}],"curies":[{"name":"wp","href":"https:\/\/api.w.org\/{rel}","templated":true}]}}