{"id":83553,"date":"2026-09-01T14:17:03","date_gmt":"2026-09-01T12:17:03","guid":{"rendered":"https:\/\/expoflamenco.com\/agenda\/?post_type=mec-events&#038;p=83553"},"modified":"2026-09-01T14:17:03","modified_gmt":"2026-09-01T12:17:03","slug":"pena-buleria-verano-2026-586","status":"publish","type":"mec-events","link":"https:\/\/expoflamenco.com\/agenda\/eventos\/pena-buleria-verano-2026-586\/","title":{"rendered":"Pe\u00f1a Buleria Flamenco. Verano 2026"},"content":{"rendered":"<hr \/>\n<h3 style=\"text-align: center\">04 de Septiembre. 22:30h<\/h3>\n<hr \/>\n<div>\n<p style=\"text-align: left\"><strong>FLAMENCOS EN EL PATIO DE LA BULER\u00cdA.<\/strong><\/p>\n<p style=\"text-align: left\">Seguimos el Verano Flamenco 2026 en la\u00a0Pe\u00f1a la Buler\u00eda, Calle Empedrada 20, JEREZ, recitales realizados con la colaboraci\u00f3n de todos los artistas y aficionados que participan y as\u00ed tener estos momentos de convivencia entre Soci@s, amig@s y visitantes.<\/p>\n<p style=\"text-align: left\"><strong>Este\u00a0VIERNES 4 de SEPTIEMBRE, a partir de las\u00a022,30 horas, estar\u00e1n en nuestro escenario el cante de MAR\u00cdA MART\u00cdNEZ, la guitarra de EL CARRU y el baile de PATRI MANES.<\/strong><\/p>\n<p style=\"text-align: left\"><strong>La\u00a0ENTRADA ES LIBRE,<\/strong> hasta completar aforo. Puedes hacer reserva de mesas para poder presenciar los Espect\u00e1culos. M\u00e1s informaci\u00f3n y reservas en\u00a0WhatsApp tfno. 640718521\u00a0. Apertura de puertas a las 21,00 horas.\u00a0#caminoal50aniversario<br \/>\n<strong>Jos\u00e9 Manuel Rodr\u00edguez, Presidente<\/strong><br \/>\n<strong>PE\u00d1A LA BULER\u00cdA. JEREZ<\/strong><\/p>\n<\/div>\n<hr \/>\n<hr \/>\n<figure id=\"attachment_83549\" aria-describedby=\"caption-attachment-83549\" style=\"width: 800px\" class=\"wp-caption aligncenter\"><img decoding=\"async\" class=\"size-full wp-image-83549\" src=\"https:\/\/expoflamenco.com\/agenda\/wp-content\/uploads\/sites\/22\/2026\/08\/9.VERANO-FLAMENCO-EN-LA-BULERIA-2026.MARIAPATRI-Y-EL-CARRU.webp\" alt=\"\" width=\"800\" height=\"1121\" srcset=\"https:\/\/expoflamenco.com\/agenda\/wp-content\/uploads\/sites\/22\/2026\/08\/9.VERANO-FLAMENCO-EN-LA-BULERIA-2026.MARIAPATRI-Y-EL-CARRU.webp 800w, https:\/\/expoflamenco.com\/agenda\/wp-content\/uploads\/sites\/22\/2026\/08\/9.VERANO-FLAMENCO-EN-LA-BULERIA-2026.MARIAPATRI-Y-EL-CARRU-271x380.webp 271w, https:\/\/expoflamenco.com\/agenda\/wp-content\/uploads\/sites\/22\/2026\/08\/9.VERANO-FLAMENCO-EN-LA-BULERIA-2026.MARIAPATRI-Y-EL-CARRU-407x570.webp 407w, https:\/\/expoflamenco.com\/agenda\/wp-content\/uploads\/sites\/22\/2026\/08\/9.VERANO-FLAMENCO-EN-LA-BULERIA-2026.MARIAPATRI-Y-EL-CARRU-768x1076.webp 768w, https:\/\/expoflamenco.com\/agenda\/wp-content\/uploads\/sites\/22\/2026\/08\/9.VERANO-FLAMENCO-EN-LA-BULERIA-2026.MARIAPATRI-Y-EL-CARRU-360x504.webp 360w, https:\/\/expoflamenco.com\/agenda\/wp-content\/uploads\/sites\/22\/2026\/08\/9.VERANO-FLAMENCO-EN-LA-BULERIA-2026.MARIAPATRI-Y-EL-CARRU-750x1051.webp 750w\" sizes=\"(max-width: 800px) 100vw, 800px\" \/><figcaption id=\"caption-attachment-83549\" class=\"wp-caption-text\">Viernes en la Pe\u00f1a la Buleria Verano flamenco 2026,con Patri Manes, Maria Martinez y El Carru<\/figcaption><\/figure>\n<div style='display:none' class=\"jeg_preview_slider gallery_1\" data-selector='gallery_1' data-icon-prev-html=\"&lt;span class=&quot;jeg-fa-4 jeg-icon-svg jeg-svg-angle-left jeg-preview-control-icon&quot; aria-hidden=&quot;true&quot;&gt;&lt;svg xmlns=&quot;http:\/\/www.w3.org\/2000\/svg&quot; viewBox=&quot;0 0 640 1792&quot; aria-hidden=&quot;true&quot;&gt;&lt;g transform=&quot;translate(0 1536) scale(1 -1)&quot;&gt;&lt;path fill=&quot;currentColor&quot; d=&quot;M627 992q0 -13 -10 -23l-393 -393l393 -393q10 -10 10 -23t-10 -23l-50 -50q-10 -10 -23 -10t-23 10l-466 466q-10 10 -10 23t10 23l466 466q10 10 23 10t23 -10l50 -50q10 -10 10 -23z&quot;\/&gt;&lt;\/g&gt;&lt;\/svg&gt;&lt;\/span&gt;\" data-icon-next-html=\"&lt;span class=&quot;jeg-fa-4 jeg-icon-svg jeg-svg-angle-right jeg-preview-control-icon&quot; aria-hidden=&quot;true&quot;&gt;&lt;svg xmlns=&quot;http:\/\/www.w3.org\/2000\/svg&quot; viewBox=&quot;0 0 640 1792&quot; aria-hidden=&quot;true&quot;&gt;&lt;g transform=&quot;translate(0 1536) scale(1 -1)&quot;&gt;&lt;path fill=&quot;currentColor&quot; d=&quot;M595 576q0 -13 -10 -23l-466 -466q-10 -10 -23 -10t-23 10l-50 50q-10 10 -10 23t10 23l393 393l-393 393q-10 10 -10 23t10 23l50 50q10 10 23 10t23 -10l466 -466q10 -10 10 -23z&quot;\/&gt;&lt;\/g&gt;&lt;\/svg&gt;&lt;\/span&gt;\" data-icon-expand-html=\"&lt;span class=&quot;jeg-fa-4 jeg-icon-svg jeg-svg-expand jeg-preview-toggle-icon&quot; aria-hidden=&quot;true&quot;&gt;&lt;svg xmlns=&quot;http:\/\/www.w3.org\/2000\/svg&quot; viewBox=&quot;0 0 1536 1792&quot; aria-hidden=&quot;true&quot;&gt;&lt;g transform=&quot;translate(0 1536) scale(1 -1)&quot;&gt;&lt;path fill=&quot;currentColor&quot; d=&quot;M755 480q0 -13 -10 -23l-332 -332l144 -144q19 -19 19 -45t-19 -45t-45 -19h-448q-26 0 -45 19t-19 45v448q0 26 19 45t45 19t45 -19l144 -144l332 332q10 10 23 10t23 -10l114 -114q10 -10 10 -23zM1536 1344v-448q0 -26 -19 -45t-45 -19t-45 19l-144 144l-332 -332 q-10 -10 -23 -10t-23 10l-114 114q-10 10 -10 23t10 23l332 332l-144 144q-19 19 -19 45t19 45t45 19h448q26 0 45 -19t19 -45z&quot;\/&gt;&lt;\/g&gt;&lt;\/svg&gt;&lt;\/span&gt;\" data-icon-close-html=\"&lt;span class=&quot;jeg-fa-4 jeg-icon-svg jeg-svg-compress jeg-preview-toggle-icon&quot; aria-hidden=&quot;true&quot;&gt;&lt;svg xmlns=&quot;http:\/\/www.w3.org\/2000\/svg&quot; viewBox=&quot;0 0 1536 1792&quot; aria-hidden=&quot;true&quot;&gt;&lt;g transform=&quot;translate(0 1536) scale(1 -1)&quot;&gt;&lt;path fill=&quot;currentColor&quot; d=&quot;M768 576v-448q0 -26 -19 -45t-45 -19t-45 19l-144 144l-332 -332q-10 -10 -23 -10t-23 10l-114 114q-10 10 -10 23t10 23l332 332l-144 144q-19 19 -19 45t19 45t45 19h448q26 0 45 -19t19 -45zM1523 1248q0 -13 -10 -23l-332 -332l144 -144q19 -19 19 -45t-19 -45 t-45 -19h-448q-26 0 -45 19t-19 45v448q0 26 19 45t45 19t45 -19l144 -144l332 332q10 10 23 10t23 -10l114 -114q10 -10 10 -23z&quot;\/&gt;&lt;\/g&gt;&lt;\/svg&gt;&lt;\/span&gt;\">\n                        <div class=\"jeg_preview_holder\">\n                            <div class=\"jeg_preview_media\">\n                        <div class=\"jeg_preview_media_holder\">\n                            <h3>&nbsp;<\/h3>\n                            <div class=\"fullscreen-switch\">\n                                <i class=\"fa\"><\/i>\n                            <\/div>\n                            <div class=\"jeg_preview_media_content\">\n                                <div class=\"jeg_preview_media_content_holder_padding\">\n                                    <div class=\"jeg_preview_media_content_holder\"><\/div>\n                                <\/div>\n                                <div class=\"jeg_preview_media_content_navigation\">\n                                    <div class=\"prev\">\n\t\t\t\t\t\t\t\t\t\t<i class=\"fa\"><\/i>\n\t\t\t\t\t\t\t\t\t<\/div>\n                                    <div class=\"next\">\n\t\t\t\t\t\t\t\t\t\t<i class=\"fa\"><\/i>\n\t\t\t\t\t\t\t\t\t<\/div>\n                                <\/div>\n                                <div class='preview-slider-overlay'>\n                                    <div class='preloader_type preloader_dot'>\n                                        <div class=\"module-preloader jeg_preloader dot\">\n                                            <span><\/span><span><\/span><span><\/span>\n                                        <\/div>\n                                        <div class=\"module-preloader jeg_preloader circle\">\n                                            <div class=\"jnews_preloader_circle_outer\">\n                                                <div class=\"jnews_preloader_circle_inner\"><\/div>\n                                            <\/div>\n                                        <\/div>\n                                        <div class=\"module-preloader jeg_preloader square\">\n                                            <div class=\"jeg_square\">\n                                                <div class=\"jeg_square_inner\"><\/div>\n                                            <\/div>\n                                        <\/div>\n                                    <\/div>\n                                <\/div>\n                            <\/div>\n                            <div class=\"jeg_preview_control\">\n                                <div class=\"left_control\">\n                                    <div class=\"counter\"><span class=\"current\">1<\/span> de  6<\/div>\n                                    <div class=\"subtitle\"><\/div>\n                                <\/div>\n                                <div class=\"zoom\">\n                                    <span class=\"reduce\">-<\/span>\n                                    <span class=\"increase\">+<\/span>\n                                <\/div>\n                            <\/div>\n                        <\/div>\n                    <\/div>\n\n                    <div class=\"jeg_preview_bottom_slider\">\n                        <a data-id=\"0\" data-title=\"\" data-image=\"https:\/\/expoflamenco.com\/agenda\/wp-content\/uploads\/sites\/22\/2026\/06\/CARTEL-VERANO-FLAMENCO-2026.GENERICO.webp\" href=\"https:\/\/expoflamenco.com\/agenda\/wp-content\/uploads\/sites\/22\/2026\/06\/CARTEL-VERANO-FLAMENCO-2026.GENERICO.webp\" class=\"jeg_preview_item active\">\n                            <div class=\"jeg_preview_item_thumbnail\">\n                                <img decoding=\"async\" width=\"120\" height=\"86\" src=\"https:\/\/expoflamenco.com\/agenda\/wp-content\/uploads\/sites\/22\/2026\/06\/CARTEL-VERANO-FLAMENCO-2026.GENERICO-120x86.webp\" class=\"attachment-jnews-120x86 size-jnews-120x86\" alt=\"Poster promoting Jueves Flamencos at El Pat\u00f3 de la Buler\u00eda in Jerez, July\u2013August at 22:30; free entry, reservas contact info included.\" srcset=\"https:\/\/expoflamenco.com\/agenda\/wp-content\/uploads\/sites\/22\/2026\/06\/CARTEL-VERANO-FLAMENCO-2026.GENERICO-120x86.webp 120w, https:\/\/expoflamenco.com\/agenda\/wp-content\/uploads\/sites\/22\/2026\/06\/CARTEL-VERANO-FLAMENCO-2026.GENERICO-350x250.webp 350w, https:\/\/expoflamenco.com\/agenda\/wp-content\/uploads\/sites\/22\/2026\/06\/CARTEL-VERANO-FLAMENCO-2026.GENERICO-750x536.webp 750w\" sizes=\"(max-width: 120px) 100vw, 120px\" \/>\n                            <\/div>\n                        <\/a><a data-id=\"1\" data-title=\"\" data-image=\"https:\/\/expoflamenco.com\/agenda\/wp-content\/uploads\/sites\/22\/2026\/08\/7.JUEVES-FLAMENCO-EN-LA-BULERIA-2026.IVANDAVID-Y-ANA.webp\" href=\"https:\/\/expoflamenco.com\/agenda\/wp-content\/uploads\/sites\/22\/2026\/08\/7.JUEVES-FLAMENCO-EN-LA-BULERIA-2026.IVANDAVID-Y-ANA.webp\" class=\"jeg_preview_item \">\n                            <div class=\"jeg_preview_item_thumbnail\">\n                                <img decoding=\"async\" width=\"120\" height=\"86\" src=\"https:\/\/expoflamenco.com\/agenda\/wp-content\/uploads\/sites\/22\/2026\/08\/7.JUEVES-FLAMENCO-EN-LA-BULERIA-2026.IVANDAVID-Y-ANA-120x86.webp\" class=\"attachment-jnews-120x86 size-jnews-120x86\" alt=\"Poster promoting Jueves Flamencos en el Patio de la Buler\u00eda: Jueves 13 de agosto de 2026 a las 22:30, con Iv\u00e1n de la Manuela (cante), David de la Jeroma (guitarra) y Ana Berrocal (baile).\" \/>\n                            <\/div>\n                        <\/a><a data-id=\"2\" data-title=\"Jueves Pe\u00f1a la Buleria\" data-image=\"https:\/\/expoflamenco.com\/agenda\/wp-content\/uploads\/sites\/22\/2026\/07\/6.JUEVES-FLAMENCO-EN-LA-BULERIA-2026.-Jaime-CandieAlberto-Franco-y-Academia-2.webp\" href=\"https:\/\/expoflamenco.com\/agenda\/wp-content\/uploads\/sites\/22\/2026\/07\/6.JUEVES-FLAMENCO-EN-LA-BULERIA-2026.-Jaime-CandieAlberto-Franco-y-Academia-2.webp\" class=\"jeg_preview_item \">\n                            <div class=\"jeg_preview_item_thumbnail\">\n                                <img decoding=\"async\" width=\"120\" height=\"86\" src=\"https:\/\/expoflamenco.com\/agenda\/wp-content\/uploads\/sites\/22\/2026\/07\/6.JUEVES-FLAMENCO-EN-LA-BULERIA-2026.-Jaime-CandieAlberto-Franco-y-Academia-2-120x86.webp\" class=\"attachment-jnews-120x86 size-jnews-120x86\" alt=\"Poster announcing &#039;Jueves Flamencos en el Patio de la Buler\u00eda&#039; with date 6 August 2026 and lineup details.\" \/>\n                            <\/div>\n                        <\/a><a data-id=\"3\" data-title=\"\" data-image=\"https:\/\/expoflamenco.com\/agenda\/wp-content\/uploads\/sites\/22\/2026\/07\/5.JUEVES-FLAMENCO-EN-LA-BULERIA-2026.-MARIA-MTNEZ-MANUEL-LEON.-1.webp\" href=\"https:\/\/expoflamenco.com\/agenda\/wp-content\/uploads\/sites\/22\/2026\/07\/5.JUEVES-FLAMENCO-EN-LA-BULERIA-2026.-MARIA-MTNEZ-MANUEL-LEON.-1.webp\" class=\"jeg_preview_item \">\n                            <div class=\"jeg_preview_item_thumbnail\">\n                                <img decoding=\"async\" width=\"120\" height=\"86\" src=\"https:\/\/expoflamenco.com\/agenda\/wp-content\/uploads\/sites\/22\/2026\/07\/5.JUEVES-FLAMENCO-EN-LA-BULERIA-2026.-MARIA-MTNEZ-MANUEL-LEON.-1-120x86.webp\" class=\"attachment-jnews-120x86 size-jnews-120x86\" alt=\"Event poster for Jueves Flamencos at El Patio de la Buler\u00eda in Jerez: July 30, 2026 at 22:30. Singers: Mar\u00eda Mart\u00ednez; Guitar: Manuel Le\u00f3n; Dance: Lorena Caballero. Circular photo of a blue banner; multiple logos at bottom.\" \/>\n                            <\/div>\n                        <\/a><a data-id=\"4\" data-title=\"\" data-image=\"https:\/\/expoflamenco.com\/agenda\/wp-content\/uploads\/sites\/22\/2026\/07\/3.jJUEVES-FLAMENCO-EN-LA-BULERIA.-Tio-Morito-y-Alberto-Franco.webp\" href=\"https:\/\/expoflamenco.com\/agenda\/wp-content\/uploads\/sites\/22\/2026\/07\/3.jJUEVES-FLAMENCO-EN-LA-BULERIA.-Tio-Morito-y-Alberto-Franco.webp\" class=\"jeg_preview_item \">\n                            <div class=\"jeg_preview_item_thumbnail\">\n                                <img decoding=\"async\" width=\"120\" height=\"86\" src=\"https:\/\/expoflamenco.com\/agenda\/wp-content\/uploads\/sites\/22\/2026\/07\/3.jJUEVES-FLAMENCO-EN-LA-BULERIA.-Tio-Morito-y-Alberto-Franco-120x86.webp\" class=\"attachment-jnews-120x86 size-jnews-120x86\" alt=\"Poster for Jueves Flamencos at Patio de la Bulera, July 16, 2026, 23:00, featuring cante Jos\u00e9 Pe\u00f1a and T\u00edo Morito, and guitarra Alberto Franco (event info and venue).\" \/>\n                            <\/div>\n                        <\/a><a data-id=\"5\" data-title=\"\" data-image=\"https:\/\/expoflamenco.com\/agenda\/wp-content\/uploads\/sites\/22\/2026\/06\/2.jueves-flamenco-en-la-buleria-Maria-Mtne-Lycas-Benitez-y-Lorena-Caballero.webp\" href=\"https:\/\/expoflamenco.com\/agenda\/wp-content\/uploads\/sites\/22\/2026\/06\/2.jueves-flamenco-en-la-buleria-Maria-Mtne-Lycas-Benitez-y-Lorena-Caballero.webp\" class=\"jeg_preview_item \">\n                            <div class=\"jeg_preview_item_thumbnail\">\n                                <img decoding=\"async\" width=\"120\" height=\"86\" src=\"https:\/\/expoflamenco.com\/agenda\/wp-content\/uploads\/sites\/22\/2026\/06\/2.jueves-flamenco-en-la-buleria-Maria-Mtne-Lycas-Benitez-y-Lorena-Caballero-120x86.webp\" class=\"attachment-jnews-120x86 size-jnews-120x86\" alt=\"Poster for Jueves Flamencos at Patio de la Buler\u00eda, Jerez, July 9, 2026, 22:30, featuring Mar\u00eda Mart\u00ednez (cante), Lucas Ben\u00edtez (guitar), Lorena Caballero (baile).\" \/>\n                            <\/div>\n                        <\/a>\n                    <\/div>\n                        <\/div>\n                        <div class=\"jeg_preview_description\">\n                            \n                            <div class=\"jeg_preview_description_wrapper\">\n                            \n                            <\/div>\n                        <\/div>\n                        <script>\n                            var gallery_1 = {\n                                rtl: false,\n                                native_zoom: false,\n                                zoom_max: 5,\n                                zoom_step: 40,\n                                image_sequence: [{\"src\":\"https:\\\/\\\/expoflamenco.com\\\/agenda\\\/wp-content\\\/uploads\\\/sites\\\/22\\\/2026\\\/06\\\/CARTEL-VERANO-FLAMENCO-2026.GENERICO.webp\",\"w\":900,\"h\":1262,\"title\":\"\"},{\"src\":\"https:\\\/\\\/expoflamenco.com\\\/agenda\\\/wp-content\\\/uploads\\\/sites\\\/22\\\/2026\\\/08\\\/7.JUEVES-FLAMENCO-EN-LA-BULERIA-2026.IVANDAVID-Y-ANA.webp\",\"w\":321,\"h\":450,\"title\":\"\"},{\"src\":\"https:\\\/\\\/expoflamenco.com\\\/agenda\\\/wp-content\\\/uploads\\\/sites\\\/22\\\/2026\\\/07\\\/6.JUEVES-FLAMENCO-EN-LA-BULERIA-2026.-Jaime-CandieAlberto-Franco-y-Academia-2.webp\",\"w\":321,\"h\":450,\"title\":\"Jueves Pe\\u00f1a la Buleria\"},{\"src\":\"https:\\\/\\\/expoflamenco.com\\\/agenda\\\/wp-content\\\/uploads\\\/sites\\\/22\\\/2026\\\/07\\\/5.JUEVES-FLAMENCO-EN-LA-BULERIA-2026.-MARIA-MTNEZ-MANUEL-LEON.-1.webp\",\"w\":321,\"h\":450,\"title\":\"\"},{\"src\":\"https:\\\/\\\/expoflamenco.com\\\/agenda\\\/wp-content\\\/uploads\\\/sites\\\/22\\\/2026\\\/07\\\/3.jJUEVES-FLAMENCO-EN-LA-BULERIA.-Tio-Morito-y-Alberto-Franco.webp\",\"w\":321,\"h\":450,\"title\":\"\"},{\"src\":\"https:\\\/\\\/expoflamenco.com\\\/agenda\\\/wp-content\\\/uploads\\\/sites\\\/22\\\/2026\\\/06\\\/2.jueves-flamenco-en-la-buleria-Maria-Mtne-Lycas-Benitez-y-Lorena-Caballero.webp\",\"w\":321,\"h\":450,\"title\":\"\"}]\n                            };\n                        <\/script>\n                    <\/div>\n<p>&nbsp;<\/p>\n<p>&nbsp;<\/p>\n<p>&nbsp;<\/p>\n<figure id=\"attachment_82995\" aria-describedby=\"caption-attachment-82995\" style=\"width: 620px\" class=\"wp-caption alignnone\"><img decoding=\"async\" class=\"size-full wp-image-82995\" src=\"https:\/\/expoflamenco.com\/agenda\/wp-content\/uploads\/sites\/22\/2026\/06\/agenda.webp\" alt=\"Promotional banner in Spanish inviting you to appear in our agenda: &apos;Aparece en nuestra agenda&apos; with calendar icons and &apos;Env\u00edanos tu evento GRATIS&apos;\u2014email: agenda@expoflamenco.com.\" width=\"620\" height=\"234\" \/><figcaption id=\"caption-attachment-82995\" class=\"wp-caption-text\">Y si quieres llegar a miles de persona, publicita tu proyecto: publicidad@expoflamenco.com<\/figcaption><\/figure>\n","protected":false},"excerpt":{"rendered":"<p>04 de Septiembre. 22:30h FLAMENCOS EN EL PATIO DE LA BULER\u00cdA. Seguimos el Verano Flamenco 2026 en la\u00a0Pe\u00f1a la Buler\u00eda, Calle Empedrada 20, JEREZ, recitales realizados con la colaboraci\u00f3n de todos los artistas y aficionados que participan y as\u00ed tener estos momentos de convivencia entre Soci@s, amig@s y visitantes. Este\u00a0VIERNES 4 de SEPTIEMBRE, a partir [&hellip;]<\/p>\n","protected":false},"author":56,"featured_media":83554,"comment_status":"open","ping_status":"closed","template":"","tags":[1805,784,2146],"mec_category":[477,478,476,479,758],"mec_sponsor":[],"class_list":["post-83553","mec-events","type-mec-events","status-publish","has-post-thumbnail","hentry","tag-1805","tag-pena-la-buleria","tag-verano-2026","mec_category-baile","mec_category-cante","mec_category-concierto","mec_category-guitarra","mec_category-pena","pmpro-has-access"],"acf":[],"_links":{"self":[{"href":"https:\/\/expoflamenco.com\/agenda\/wp-json\/wp\/v2\/mec-events\/83553","targetHints":{"allow":["GET"]}}],"collection":[{"href":"https:\/\/expoflamenco.com\/agenda\/wp-json\/wp\/v2\/mec-events"}],"about":[{"href":"https:\/\/expoflamenco.com\/agenda\/wp-json\/wp\/v2\/types\/mec-events"}],"author":[{"embeddable":true,"href":"https:\/\/expoflamenco.com\/agenda\/wp-json\/wp\/v2\/users\/56"}],"replies":[{"embeddable":true,"href":"https:\/\/expoflamenco.com\/agenda\/wp-json\/wp\/v2\/comments?post=83553"}],"wp:featuredmedia":[{"embeddable":true,"href":"https:\/\/expoflamenco.com\/agenda\/wp-json\/wp\/v2\/media\/83554"}],"wp:attachment":[{"href":"https:\/\/expoflamenco.com\/agenda\/wp-json\/wp\/v2\/media?parent=83553"}],"wp:term":[{"taxonomy":"post_tag","embeddable":true,"href":"https:\/\/expoflamenco.com\/agenda\/wp-json\/wp\/v2\/tags?post=83553"},{"taxonomy":"mec_category","embeddable":true,"href":"https:\/\/expoflamenco.com\/agenda\/wp-json\/wp\/v2\/mec_category?post=83553"},{"taxonomy":"mec_sponsor","embeddable":true,"href":"https:\/\/expoflamenco.com\/agenda\/wp-json\/wp\/v2\/mec_sponsor?post=83553"}],"curies":[{"name":"wp","href":"https:\/\/api.w.org\/{rel}","templated":true}]}}