{"id":83541,"date":"2026-09-01T10:56:13","date_gmt":"2026-09-01T08:56:13","guid":{"rendered":"https:\/\/expoflamenco.com\/agenda\/?post_type=mec-events&#038;p=83541"},"modified":"2026-09-01T10:56:13","modified_gmt":"2026-09-01T08:56:13","slug":"lxv-festival-de-cante-jondo-antonio-mairena","status":"publish","type":"mec-events","link":"https:\/\/expoflamenco.com\/agenda\/eventos\/lxv-festival-de-cante-jondo-antonio-mairena\/","title":{"rendered":"LXV Festival de Cante Jondo \u00abAntonio Mairena\u00bb"},"content":{"rendered":"<hr \/>\n<h3 style=\"text-align: center\">01 al 05 de Septiembre<\/h3>\n<hr \/>\n<p style=\"text-align: left\"><strong>Martes, 1 de septiembre: <\/strong><\/p>\n<p style=\"text-align: left\"><strong>21:00 horas\u00a0&#8211; <\/strong>Casa Palacio de los Duques de Arcos con la <strong>inauguraci\u00f3n institucional<\/strong> a cargo del alcalde de Mairena del Alcor, Juan Manuel L\u00f3pez.<\/p>\n<p style=\"text-align: left\"><strong>21:15 horas &#8211; Conferencia<\/strong> \u2018Diego Clavel: \u00e9tica y est\u00e9tica\u2019, que ser\u00e1 impartida por Pedro Lopeh.<\/p>\n<p style=\"text-align: left\"><strong>22:30 horas &#8211; Recital flamenco de Rubito de Par\u00e1,<\/strong> quien estar\u00e1 acompa\u00f1ado por la guitarra de Antonio Carri\u00f3n.<\/p>\n<p style=\"text-align: left\">\n<p style=\"text-align: left\"><strong>Mi\u00e9rcoles, 2 de septiembre:<\/strong><\/p>\n<p style=\"text-align: left\"><strong>21:30 horas &#8211;\u00a0 Teatro Municipal Calixto S\u00e1nchez.<\/strong> Ballet Flamenco de Andaluc\u00eda, que pondr\u00e1 en escena su aclamado espect\u00e1culo \u2018Flamenco Patrimonio\u2019, una producci\u00f3n que ensalza las ra\u00edces y la evoluci\u00f3n de este arte universal.<\/p>\n<p style=\"text-align: left\">\n<p style=\"text-align: left\"><strong>Jueves, 3 de septiembre:\u00a0<\/strong><\/p>\n<p style=\"text-align: left\"><strong>11:00 horas &#8211; Masterclass<\/strong> formativa a cargo del bailaor Alejandro Rodr\u00edguez. <em>Inscripciones: La actividad es gratuita y cuenta con plazas limitadas.<\/em><\/p>\n<p style=\"text-align: left\"><strong>21:00 horas &#8211; encuentro \u201cRomerito de Jerez,<\/strong> casi un siglo de testimonio flamenco\u201d, un espacio de di\u00e1logo \u00fanico que contar\u00e1 con las intervenciones del propio Romerito de Jerez y Juan Garrido.<\/p>\n<p style=\"text-align: left\"><strong>22:30 horas &#8211; Recital de guitarra<\/strong> de uno de los grandes maestros contempor\u00e1neos del toque, <strong>Diego del Morao.<\/strong><\/p>\n<p style=\"text-align: left\">\n<p style=\"text-align: left\"><strong>Viernes, 4 de septiembre:\u00a0 <\/strong><\/p>\n<p style=\"text-align: left\"><strong>22:00h &#8211; LXIV Concurso Nacional de Cante Jondo Antonio Mairena<br \/>\n<\/strong>Auditorrio Municipal Manuel Mairena<\/p>\n<p style=\"text-align: left\">\n<p style=\"text-align: left\"><strong>S\u00e1bado, 5 de septiembre: La gran noche de la LXV Gala del Festival\u00a0<\/strong><\/p>\n<p style=\"text-align: left\"><strong>22:00 horas<\/strong> &#8211;\u00a0 Auditorio Municipal Manuel Mairena &#8211; gran gala de esta LXV edici\u00f3n, presentada por Manuel Mart\u00edn Mart\u00edn y protagonizada por un elenco hist\u00f3rico que reunir\u00e1 al cante a figuras de la talla de Jos\u00e9 Merc\u00e9, La Macanita, Juan de Mairena y Roc\u00edo Luna, respaldados por el toque de los guitarristas Antonio Higuero, Manuel Valencia, Francis G\u00f3mez y Benito Bernal; una noche de m\u00e1xima altura art\u00edstica que coronar\u00e1 el baile magistral de Juan Manuel Fern\u00e1ndez Montoya \u201cFARRUQUITO\u201d, quien estar\u00e1 acompa\u00f1ado por las voces de Ismael de la Rosa \u201cBola\u201d, Manuel de la Nina y Mari Viz\u00e1rraga, junto a la guitarra de Manuel Valencia y la percusi\u00f3n de Paco Vega.<\/p>\n<p style=\"text-align: left\"><strong>Venta de entradas<\/strong><\/p>\n<p style=\"text-align: left\">Respecto a las localidades, las entradas saldr\u00e1n a la venta el pr\u00f3ximo 3 de agosto de 2026 y podr\u00e1n adquirirse tanto de forma digital, a trav\u00e9s de la web oficial del Ayuntamiento (www.mairenadelalcor.es) y de la plataforma www.giglon.com, como de manera presencial en el edificio Villa del Conocimiento y las Artes (C\/ D. Agust\u00edn Jim\u00e9nez Jim\u00e9nez Vallejo, 11) en horario de 9:00 a 14:00 horas;<\/p>\n<p style=\"text-align: left\">Los precios oscilan entre los 10 \u20ac para la Flamenkedada o el espect\u00e1culo \u2018Flamenco Patrimonio\u2019 y los 15 \u20ac o 20 \u20ac para la Gala del Festival (seg\u00fan sea entrada sin numerar o numerada), ofreci\u00e9ndose adem\u00e1s opciones de abonos combinados que incluyen la Flamenkedada y el Festival por 20 \u20ac (sin numerar) o el acceso completo a la Flamenkedada, Flamenco Patrimonio y la Gala del Festival por 25 \u20ac (con entrada numerada).<\/p>\n<div style='display:none' class=\"jeg_preview_slider gallery_1\" data-selector='gallery_1' data-icon-prev-html=\"&lt;span class=&quot;jeg-fa-4 jeg-icon-svg jeg-svg-angle-left jeg-preview-control-icon&quot; aria-hidden=&quot;true&quot;&gt;&lt;svg xmlns=&quot;http:\/\/www.w3.org\/2000\/svg&quot; viewBox=&quot;0 0 640 1792&quot; aria-hidden=&quot;true&quot;&gt;&lt;g transform=&quot;translate(0 1536) scale(1 -1)&quot;&gt;&lt;path fill=&quot;currentColor&quot; d=&quot;M627 992q0 -13 -10 -23l-393 -393l393 -393q10 -10 10 -23t-10 -23l-50 -50q-10 -10 -23 -10t-23 10l-466 466q-10 10 -10 23t10 23l466 466q10 10 23 10t23 -10l50 -50q10 -10 10 -23z&quot;\/&gt;&lt;\/g&gt;&lt;\/svg&gt;&lt;\/span&gt;\" data-icon-next-html=\"&lt;span class=&quot;jeg-fa-4 jeg-icon-svg jeg-svg-angle-right jeg-preview-control-icon&quot; aria-hidden=&quot;true&quot;&gt;&lt;svg xmlns=&quot;http:\/\/www.w3.org\/2000\/svg&quot; viewBox=&quot;0 0 640 1792&quot; aria-hidden=&quot;true&quot;&gt;&lt;g transform=&quot;translate(0 1536) scale(1 -1)&quot;&gt;&lt;path fill=&quot;currentColor&quot; d=&quot;M595 576q0 -13 -10 -23l-466 -466q-10 -10 -23 -10t-23 10l-50 50q-10 10 -10 23t10 23l393 393l-393 393q-10 10 -10 23t10 23l50 50q10 10 23 10t23 -10l466 -466q10 -10 10 -23z&quot;\/&gt;&lt;\/g&gt;&lt;\/svg&gt;&lt;\/span&gt;\" data-icon-expand-html=\"&lt;span class=&quot;jeg-fa-4 jeg-icon-svg jeg-svg-expand jeg-preview-toggle-icon&quot; aria-hidden=&quot;true&quot;&gt;&lt;svg xmlns=&quot;http:\/\/www.w3.org\/2000\/svg&quot; viewBox=&quot;0 0 1536 1792&quot; aria-hidden=&quot;true&quot;&gt;&lt;g transform=&quot;translate(0 1536) scale(1 -1)&quot;&gt;&lt;path fill=&quot;currentColor&quot; d=&quot;M755 480q0 -13 -10 -23l-332 -332l144 -144q19 -19 19 -45t-19 -45t-45 -19h-448q-26 0 -45 19t-19 45v448q0 26 19 45t45 19t45 -19l144 -144l332 332q10 10 23 10t23 -10l114 -114q10 -10 10 -23zM1536 1344v-448q0 -26 -19 -45t-45 -19t-45 19l-144 144l-332 -332 q-10 -10 -23 -10t-23 10l-114 114q-10 10 -10 23t10 23l332 332l-144 144q-19 19 -19 45t19 45t45 19h448q26 0 45 -19t19 -45z&quot;\/&gt;&lt;\/g&gt;&lt;\/svg&gt;&lt;\/span&gt;\" data-icon-close-html=\"&lt;span class=&quot;jeg-fa-4 jeg-icon-svg jeg-svg-compress jeg-preview-toggle-icon&quot; aria-hidden=&quot;true&quot;&gt;&lt;svg xmlns=&quot;http:\/\/www.w3.org\/2000\/svg&quot; viewBox=&quot;0 0 1536 1792&quot; aria-hidden=&quot;true&quot;&gt;&lt;g transform=&quot;translate(0 1536) scale(1 -1)&quot;&gt;&lt;path fill=&quot;currentColor&quot; d=&quot;M768 576v-448q0 -26 -19 -45t-45 -19t-45 19l-144 144l-332 -332q-10 -10 -23 -10t-23 10l-114 114q-10 10 -10 23t10 23l332 332l-144 144q-19 19 -19 45t19 45t45 19h448q26 0 45 -19t19 -45zM1523 1248q0 -13 -10 -23l-332 -332l144 -144q19 -19 19 -45t-19 -45 t-45 -19h-448q-26 0 -45 19t-19 45v448q0 26 19 45t45 19t45 -19l144 -144l332 332q10 10 23 10t23 -10l114 -114q10 -10 10 -23z&quot;\/&gt;&lt;\/g&gt;&lt;\/svg&gt;&lt;\/span&gt;\">\n                        <div class=\"jeg_preview_holder\">\n                            <div class=\"jeg_preview_media\">\n                        <div class=\"jeg_preview_media_holder\">\n                            <h3>&nbsp;<\/h3>\n                            <div class=\"fullscreen-switch\">\n                                <i class=\"fa\"><\/i>\n                            <\/div>\n                            <div class=\"jeg_preview_media_content\">\n                                <div class=\"jeg_preview_media_content_holder_padding\">\n                                    <div class=\"jeg_preview_media_content_holder\"><\/div>\n                                <\/div>\n                                <div class=\"jeg_preview_media_content_navigation\">\n                                    <div class=\"prev\">\n\t\t\t\t\t\t\t\t\t\t<i class=\"fa\"><\/i>\n\t\t\t\t\t\t\t\t\t<\/div>\n                                    <div class=\"next\">\n\t\t\t\t\t\t\t\t\t\t<i class=\"fa\"><\/i>\n\t\t\t\t\t\t\t\t\t<\/div>\n                                <\/div>\n                                <div class='preview-slider-overlay'>\n                                    <div class='preloader_type preloader_dot'>\n                                        <div class=\"module-preloader jeg_preloader dot\">\n                                            <span><\/span><span><\/span><span><\/span>\n                                        <\/div>\n                                        <div class=\"module-preloader jeg_preloader circle\">\n                                            <div class=\"jnews_preloader_circle_outer\">\n                                                <div class=\"jnews_preloader_circle_inner\"><\/div>\n                                            <\/div>\n                                        <\/div>\n                                        <div class=\"module-preloader jeg_preloader square\">\n                                            <div class=\"jeg_square\">\n                                                <div class=\"jeg_square_inner\"><\/div>\n                                            <\/div>\n                                        <\/div>\n                                    <\/div>\n                                <\/div>\n                            <\/div>\n                            <div class=\"jeg_preview_control\">\n                                <div class=\"left_control\">\n                                    <div class=\"counter\"><span class=\"current\">1<\/span> de  2<\/div>\n                                    <div class=\"subtitle\"><\/div>\n                                <\/div>\n                                <div class=\"zoom\">\n                                    <span class=\"reduce\">-<\/span>\n                                    <span class=\"increase\">+<\/span>\n                                <\/div>\n                            <\/div>\n                        <\/div>\n                    <\/div>\n\n                    <div class=\"jeg_preview_bottom_slider\">\n                        <a data-id=\"0\" data-title=\"\" data-image=\"https:\/\/expoflamenco.com\/agenda\/wp-content\/uploads\/sites\/22\/2026\/09\/concurso-antonio-mairena-2026-cartel.webp\" href=\"https:\/\/expoflamenco.com\/agenda\/wp-content\/uploads\/sites\/22\/2026\/09\/concurso-antonio-mairena-2026-cartel.webp\" class=\"jeg_preview_item active\">\n                            <div class=\"jeg_preview_item_thumbnail\">\n                                <img decoding=\"async\" width=\"120\" height=\"86\" src=\"https:\/\/expoflamenco.com\/agenda\/wp-content\/uploads\/sites\/22\/2026\/09\/concurso-antonio-mairena-2026-cartel-120x86.webp\" class=\"attachment-jnews-120x86 size-jnews-120x86\" alt=\"\" srcset=\"https:\/\/expoflamenco.com\/agenda\/wp-content\/uploads\/sites\/22\/2026\/09\/concurso-antonio-mairena-2026-cartel-120x86.webp 120w, https:\/\/expoflamenco.com\/agenda\/wp-content\/uploads\/sites\/22\/2026\/09\/concurso-antonio-mairena-2026-cartel-350x250.webp 350w\" sizes=\"(max-width: 120px) 100vw, 120px\" \/>\n                            <\/div>\n                        <\/a><a data-id=\"1\" data-title=\"\" data-image=\"https:\/\/expoflamenco.com\/agenda\/wp-content\/uploads\/sites\/22\/2026\/09\/festival-antonio-mairena-cartel-2026.webp\" href=\"https:\/\/expoflamenco.com\/agenda\/wp-content\/uploads\/sites\/22\/2026\/09\/festival-antonio-mairena-cartel-2026.webp\" class=\"jeg_preview_item \">\n                            <div class=\"jeg_preview_item_thumbnail\">\n                                <img decoding=\"async\" width=\"120\" height=\"86\" src=\"https:\/\/expoflamenco.com\/agenda\/wp-content\/uploads\/sites\/22\/2026\/09\/festival-antonio-mairena-cartel-2026-120x86.webp\" class=\"attachment-jnews-120x86 size-jnews-120x86\" alt=\"\" srcset=\"https:\/\/expoflamenco.com\/agenda\/wp-content\/uploads\/sites\/22\/2026\/09\/festival-antonio-mairena-cartel-2026-120x86.webp 120w, https:\/\/expoflamenco.com\/agenda\/wp-content\/uploads\/sites\/22\/2026\/09\/festival-antonio-mairena-cartel-2026-350x250.webp 350w, https:\/\/expoflamenco.com\/agenda\/wp-content\/uploads\/sites\/22\/2026\/09\/festival-antonio-mairena-cartel-2026-750x536.webp 750w\" sizes=\"(max-width: 120px) 100vw, 120px\" \/>\n                            <\/div>\n                        <\/a>\n                    <\/div>\n                        <\/div>\n                        <div class=\"jeg_preview_description\">\n                            \n                            <div class=\"jeg_preview_description_wrapper\">\n                            \n                            <\/div>\n                        <\/div>\n                        <script>\n                            var gallery_1 = {\n                                rtl: false,\n                                native_zoom: false,\n                                zoom_max: 5,\n                                zoom_step: 40,\n                                image_sequence: [{\"src\":\"https:\\\/\\\/expoflamenco.com\\\/agenda\\\/wp-content\\\/uploads\\\/sites\\\/22\\\/2026\\\/09\\\/concurso-antonio-mairena-2026-cartel.webp\",\"w\":512,\"h\":640,\"title\":\"\"},{\"src\":\"https:\\\/\\\/expoflamenco.com\\\/agenda\\\/wp-content\\\/uploads\\\/sites\\\/22\\\/2026\\\/09\\\/festival-antonio-mairena-cartel-2026.webp\",\"w\":900,\"h\":1500,\"title\":\"\"}]\n                            };\n                        <\/script>\n                    <\/div>\n","protected":false},"excerpt":{"rendered":"<p>01 al 05 de Septiembre Martes, 1 de septiembre: 21:00 horas\u00a0&#8211; Casa Palacio de los Duques de Arcos con la inauguraci\u00f3n institucional a cargo del alcalde de Mairena del Alcor, Juan Manuel L\u00f3pez. 21:15 horas &#8211; Conferencia \u2018Diego Clavel: \u00e9tica y est\u00e9tica\u2019, que ser\u00e1 impartida por Pedro Lopeh. 22:30 horas &#8211; Recital flamenco de Rubito [&hellip;]<\/p>\n","protected":false},"author":56,"featured_media":83544,"comment_status":"open","ping_status":"closed","template":"","tags":[235,1805,689,2241,675,2240,237],"mec_category":[477,476,480,1370,472,479],"mec_sponsor":[],"class_list":["post-83541","mec-events","type-mec-events","status-publish","has-post-thumbnail","hentry","tag-jose-merce","tag-1805","tag-ballet-flamenco-de-andalucia","tag-diego-del-morao","tag-farruquito","tag-festival-antonio-mairena","tag-la-macanita","mec_category-baile","mec_category-concierto","mec_category-concurso","mec_category-conferencia","mec_category-festival","mec_category-guitarra","pmpro-has-access"],"acf":[],"_links":{"self":[{"href":"https:\/\/expoflamenco.com\/agenda\/wp-json\/wp\/v2\/mec-events\/83541","targetHints":{"allow":["GET"]}}],"collection":[{"href":"https:\/\/expoflamenco.com\/agenda\/wp-json\/wp\/v2\/mec-events"}],"about":[{"href":"https:\/\/expoflamenco.com\/agenda\/wp-json\/wp\/v2\/types\/mec-events"}],"author":[{"embeddable":true,"href":"https:\/\/expoflamenco.com\/agenda\/wp-json\/wp\/v2\/users\/56"}],"replies":[{"embeddable":true,"href":"https:\/\/expoflamenco.com\/agenda\/wp-json\/wp\/v2\/comments?post=83541"}],"wp:featuredmedia":[{"embeddable":true,"href":"https:\/\/expoflamenco.com\/agenda\/wp-json\/wp\/v2\/media\/83544"}],"wp:attachment":[{"href":"https:\/\/expoflamenco.com\/agenda\/wp-json\/wp\/v2\/media?parent=83541"}],"wp:term":[{"taxonomy":"post_tag","embeddable":true,"href":"https:\/\/expoflamenco.com\/agenda\/wp-json\/wp\/v2\/tags?post=83541"},{"taxonomy":"mec_category","embeddable":true,"href":"https:\/\/expoflamenco.com\/agenda\/wp-json\/wp\/v2\/mec_category?post=83541"},{"taxonomy":"mec_sponsor","embeddable":true,"href":"https:\/\/expoflamenco.com\/agenda\/wp-json\/wp\/v2\/mec_sponsor?post=83541"}],"curies":[{"name":"wp","href":"https:\/\/api.w.org\/{rel}","templated":true}]}}