{"id":82212,"date":"2026-04-01T11:19:47","date_gmt":"2026-04-01T09:19:47","guid":{"rendered":"https:\/\/expoflamenco.com\/agenda\/?post_type=mec-events&#038;p=82212"},"modified":"2026-04-01T11:21:00","modified_gmt":"2026-04-01T09:21:00","slug":"xxxvi-semana-cultural-de-actividades-flamencas-de-paradas-2026","status":"publish","type":"mec-events","link":"https:\/\/expoflamenco.com\/agenda\/eventos\/xxxvi-semana-cultural-de-actividades-flamencas-de-paradas-2026\/","title":{"rendered":"XXXVI Semana Cultural De Actividades Flamencas de Paradas 2026"},"content":{"rendered":"<hr \/>\n<h3 style=\"text-align: center\">Del 12 al 18 de abril<\/h3>\n<hr \/>\n<p style=\"text-align: left\">Una edici\u00f3n muy especial dedicada a Jos\u00e9 Mar\u00eda Vel\u00e1zquez-Gaztelu.<\/p>\n<p style=\"text-align: left\">Paradas acoge una semana llena de arte y comp\u00e1s, con propuestas para disfrutar del flamenco en todas sus formas:<\/p>\n<p style=\"text-align: left\">Cante, baile y toque<\/p>\n<p style=\"text-align: left\">Actividades previas a la semana<\/p>\n<p style=\"text-align: left\">Conferencias y actividades culturales<\/p>\n<p style=\"text-align: left\">Paradas (Sevilla)<\/p>\n<p style=\"text-align: left\">Siete d\u00edas para vivir el flamenco junto a grandes artistas. \u00a1No te lo pierdas!<\/p>\n<p style=\"text-align: left\">En cuanto al acceso,\u00a0<strong>todas las actividades programadas son de car\u00e1cter gratuito, salvo el acto de clausura del s\u00e1bado 18 de abril<\/strong>, cuya entrada tendr\u00e1 un precio de 10 euros para los no socios, manteniendo as\u00ed el car\u00e1cter accesible que ha definido hist\u00f3ricamente a esta cita organizada por la Pe\u00f1a Miguel Vargas.<\/p>\n<h4>PROGRAMACI\u00d3N:<\/h4>\n<figure style=\"width: 1152px\" class=\"wp-caption aligncenter\"><img decoding=\"async\" class=\"size-full wp-image-82215\" src=\"https:\/\/expoflamenco.com\/agenda\/wp-content\/uploads\/sites\/22\/2026\/03\/xxxvi-semana-cultural-actividades-flamencas-paradas-.jpeg\" alt=\"\" width=\"1152\" height=\"1627\" srcset=\"https:\/\/expoflamenco.com\/agenda\/wp-content\/uploads\/sites\/22\/2026\/03\/xxxvi-semana-cultural-actividades-flamencas-paradas-.jpeg 1152w, https:\/\/expoflamenco.com\/agenda\/wp-content\/uploads\/sites\/22\/2026\/03\/xxxvi-semana-cultural-actividades-flamencas-paradas--269x380.jpeg 269w, https:\/\/expoflamenco.com\/agenda\/wp-content\/uploads\/sites\/22\/2026\/03\/xxxvi-semana-cultural-actividades-flamencas-paradas--404x570.jpeg 404w, https:\/\/expoflamenco.com\/agenda\/wp-content\/uploads\/sites\/22\/2026\/03\/xxxvi-semana-cultural-actividades-flamencas-paradas--768x1085.jpeg 768w, https:\/\/expoflamenco.com\/agenda\/wp-content\/uploads\/sites\/22\/2026\/03\/xxxvi-semana-cultural-actividades-flamencas-paradas--1088x1536.jpeg 1088w, https:\/\/expoflamenco.com\/agenda\/wp-content\/uploads\/sites\/22\/2026\/03\/xxxvi-semana-cultural-actividades-flamencas-paradas--750x1059.jpeg 750w, https:\/\/expoflamenco.com\/agenda\/wp-content\/uploads\/sites\/22\/2026\/03\/xxxvi-semana-cultural-actividades-flamencas-paradas--1140x1610.jpeg 1140w\" sizes=\"(max-width: 1152px) 100vw, 1152px\" \/><figcaption class=\"wp-caption-text\">XXXVI Semana Cultural De Actividades Flamencas de Paradas 2026 &#8211; Programaci\u00f3n<\/figcaption><\/figure>\n<p>&nbsp;<\/p>\n<\/div>\n<p>&nbsp;<\/p>\n<p>&nbsp;<\/p>\n<figure id=\"attachment_82213\" aria-describedby=\"caption-attachment-82213\" style=\"width: 1142px\" class=\"wp-caption aligncenter\"><img decoding=\"async\" class=\"size-full wp-image-82213\" src=\"https:\/\/expoflamenco.com\/agenda\/wp-content\/uploads\/sites\/22\/2026\/03\/cartel-parada.webp\" alt=\"\" width=\"1142\" height=\"1600\" srcset=\"https:\/\/expoflamenco.com\/agenda\/wp-content\/uploads\/sites\/22\/2026\/03\/cartel-parada.webp 1142w, https:\/\/expoflamenco.com\/agenda\/wp-content\/uploads\/sites\/22\/2026\/03\/cartel-parada-271x380.webp 271w, https:\/\/expoflamenco.com\/agenda\/wp-content\/uploads\/sites\/22\/2026\/03\/cartel-parada-407x570.webp 407w, https:\/\/expoflamenco.com\/agenda\/wp-content\/uploads\/sites\/22\/2026\/03\/cartel-parada-768x1076.webp 768w, https:\/\/expoflamenco.com\/agenda\/wp-content\/uploads\/sites\/22\/2026\/03\/cartel-parada-1096x1536.webp 1096w, https:\/\/expoflamenco.com\/agenda\/wp-content\/uploads\/sites\/22\/2026\/03\/cartel-parada-360x504.webp 360w, https:\/\/expoflamenco.com\/agenda\/wp-content\/uploads\/sites\/22\/2026\/03\/cartel-parada-750x1051.webp 750w, https:\/\/expoflamenco.com\/agenda\/wp-content\/uploads\/sites\/22\/2026\/03\/cartel-parada-1140x1597.webp 1140w\" sizes=\"(max-width: 1142px) 100vw, 1142px\" \/><figcaption id=\"caption-attachment-82213\" class=\"wp-caption-text\">XXXVI Semana Cultural De Actividades Flamencas de Paradas 2026<\/figcaption><\/figure>\n<hr \/>\n<p><em>\u00bfQuieres que tu evento aparezca en nuestra agenda? Es totalmente gratuito: Env\u00edanos la informaci\u00f3n lo m\u00e1s completa posible y subiremos conforme relevancia y nuestra disponibilidad. Tendr\u00e1n prioridad los eventos con programaci\u00f3n mensual o ciclos. Y si quieres anunciarte con nosotros, tenemos muchas opciones. Env\u00edanos un mensaje a agenda@expoflamenco.com.<\/em><\/p>\n","protected":false},"excerpt":{"rendered":"<p>Del 12 al 18 de abril Una edici\u00f3n muy especial dedicada a Jos\u00e9 Mar\u00eda Vel\u00e1zquez-Gaztelu. Paradas acoge una semana llena de arte y comp\u00e1s, con propuestas para disfrutar del flamenco en todas sus formas: Cante, baile y toque Actividades previas a la semana Conferencias y actividades culturales Paradas (Sevilla) Siete d\u00edas para vivir el flamenco [&hellip;]<\/p>\n","protected":false},"author":56,"featured_media":82213,"comment_status":"open","ping_status":"closed","template":"","tags":[1179,1569,832,260,2021],"mec_category":[477,478,1370,472,479],"mec_sponsor":[],"class_list":["post-82212","mec-events","type-mec-events","status-publish","has-post-thumbnail","hentry","tag-conciertos","tag-conferencias","tag-encuentros","tag-festival-flamenco","tag-paradas","mec_category-baile","mec_category-cante","mec_category-conferencia","mec_category-festival","mec_category-guitarra","pmpro-has-access"],"acf":[],"aioseo_notices":[],"_links":{"self":[{"href":"https:\/\/expoflamenco.com\/agenda\/wp-json\/wp\/v2\/mec-events\/82212","targetHints":{"allow":["GET"]}}],"collection":[{"href":"https:\/\/expoflamenco.com\/agenda\/wp-json\/wp\/v2\/mec-events"}],"about":[{"href":"https:\/\/expoflamenco.com\/agenda\/wp-json\/wp\/v2\/types\/mec-events"}],"author":[{"embeddable":true,"href":"https:\/\/expoflamenco.com\/agenda\/wp-json\/wp\/v2\/users\/56"}],"replies":[{"embeddable":true,"href":"https:\/\/expoflamenco.com\/agenda\/wp-json\/wp\/v2\/comments?post=82212"}],"wp:featuredmedia":[{"embeddable":true,"href":"https:\/\/expoflamenco.com\/agenda\/wp-json\/wp\/v2\/media\/82213"}],"wp:attachment":[{"href":"https:\/\/expoflamenco.com\/agenda\/wp-json\/wp\/v2\/media?parent=82212"}],"wp:term":[{"taxonomy":"post_tag","embeddable":true,"href":"https:\/\/expoflamenco.com\/agenda\/wp-json\/wp\/v2\/tags?post=82212"},{"taxonomy":"mec_category","embeddable":true,"href":"https:\/\/expoflamenco.com\/agenda\/wp-json\/wp\/v2\/mec_category?post=82212"},{"taxonomy":"mec_sponsor","embeddable":true,"href":"https:\/\/expoflamenco.com\/agenda\/wp-json\/wp\/v2\/mec_sponsor?post=82212"}],"curies":[{"name":"wp","href":"https:\/\/api.w.org\/{rel}","templated":true}]}}