{"id":82152,"date":"2026-03-25T10:23:51","date_gmt":"2026-03-25T09:23:51","guid":{"rendered":"https:\/\/expoflamenco.com\/agenda\/?post_type=mec-events&#038;p=82152"},"modified":"2026-03-25T08:47:11","modified_gmt":"2026-03-25T07:47:11","slug":"aienruta-flamencos-2026","status":"publish","type":"mec-events","link":"https:\/\/expoflamenco.com\/agenda\/eventos\/aienruta-flamencos-2026\/","title":{"rendered":"AIEnRuta Flamencos &#8211; 2026"},"content":{"rendered":"<hr \/>\n<h3 style=\"text-align: center\">Marzo a Junio<\/h3>\n<hr \/>\n<h4 style=\"text-align: left\">PROGRAMACI\u00d3N<\/h4>\n<p style=\"text-align: left\"><strong>Saetas de la Semana Santa madrile\u00f1a.<\/strong><br \/>\nUniversidad de Alcal\u00e1 de Henares.<br \/>\nUniversidad Complutense.<\/p>\n<p style=\"text-align: left\">CANTE<br \/>\n<strong>ANTONIO CORT\u00c9S<br \/>\nESPERANZA GARRIDO<br \/>\nJUAN JUANELO<\/strong><br \/>\nTOQUE<br \/>\n<strong>ABRAHAM LOJO<br \/>\nV\u00cdCTOR FRANCO<\/strong><br \/>\nOTROS INSTRUMENTOS<br \/>\n<strong>MANUEL MORENO\u00a0<\/strong>(piano)<\/p>\n<hr \/>\n<p style=\"text-align: left\"><strong>SAETAS SEMANA SANTA<\/strong><br \/>\nAyuntamiento de Madrid-AIEnRuta flamencos<\/p>\n<p style=\"text-align: left\"><strong>ESPERANZA GARRIDO Saeta La Borriquita<\/strong><br \/>\n29\/03\/2026 Balc\u00f3n Plaza de la Villa 16:30<\/p>\n<p style=\"text-align: left\"><strong>ESPERANZA GARRIDO Saeta Procesi\u00f3n del Silencio<\/strong><br \/>\n30\/03\/2026 Balc\u00f3n Plaza de la Villa 17:00<\/p>\n<p style=\"text-align: left\"><strong>ESPERANZA GARRIDO Saeta Procesi\u00f3n de los Estudiantes<\/strong><br \/>\n31\/03\/2026 Balc\u00f3n Plaza de la Villa 18:00<\/p>\n<p style=\"text-align: left\"><strong>JUANELO Saeta Procesi\u00f3n Cristo de los Gitanos<\/strong><br \/>\n01\/04\/2026 Balc\u00f3n Casa de Correos 21:00<\/p>\n<p style=\"text-align: left\"><strong>ISMAEL DE LA ROSA Saeta Procesi\u00f3n Jes\u00fas el Pobre<\/strong><br \/>\n02\/04\/2026 Balc\u00f3n Plaza de la Villa19:30<\/p>\n<p style=\"text-align: left\"><strong>ISMAEL DE LA ROSA\u00a0Saeta Procesi\u00f3n Jes\u00fas del Gran Poder y Macarena<\/strong><br \/>\n02\/04\/2026\u00a0Balc\u00f3n Casa de Correos\u00a021:30<\/p>\n<p style=\"text-align: left\"><strong>JOS\u00c9 EL BERENJENO\u00a0Saeta Procesi\u00f3n Jes\u00fas de Medinaceli<\/strong><br \/>\n03\/04\/2026\u00a0\u00a0\u00a0Consejer\u00eda de Medio Ambiente\u00a021:45<\/p>\n<p style=\"text-align: left\"><strong>ISMAEL DE LA ROSA\u00a0Saeta Procesi\u00f3n Cristo Alabarderos + Siete Dolores<\/strong><br \/>\n03\/04\/2026\u00a0\u00a0\u00a0Balc\u00f3n Plaza de la Villa\u00a021:15<\/p>\n<p style=\"text-align: left\"><strong>LUC\u00cdA BELTR\u00c1N\u00a0Saeta Procesi\u00f3n Divino Cautivo<\/strong><br \/>\n03\/04\/2026\u00a0\u00a0\u00a0Balc\u00f3n Casa de Correos\u00a021:45<\/p>\n<p style=\"text-align: left\"><strong>LUC\u00cdA BELTR\u00c1N\u00a0Saeta Procesi\u00f3n Virgen de la Soledad y Desamparo<\/strong><br \/>\n04\/04\/2026\u00a0\u00a0\u00a0Balc\u00f3n Plaza de la Villa18:30<\/p>\n<hr \/>\n<p style=\"text-align: left\"><strong>CONCIERTOS UNIVERSIDAD DE ALCAL\u00c1 DE HENARES<\/strong><br \/>\nColegio los Basilios (Aula de M\u00fasica)<\/p>\n<p style=\"text-align: left\"><strong>27\/04<\/strong>\u00a0\u00a0Juanelo\u00a0(cante, guitarra y palmas)<br \/>\n<strong>28\/04<\/strong>\u00a0\u00a0V\u00edctor Franco\u00a0(guitarra)<br \/>\n<strong>29\/04<\/strong>\u00a0\u00a0Manuel Moreno\u00a0(piano, contrabajo, percusi\u00f3n)<br \/>\n<strong>30\/04\u00a0<\/strong>\u00a0Antonio Cort\u00e9s\u00a0(cante y guitarra)<\/p>\n<hr \/>\n<p style=\"text-align: left\"><strong>CONCIERTOS UNIVERSIDAD COMPLUTENSE DE MADRID<\/strong><br \/>\n23\/04<strong>\u00a0 Esperanza Garrido\u00a0<\/strong>(cante, guitarra)\u00a0 Facultad de Bellas Artes<br \/>\n21\/05\u00a0\u00a0<strong>Abraham Lojo<\/strong>\u00a0(guitarra, cello, percusi\u00f3n)\u00a0 Facultad de Educaci\u00f3n<br \/>\n28\/05\u00a0\u00a0<strong>Manuel Moreno<\/strong>\u00a0(piano, percusi\u00f3n, contrabajo) Facultad de Educaci\u00f3n<br \/>\n11\/06\u00a0<strong>V\u00edctor Franco<\/strong>\u00a0(guitarra) Instalaciones Deportivas Sur<br \/>\n26\/06 \u00a0<strong>Juanelo<\/strong>\u00a0(cante, guitarra y palmas) Instalaciones Deportivas Sur<\/p>\n<hr \/>\n<p><strong><em>\u00bfQuieres que tu evento aparezca en nuestra agenda? Es totalmente gratuito: Env\u00edanos la informaci\u00f3n lo m\u00e1s completa posible y subiremos conforme relevancia y nuestra disponibilidad. Tendr\u00e1n prioridad los eventos con programaci\u00f3n mensual o ciclos. Y si quieres anunciarte con nosotros, tenemos muchas opciones. Env\u00edanos un mensaje a agenda@expoflamenco.com.<\/em><\/strong><\/p>\n","protected":false},"excerpt":{"rendered":"<p>El Flamenco es nuestro mayor activo cultural. Pocos actos pueden asociarse a Espa\u00f1a de manera m\u00e1s inequ\u00edvoca que el de esta m\u00fasica secular. La Sociedad de Artistas AIE, puso en marcha en 2008 el circuito AIEnRuta Flamencos para ofrecer a los j\u00f3venes talentos del cante y la interpretaci\u00f3n la posibilidad de dar a conocer su impedimenta art\u00edstica en espacios poco habituales para el g\u00e9nero.<\/p>\n","protected":false},"author":56,"featured_media":79078,"comment_status":"open","ping_status":"closed","template":"","tags":[1381,1380],"mec_category":[478,479],"mec_sponsor":[],"class_list":["post-82152","mec-events","type-mec-events","status-publish","has-post-thumbnail","hentry","tag-aie-flamenco","tag-aie-ruta","mec_category-cante","mec_category-guitarra","pmpro-has-access"],"acf":[],"aioseo_notices":[],"_links":{"self":[{"href":"https:\/\/expoflamenco.com\/agenda\/wp-json\/wp\/v2\/mec-events\/82152","targetHints":{"allow":["GET"]}}],"collection":[{"href":"https:\/\/expoflamenco.com\/agenda\/wp-json\/wp\/v2\/mec-events"}],"about":[{"href":"https:\/\/expoflamenco.com\/agenda\/wp-json\/wp\/v2\/types\/mec-events"}],"author":[{"embeddable":true,"href":"https:\/\/expoflamenco.com\/agenda\/wp-json\/wp\/v2\/users\/56"}],"replies":[{"embeddable":true,"href":"https:\/\/expoflamenco.com\/agenda\/wp-json\/wp\/v2\/comments?post=82152"}],"wp:featuredmedia":[{"embeddable":true,"href":"https:\/\/expoflamenco.com\/agenda\/wp-json\/wp\/v2\/media\/79078"}],"wp:attachment":[{"href":"https:\/\/expoflamenco.com\/agenda\/wp-json\/wp\/v2\/media?parent=82152"}],"wp:term":[{"taxonomy":"post_tag","embeddable":true,"href":"https:\/\/expoflamenco.com\/agenda\/wp-json\/wp\/v2\/tags?post=82152"},{"taxonomy":"mec_category","embeddable":true,"href":"https:\/\/expoflamenco.com\/agenda\/wp-json\/wp\/v2\/mec_category?post=82152"},{"taxonomy":"mec_sponsor","embeddable":true,"href":"https:\/\/expoflamenco.com\/agenda\/wp-json\/wp\/v2\/mec_sponsor?post=82152"}],"curies":[{"name":"wp","href":"https:\/\/api.w.org\/{rel}","templated":true}]}}