{"id":82060,"date":"2026-03-16T11:43:24","date_gmt":"2026-03-16T10:43:24","guid":{"rendered":"https:\/\/expoflamenco.com\/agenda\/?post_type=mec-events&#038;p=82060"},"modified":"2026-04-30T12:26:11","modified_gmt":"2026-04-30T10:26:11","slug":"espacio-cultural-expoflamenco-programacion","status":"publish","type":"mec-events","link":"https:\/\/expoflamenco.com\/agenda\/eventos\/espacio-cultural-expoflamenco-programacion\/","title":{"rendered":"Espacio Cultural Expoflamenco &#8211; Mayo"},"content":{"rendered":"<hr \/>\r\n<h3 style=\"text-align: center\">01 al 15 de Mayoexpo<br \/>Expoflamenco Jerez<\/h3>\r\n<hr \/>\r\n<div class=\"article-content\">\r\n<div class=\"span12 modern_style\">\r\n<div class=\"rt-headline\">\r\n<h4 style=\"text-align: center\"><strong><img decoding=\"async\" src=\"https:\/\/expoflamenco.b-cdn.net\/wp-content\/uploads\/2024\/08\/logo-web-expoflamenco-1.png\" alt=\"expoflamenco\" \/><\/strong><\/h4>\r\n<h4 style=\"text-align: center\"><strong>ESPACIO CULTURAL EXPOFLAMENCO<\/strong><\/h4>\r\n<div class=\"wDYxhc\" role=\"presentation\" data-attrid=\"kc:\/location\/location:address\" data-md=\"1002\" data-hveid=\"CCMQAA\" data-ved=\"2ahUKEwip5emui4uSAxW3AfsDHWSXDs8QkCl6BAgjEAA\">\r\n<div class=\"Z1hOCe\">\r\n<div class=\"zloOqf PZPZlf\" style=\"text-align: center\" data-dtype=\"d3ifr\" data-local-attribute=\"d3adr\" data-mid=\"\/g\/11fph8l8gm\" data-ved=\"2ahUKEwip5emui4uSAxW3AfsDHWSXDs8QghwoAHoECCMQAQ\"><span class=\"w8qArf FoJoyf\"><a class=\"fl\" href=\"https:\/\/www.google.com\/search?sca_esv=b9266a0addfdcf78&amp;rlz=1C1AVFC_enES1097ES1114&amp;q=expoflamenco+direcci%C3%B3n&amp;ludocid=1346262559833438328&amp;sa=X&amp;ved=2ahUKEwip5emui4uSAxW3AfsDHWSXDs8Q6BN6BAgjEAI\" data-ved=\"2ahUKEwip5emui4uSAxW3AfsDHWSXDs8Q6BN6BAgjEAI\">Direcci\u00f3n<\/a>: <\/span><a href=\"https:\/\/www.google.com\/maps\/place\/\/data=!4m2!3m1!1s0xd0dc700043206ef:0x12aee2aa5547b878?sa=X&amp;ved=1t:8290&amp;ictx=111\" data-url=\"\/maps\/place\/\/data=!4m2!3m1!1s0xd0dc700043206ef:0x12aee2aa5547b878?sa=X&amp;ved=2ahUKEwip5emui4uSAxW3AfsDHWSXDs8Q4kB6BAgSEAA\">Edificio Los Ramos, Calle Diego Fern\u00e1ndez Herrera, 11401<\/a>\r\n<div class=\"M2Cv8e hP3ybd\">\r\n<div class=\"gqkR3b hP3ybd\"><a href=\"https:\/\/www.google.com\/maps\/place\/\/data=!4m2!3m1!1s0xd0dc700043206ef:0x12aee2aa5547b878?sa=X&amp;ved=1t:8290&amp;ictx=111\" data-url=\"\/maps\/place\/\/data=!4m2!3m1!1s0xd0dc700043206ef:0x12aee2aa5547b878?sa=X&amp;ved=2ahUKEwip5emui4uSAxW3AfsDHWSXDs8Q4kB6BAgSEAA\">Jerez de la Frontera, C\u00e1diz<\/a><\/div>\r\n<\/div>\r\n<\/div>\r\n<\/div>\r\n<\/div>\r\n<div class=\"wDYxhc\" role=\"presentation\" data-attrid=\"kc:\/local:alt phone\" data-md=\"1006\" data-hveid=\"CCkQAA\" data-ved=\"2ahUKEwip5emui4uSAxW3AfsDHWSXDs8QkCl6BAgpEAA\">\r\n<div class=\"Z1hOCe\">\r\n<div class=\"zloOqf PZPZlf\" style=\"text-align: center\" data-dtype=\"d3ifr\" data-local-attribute=\"d3ph\" data-ved=\"2ahUKEwip5emui4uSAxW3AfsDHWSXDs8Q8I0BKAB6BAgpEAE\"><span class=\"w8qArf FoJoyf\">Tel\u00e9fono:\u00a0<\/span><span class=\"LrzXr zdqRlf kno-fv\"><a href=\"https:\/\/www.google.com\/search?gs_ssp=eJzj4tVP1zc0TCvIsMixSM81YLRSMahIMUhJNjcwMDAxNjIwS02zMqgwNEpMTTVKTDQ1NTFPsjC38BJKrSjIT8tJzE3NS85XyEotSq0CAABxFi8&amp;q=expoflamenco+jerez&amp;rlz=1C1AVFC_enES1097ES1114&amp;oq=expoflamenco&amp;gs_lcrp=EgZjaHJvbWUqEAgCEC4YrwEYxwEYgAQYjgUyBggAEEUYPDIJCAEQRRg5GIAEMhAIAhAuGK8BGMcBGIAEGI4FMgcIAxAAGIAEMgYIBBBFGDwyBggFEEUYQTIGCAYQRRg8MgYIBxBFGDzSAQg2NTI1ajBqN6gCCLACAfEF8izYYOCsOuk&amp;sourceid=chrome&amp;ie=UTF-8#\" data-dtype=\"d3ph\" data-local-attribute=\"d3ph\" data-ved=\"2ahUKEwip5emui4uSAxW3AfsDHWSXDs8QkAgoAHoECCkQAg\"><span aria-label=\"Llamar al n\u00famero de tel\u00e9fono 673 65 10 42\">673 65 10 42<\/span><\/a><\/span><\/div>\r\n<div style=\"text-align: center\" data-dtype=\"d3ifr\" data-local-attribute=\"d3ph\" data-ved=\"2ahUKEwip5emui4uSAxW3AfsDHWSXDs8Q8I0BKAB6BAgpEAE\"><a class=\"btn btn-default\" href=\"https:\/\/expoflamenco.com\/espacio\/\">Espacio Cultural Expo<\/a><\/div>\r\n<div data-dtype=\"d3ifr\" data-local-attribute=\"d3ph\" data-ved=\"2ahUKEwip5emui4uSAxW3AfsDHWSXDs8Q8I0BKAB6BAgpEAE\">\u00a0<\/div>\r\n<\/div>\r\n<\/div>\r\n<\/div>\r\n<\/div>\r\n<\/div>\r\n<hr \/>\r\n<h4><\/h4>\r\n<h4 style=\"text-align: left\">PROGRAMACI\u00d3N<\/h4>\r\n<h4 style=\"text-align: left\">\r\n\r\n<\/h4>\r\n<div class=\"gmail_default\" style=\"text-align: left\"><b>Agenda Espacio Expoflamenco del 1 al 15 de mayo de 2026<br \/><\/b><br \/>Este mes en la ciudad de Jerez que nos acoge tiene un nombre propio: la Feria del Caballo. Una cita anual que este a\u00f1o coge de lleno en la segunda semana de mayo. Pero nuestra agenda sigue adelante con los diferentes encuentros y entrevistas de artistas que vienen a compartir sus proyectos e inquietudes. Junto a ellos, tenemos tambi\u00e9n algunas ofertas de actividades formativas. Aqu\u00ed la relaci\u00f3n prevista:<br \/><br \/><strong><u>Martes 5 de mayo, a las 10,30 horas<\/u>.<\/strong><\/div>\r\n<div class=\"gmail_default\" style=\"text-align: left\">Encuentro con el cantaor<b>\u00a0Ezequiel Ben\u00edtez\u00a0<\/b>quien viene para presentarnos su hasta ahora \u00faltimo trabajo discogr\u00e1fico que tiene el t\u00edtulo de &#8216;Lo que nadie ve&#8217;. Un disco que se present\u00f3 en el pasado Festival de Jerez. Publicado directamente en vinilo y en formato como pendrive est\u00e1 acompa\u00f1ado en cada tema por un guitarrista distinto y responde a las inquietudes de este gran artista.<br \/><br \/><strong><u>Jueves 7 de mayo, a las 12,00 horas<\/u>.<\/strong><\/div>\r\n<div class=\"gmail_default\" style=\"text-align: left\">Entrevista con la cantaora\u00a0<b>Luc\u00eda Alia\u00f1o.<\/b>\u00a0Una jovenc\u00edsima artista que est\u00e1 dando mucho que hablar en sus \u00faltimas apariciones en p\u00fablico. Ganadora de concursos de saetas, participante en la Voz Kids, premio artista revelaci\u00f3n del Festival de Jerez y una voz fija en todas las ediciones del Festival Kriatura ha presentado un nuevo espect\u00e1culo titulado \u00a0&#8216;La voz del piano&#8217;, un formato musical que fusiona tradici\u00f3n flamenca con acompa\u00f1amiento pian\u00edstico.<br \/><br \/><strong><u>Viernes 8 de mayo, a las 18,30 horas.<\/u>\u00a0<\/strong><\/div>\r\n<div class=\"gmail_default\" style=\"text-align: left\">Convocada\u00a0<b>Ruta del Duende por el antiguo Jerez\u00a0<\/b>para grupo concertado de Barcelona que viene a visitar la Feria del Caballo de Jerez. Se trata de un paseo cultural inmersivo y guiado entre los barrios flamencos de Santiago y San Miguel por las entra\u00f1as del viejo Xerez. Si tienes inter\u00e9s en organizar con nosotros una ruta con tu grupo no dudes en ponerte en contacto con nosotros:\u00a0<a href=\"mailto:espacio@expoflamenco.com\" target=\"_blank\" rel=\"noopener\">espacio@expoflamenco.com<\/a>\u00a0\u00f3 el tel\u00e9fono \u00a0(+34) 673 651 042<\/div>\r\n<div class=\"gmail_default\" style=\"text-align: left\">\u00a0<\/div>\r\n<p style=\"text-align: left\"><img decoding=\"async\" class=\"CToWUd a6T\" src=\"https:\/\/mail.google.com\/mail\/u\/0?ui=2&amp;ik=aa3cfb7328&amp;attid=0.2&amp;permmsgid=msg-f:1863886644349774037&amp;th=19dddb071a1028d5&amp;view=fimg&amp;fur=ip&amp;permmsgid=msg-f:1863886644349774037&amp;sz=s0-l75-ft&amp;attbid=ANGjdJ-P_2kOiT99TOSYoUxToUgc6VXMTH2omKLYxTGo32_r7DNz_eyLF7vWz8pgXCPXZeNg22eVYeIhrLhd3KOJTNDcXrhPCvOiSHzw69rP_8H2naLvJto7kxCe0RI&amp;disp=emb&amp;realattid=ii_mol9m2d01&amp;zw\" alt=\"ruta vendimia 25 portada.jpg\" width=\"699\" height=\"349\" data-image-whitelisted=\"\" data-bit=\"iit\" \/><\/p>\r\n<div class=\"gmail_default\" style=\"text-align: left\">El 8 de mayo tendremos una nueva ruta del duende, si est\u00e1s interesado con tu grupo para realizarla no dudes en contactar con nosotros, Foto: Nano Hern\u00e1ndez<br \/><br \/><strong><u>Mi\u00e9rcoles 13 de mayo, a las 12,00 horas.<\/u>\u00a0<\/strong><\/div>\r\n<p class=\"gmail_default\" style=\"text-align: left\"><i>Actividad especial con motivo de la celebraci\u00f3n de la Feria del Caballo de Jerez 2026<\/i><span style=\"font-size: large\">. Taller formativo<\/span><b>\u00a0&#8216;Origen y evoluci\u00f3n de las sevillanas&#8217;.<\/b><span style=\"font-size: large\">\u00a0Un recorrido hist\u00f3rico sobre su naturaleza, etapa y consolidaci\u00f3n en las grandes ferias de Andaluc\u00eda. Tambi\u00e9n debatiremos sobre si deben entrar o no como estilo propio del flamenco. L<strong>a entrada es libre y gratuita y se servir\u00e1 un jerez de honor<\/strong>. Dirige la actividad nuestro coordinador Jos\u00e9 Mar\u00eda Casta\u00f1o.<\/span><\/p>\r\n<div class=\"gmail_default\" style=\"text-align: left\"><span style=\"font-size: large\">\u00a0<\/span><\/div>\r\n<div class=\"gmail_default\" style=\"text-align: left\"><img decoding=\"async\" class=\"CToWUd a6T\" src=\"https:\/\/mail.google.com\/mail\/u\/0?ui=2&amp;ik=aa3cfb7328&amp;attid=0.3&amp;permmsgid=msg-f:1863886644349774037&amp;th=19dddb071a1028d5&amp;view=fimg&amp;fur=ip&amp;permmsgid=msg-f:1863886644349774037&amp;sz=s0-l75-ft&amp;attbid=ANGjdJ9dNF_ZWKs0tKNiAp4t-OTUoWtNYz4vt-3BtMqcnT2ltsdO_2br3C6tua1ppBRdxyCxMhMZRdS7brlZGdjj-O30XBG-YvLU7HI0z-lhkMqrYkdRJe8-l4UzNo0&amp;disp=emb&amp;realattid=ii_mol9pva92&amp;zw\" alt=\"sevillanaspostalesdesevilla.jpg\" width=\"694\" height=\"463\" data-image-whitelisted=\"\" data-bit=\"iit\" \/><br \/>Nuestro Aula de Estudios se dedicar\u00e1 de modo especial al origen y evoluci\u00f3n de las sevillanas con motivo de la Feria de Jerez<br \/><span style=\"font-size: large\"><br \/><\/span><\/div>\r\n<div class=\"gmail_default\" style=\"text-align: left\"><span style=\"font-size: large\">Y adem\u00e1s,<\/span><\/div>\r\n<div class=\"gmail_default\" style=\"text-align: left\">\u00a0<\/div>\r\n<div class=\"gmail_default\" style=\"text-align: left\">\r\n<p><span style=\"font-family: georgia, serif;font-size: large\"><u>Academia de Baile Expoflamenco<\/u>\u00a0(durante la Feria del Caballo se interrumpen las clases)<\/span><\/p>\r\n<p><span style=\"font-family: georgia, serif;font-size: large\">De la mano de nuestra profesora\u00a0Marga Flores\u00a0curso con nuevos horarios para que puedas aprender el baile de una manera pedag\u00f3gica y muy flamenca. El cuadrante de los cursos se desarrollar\u00e1 de esta forma de manera permanente, salvo d\u00edas festivos. Mi\u00e9rcoles por la ma\u00f1ana de 11,00 a 12,15 horas. Mi\u00e9rcoles por la tarde de 18,45 a 20,00 horas. Viernes por la tarde de 17,30 a 18,45 horas (sevillanas) \/ de 18,45 a 20,00 horas (buler\u00edas). Para mayor informaci\u00f3n de estas actividades pod\u00e9is llamar al tel\u00e9fono de la Tienda \u2013 Espacio expoflamenco 673651042 (en horario comercial)<\/span><\/p>\r\n<img decoding=\"async\" class=\"CToWUd a6T\" src=\"https:\/\/mail.google.com\/mail\/u\/0?ui=2&amp;ik=aa3cfb7328&amp;attid=0.4&amp;permmsgid=msg-f:1863886644349774037&amp;th=19dddb071a1028d5&amp;view=fimg&amp;fur=ip&amp;permmsgid=msg-f:1863886644349774037&amp;sz=s0-l75-ft&amp;attbid=ANGjdJ9pTdOnpwVRTemLCsMjoACeiIFetnEdHVpF_3yXKdLYd4yCbCAF487lSCq2GGNvJfsC0-cm0zeHmTTkAxer3rV2KdM6nGZqtp3xbm9-8fHTVRj_HGFBL4zUDFI&amp;disp=emb&amp;realattid=ii_mol9u4d64&amp;zw\" alt=\"Focus On cartel Roks.jpg\" width=\"701\" height=\"350\" data-image-whitelisted=\"\" data-bit=\"iit\" \/><br \/>Cartel de la Exposici\u00f3n de fotograf\u00edas que se puede visitar en nuestro Espacio Expoflamenco<\/div>\r\n<div class=\"gmail_default\" style=\"text-align: left\">\u00a0<\/div>\r\n<div class=\"gmail_default\" style=\"text-align: left\"><u>Exposici\u00f3n de fotograf\u00edas \u2018Focus on: cuerpo, voz, mujer\u2019 de Roksaneh E. Fotovat<\/u><\/div>\r\n<div class=\"gmail_default\" style=\"text-align: left\"><br \/>Bajo la personal visi\u00f3n de la artista gr\u00e1fica de<b>\u00a0Roksaneh Emma Fotovat,<\/b>\u00a0el contenido de la exposici\u00f3n es un altavoz de los valores sociales y culturales de la mujer con el flamenco como foco de atenci\u00f3n. La fot\u00f3grafa y cineasta iran\u00ed, Roksaneh Emma Fotovat, desarrolla un trabajo visual en torno al flamenco, entendido como un arte vivo, un lenguaje del cuerpo y un espacio de transmisi\u00f3n. Visitable en horario comercial de lunes a s\u00e1bado.<\/div>\r\n<h4 style=\"text-align: left\"><\/h4>\r\n<div dir=\"ltr\" style=\"text-align: left\">\r\n<div class=\"gmail_default\" style=\"text-align: left\">\u00a0<\/div>\r\n<\/div>\r\n<hr \/>\r\n<h4 style=\"text-align: left\"><em>\u00bfQuieres que tu evento aparezca en nuestra agenda? Es totalmente gratuito: Envianos la informaci\u00f3n lo mas completa posible y subiremos conforme relevancia y nuestra disponibilidad. Tendr\u00e1n prioridad los eventos con programaci\u00f3n mensual o ciclos. Y si quieres anunciarte con nosotros, tenemos muchas opciones. Envianos un mensaje a agenda@expoflamenco.com.<\/em><\/h4>\r\n<div class=\"wDYxhc\" role=\"presentation\" data-attrid=\"kc:\/local:alt phone\" data-md=\"1006\" data-hveid=\"CCkQAA\" data-ved=\"2ahUKEwip5emui4uSAxW3AfsDHWSXDs8QkCl6BAgpEAA\">\r\n<div class=\"Z1hOCe\">\u00a0<\/div>\r\n<\/div>","protected":false},"excerpt":{"rendered":"<p>01 al 15 de MayoexpoExpoflamenco Jerez ESPACIO CULTURAL EXPOFLAMENCO Direcci\u00f3n: Edificio Los Ramos, Calle Diego Fern\u00e1ndez Herrera, 11401 Jerez de la Frontera, C\u00e1diz Tel\u00e9fono:\u00a0673 65 10 42 Espacio Cultural Expo \u00a0 PROGRAMACI\u00d3N Agenda Espacio Expoflamenco del 1 al 15 de mayo de 2026Este mes en la ciudad de Jerez que nos acoge tiene un nombre [&hellip;]<\/p>\n","protected":false},"author":56,"featured_media":82480,"comment_status":"open","ping_status":"closed","template":"","tags":[1956,1926,1335,1955],"mec_category":[477,478,1370,836,475,1960,479],"mec_sponsor":[],"class_list":["post-82060","mec-events","type-mec-events","status-publish","has-post-thumbnail","hentry","tag-espacio-cultural","tag-espectaculo-intimo","tag-expoflamenco","tag-recital-de-baile","mec_category-baile","mec_category-cante","mec_category-conferencia","mec_category-encuentro","mec_category-espectaculo","mec_category-fotografia","mec_category-guitarra","pmpro-has-access"],"acf":[],"aioseo_notices":[],"_links":{"self":[{"href":"https:\/\/expoflamenco.com\/agenda\/wp-json\/wp\/v2\/mec-events\/82060","targetHints":{"allow":["GET"]}}],"collection":[{"href":"https:\/\/expoflamenco.com\/agenda\/wp-json\/wp\/v2\/mec-events"}],"about":[{"href":"https:\/\/expoflamenco.com\/agenda\/wp-json\/wp\/v2\/types\/mec-events"}],"author":[{"embeddable":true,"href":"https:\/\/expoflamenco.com\/agenda\/wp-json\/wp\/v2\/users\/56"}],"replies":[{"embeddable":true,"href":"https:\/\/expoflamenco.com\/agenda\/wp-json\/wp\/v2\/comments?post=82060"}],"wp:featuredmedia":[{"embeddable":true,"href":"https:\/\/expoflamenco.com\/agenda\/wp-json\/wp\/v2\/media\/82480"}],"wp:attachment":[{"href":"https:\/\/expoflamenco.com\/agenda\/wp-json\/wp\/v2\/media?parent=82060"}],"wp:term":[{"taxonomy":"post_tag","embeddable":true,"href":"https:\/\/expoflamenco.com\/agenda\/wp-json\/wp\/v2\/tags?post=82060"},{"taxonomy":"mec_category","embeddable":true,"href":"https:\/\/expoflamenco.com\/agenda\/wp-json\/wp\/v2\/mec_category?post=82060"},{"taxonomy":"mec_sponsor","embeddable":true,"href":"https:\/\/expoflamenco.com\/agenda\/wp-json\/wp\/v2\/mec_sponsor?post=82060"}],"curies":[{"name":"wp","href":"https:\/\/api.w.org\/{rel}","templated":true}]}}