{"id":81774,"date":"2026-02-26T13:51:59","date_gmt":"2026-02-26T12:51:59","guid":{"rendered":"https:\/\/expoflamenco.com\/agenda\/?post_type=mec-events&#038;p=81774"},"modified":"2026-02-26T14:15:49","modified_gmt":"2026-02-26T13:15:49","slug":"museo-de-las-minas-2026","status":"publish","type":"mec-events","link":"https:\/\/expoflamenco.com\/agenda\/eventos\/museo-de-las-minas-2026\/","title":{"rendered":"Ciclo Museo Flamenco &#8211; Museo Minero de La Uni\u00f3n"},"content":{"rendered":"<hr \/>\n<h3 class=\"fusion-title-heading title-heading-left fusion-responsive-typography-calculated\" style=\"text-align: center\">Febrero a Mayo<\/h3>\n<hr \/>\n<h4 style=\"text-align: left\"><strong>PROGRAMACI\u00d3N:<\/strong><\/h4>\n<p style=\"text-align: left\"><b>27 de febrero<\/b><span style=\"font-weight: 400\">\u00a0&#8211; <\/span><span style=\"font-weight: 400\"><b>Paula Rodriguez y Jos\u00e9 de Calli<br \/>\n<\/b>bailaora ganadora del Premio Desplante del Festival Internacional del Cante de las Minas. Estar\u00e1 acompa\u00f1ada por la cantaor\u00a0Jos\u00e9 del Calli, guitarra\u00a0Ricardo V\u00e1zquez.\u00a0<\/span><\/p>\n<p style=\"text-align: left\"><b>20 de marzo<\/b><span style=\"font-weight: 400\"> &#8211; <\/span><b>Almudena Roca<br \/>\n<\/b><span style=\"font-weight: 400\">una de las grandes promesas del baile flamenco actual. Natural de Cartagena, su trayectoria mantiene una estrecha vinculaci\u00f3n con el Festival Internacional del Cante de las Minas, consolid\u00e1ndose como una artista joven con identidad propia y proyecci\u00f3n nacional.<\/span><\/p>\n<p style=\"text-align: left\"><b>11 de abril &#8211; <\/b><span style=\"font-weight: 400\">\u00a0<\/span><b>Al-Blanco &amp; El Peli<br \/>\n<\/b><span style=\"font-weight: 400\">dos de las figuras j\u00f3venes m\u00e1s destacadas y con mayor proyecci\u00f3n del flamenco contempor\u00e1neo, cuyo trabajo conjunto representa la renovaci\u00f3n del cante y la guitarra desde el respeto a la tradici\u00f3n.<\/span><\/p>\n<p style=\"text-align: left\"><b>29 de mayo<\/b><strong> con una gran gala flamenca protagonizada por Ricardo Fern\u00e1ndez del Moral y Encarnaci\u00f3n Fern\u00e1ndez, ambos ganadores de la \u2018L\u00e1mpara Minera\u2019<\/strong><span style=\"font-weight: 400\"><br \/>\nm\u00e1xima distinci\u00f3n del Festival Internacional del Cante de las Minas. En el caso de Encarnaci\u00f3n Fern\u00e1ndez, este galard\u00f3n ha sido obtenido en dos ocasiones, consolidando su lugar como una de las grandes voces del cante flamenco. La guitarra correr\u00e1 a cargo de <\/span><b>Antonio Mu\u00f1oz<\/b><span style=\"font-weight: 400\">, ganador del Bord\u00f3n Minero, otro de los premios m\u00e1s prestigiosos del festival.<\/span><\/p>\n<p style=\"text-align: left\"><span style=\"font-weight: 400\">Las entradas para todos los espect\u00e1culos est\u00e1n disponibles a trav\u00e9s de la plataforma <\/span><b>Giglon<\/b><span style=\"font-weight: 400\">, con un <\/span><b>precio \u00fanico de 10 euros<\/b><span style=\"font-weight: 400\"> por espect\u00e1culo. Adem\u00e1s, el p\u00fablico podr\u00e1 adquirir el <\/span><b>abono completo del ciclo por tan solo 30 euros<\/b><span style=\"font-weight: 400\">, una propuesta especialmente competitiva que refuerza la vocaci\u00f3n del ciclo de acercar el flamenco de m\u00e1xima calidad a todos los p\u00fablicos. En ambos casos, los precios se ver\u00e1n incrementados \u00fanicamente por los gastos de gesti\u00f3n de la plataforma.<\/span><\/p>\n<p>&nbsp;<\/p>\n<p><img decoding=\"async\" src=\"https:\/\/www.deflamenco.com\/wp-content\/uploads\/2026\/02\/MuseoFlamenco-museominero.webp\" \/><\/p>\n<hr \/>\n<p>&nbsp;<\/p>\n<p style=\"text-align: left\"><em>\u00bfQuieres que tu evento aparezca en nuestra agenda? Es totalmente gratuito: Env\u00edanos la informaci\u00f3n lo m\u00e1s completa posible y subiremos conforme relevancia y nuestra disponibilidad. Tendr\u00e1n prioridad los eventos con programaci\u00f3n mensual o ciclos. Y si quieres anunciarte con nosotros, tenemos muchas opciones. Env\u00edanos un mensaje a agenda@expoflamenco.com.<\/em><\/p>\n","protected":false},"excerpt":{"rendered":"<p>La Fundaci\u00f3n Cante de las Minas presenta el ciclo &#8216;Museo Flamenco&#8217; que tendr\u00e1 lugar en el Museo Minero de La Uni\u00f3n<\/p>\n<p>M\u00f3nica Iglesias, Almudena Roca, Al-Blanco &amp; El Peli, Ricardo Fern\u00e1ndez del Moral y Encarnaci\u00f3n Fern\u00e1ndez ser\u00e1n los artistas que inaugurar\u00e1n un ciclo que lleva el flamenco a espacios patrimoniales singulares en La Uni\u00f3n.<\/p>\n","protected":false},"author":56,"featured_media":81775,"comment_status":"open","ping_status":"closed","template":"","tags":[443,1949,1950],"mec_category":[477,478,480,643,472,479],"mec_sponsor":[],"class_list":["post-81774","mec-events","type-mec-events","status-publish","has-post-thumbnail","hentry","tag-la-union-3","tag-museo-flamenco","tag-museo-minero","mec_category-baile","mec_category-cante","mec_category-concurso","mec_category-exposicion","mec_category-festival","mec_category-guitarra","pmpro-has-access"],"acf":[],"aioseo_notices":[],"_links":{"self":[{"href":"https:\/\/expoflamenco.com\/agenda\/wp-json\/wp\/v2\/mec-events\/81774","targetHints":{"allow":["GET"]}}],"collection":[{"href":"https:\/\/expoflamenco.com\/agenda\/wp-json\/wp\/v2\/mec-events"}],"about":[{"href":"https:\/\/expoflamenco.com\/agenda\/wp-json\/wp\/v2\/types\/mec-events"}],"author":[{"embeddable":true,"href":"https:\/\/expoflamenco.com\/agenda\/wp-json\/wp\/v2\/users\/56"}],"replies":[{"embeddable":true,"href":"https:\/\/expoflamenco.com\/agenda\/wp-json\/wp\/v2\/comments?post=81774"}],"wp:featuredmedia":[{"embeddable":true,"href":"https:\/\/expoflamenco.com\/agenda\/wp-json\/wp\/v2\/media\/81775"}],"wp:attachment":[{"href":"https:\/\/expoflamenco.com\/agenda\/wp-json\/wp\/v2\/media?parent=81774"}],"wp:term":[{"taxonomy":"post_tag","embeddable":true,"href":"https:\/\/expoflamenco.com\/agenda\/wp-json\/wp\/v2\/tags?post=81774"},{"taxonomy":"mec_category","embeddable":true,"href":"https:\/\/expoflamenco.com\/agenda\/wp-json\/wp\/v2\/mec_category?post=81774"},{"taxonomy":"mec_sponsor","embeddable":true,"href":"https:\/\/expoflamenco.com\/agenda\/wp-json\/wp\/v2\/mec_sponsor?post=81774"}],"curies":[{"name":"wp","href":"https:\/\/api.w.org\/{rel}","templated":true}]}}