{"id":81684,"date":"2026-01-29T12:32:15","date_gmt":"2026-01-29T11:32:15","guid":{"rendered":"https:\/\/expoflamenco.com\/agenda\/?post_type=mec-events&#038;p=81684"},"modified":"2026-01-29T12:34:53","modified_gmt":"2026-01-29T11:34:53","slug":"abierta-la-convocatoria-de-la-v-edicion-del-programa-de-residencias-y-laboratorios-creativos-in-progress-para-2026","status":"publish","type":"mec-events","link":"https:\/\/expoflamenco.com\/agenda\/eventos\/abierta-la-convocatoria-de-la-v-edicion-del-programa-de-residencias-y-laboratorios-creativos-in-progress-para-2026\/","title":{"rendered":"Abierta la convocatoria de la V Edici\u00f3n del programa de residencias y laboratorios creativos \u201cIn Progress\u201d para 2026"},"content":{"rendered":"<hr \/>\n<h3 style=\"text-align: center\">Hasta el 1 de abril<\/h3>\n<hr \/>\n<h4>Bases de la Convocat\u00f3ria<\/h4>\n<p><strong><em>1. Destinatarios:\u00a0<\/em><\/strong>Este programa de residencias est\u00e1 dirigido a creadores y creadoras espa\u00f1oles del flamenco en todas sus expresiones esc\u00e9nicas.<\/p>\n<p><strong><em>2. Tipos de residencias y duraci\u00f3n:<\/em><\/strong><\/p>\n<ul class=\"wp-block-list\">\n<li><i><strong>Residencias Creativas<\/strong>\u00a0<\/i>por un per\u00edodo de hasta 21 d\u00edas. Estas residencias se llevar\u00e1n a cabo en el espacio BenAmar.\u00a0Las residencias pueden dividirse en distintos periodos y extenderse a lo largo del a\u00f1o.<\/li>\n<li><strong><em>Residencias T\u00e9cnicas<\/em>\u00a0<\/strong>por un per\u00edodo de hasta 6 d\u00edas.\u00a0Estas se llevar\u00e1n a cabo en el Teatro Villa de Torrox.<\/li>\n<\/ul>\n<p><strong><em>3. Contenido de la residencia:<\/em><\/strong><\/p>\n<ul>\n<li><b><i>Espacio de trabajo<\/i><\/b><i>:<\/i><\/li>\n<\/ul>\n<p><b>Residencia Creativa:<\/b>\u00a0Sala de ensayo en el espacio BenAmar. Se adjunta rider pinchando\u00a0<a href=\"https:\/\/drive.google.com\/file\/d\/1cNJSlaz3ZOuu7ZutYfEy_8uZZTCbMMhZ\/view?usp=sharing\">aqu\u00ed<\/a><\/p>\n<p><b>Residencia T\u00e9cnica<\/b>: Escenario del Teatro Municipal Villa de Torrox.Las compa\u00f1\u00edas adaptar\u00e1n sus necesidades t\u00e9cnicas a la dotaci\u00f3n existente en el teatro durante un periodo de hasta 6 d\u00edas. Se adjunta la ficha t\u00e9cnica del teatro, se puede descargar pinchando\u00a0<a href=\"https:\/\/drive.google.com\/file\/d\/1-Xza8KRzhGyC9u2faK1Cw4OwIsFHMh_i\/view?usp=sharing\">aqu\u00ed<\/a>.<\/p>\n<ul>\n<li><strong><em><i>Alojamiento\u00a0<\/i><\/em><em>en casa rural<\/em><em>, con capacidad de hasta 20 personas en\u00a0habitaciones compartidas.<\/em><\/strong><\/li>\n<li><strong><em>Acompa\u00f1amiento art\u00edstico<\/em><\/strong>.<\/li>\n<li><strong><em>Acompa\u00f1amiento de producci\u00f3n<\/em><\/strong><em>.<\/em><\/li>\n<li><b><i>Promoci\u00f3n y visibilidad<\/i><\/b>\u00a0de la propuesta a trav\u00e9s de los canales digitales y de comunicaci\u00f3n de\u00a0<i>Flamenco Festival<\/i>\u00a0e\u00a0<i>In Progress<\/i><\/li>\n<li><b><i>Beca<\/i><\/b>\u00a0para apoyar el desarrollo de la\u00a0<i>residencia t\u00e9cnica con preestreno<\/i>, que se acordar\u00e1 con la compa\u00f1\u00eda en funci\u00f3n del n\u00famero de d\u00edas de la residencia y del n\u00famero de artistas y t\u00e9cnicos participantes.<\/li>\n<\/ul>\n<p><strong><em>4. Calendario:<\/em><\/strong><\/p>\n<ul class=\"wp-block-list\">\n<li><strong><em>Per\u00edodo de recepci\u00f3n de propuestas:<\/em>\u00a0desde el 1 de septiembre del 2025 hasta el 1 de abril del 2026. Habr\u00e1 dos resoluciones,<\/strong>1\u00aa. Diciembre de 2025, que incluir\u00e1 las propuestas del primer semestre de 2026 (enero \u2013 junio)2\u00aa. Mayo de 2026, que determinar\u00e1 los seleccionados para el segundo semestre (septiembre- diciembre).<\/li>\n<li>Las residencias pueden dividirse en distintos periodos y extenderse a lo largo del a\u00f1o, exceptuando\u00a0Julio y Agosto, meses en los que no habr\u00e1 residencias.<\/li>\n<li>Para las residencias a realizar en el primer semestre del a\u00f1o se recomienda presentar las propuestas antes del 1 de noviembre para ser evaluadas en esta primera comisi\u00f3n.<\/li>\n<li>Publicaci\u00f3n de las propuestas seleccionadas: diciembre 2025 y mayo 2026. Las fechas y horarios ser\u00e1n acordados previamente en funci\u00f3n de la disponibilidad de los espacios.<\/li>\n<\/ul>\n<p><strong><em>5. Solicitud:<\/em><\/strong>\u00a0Cada participante rellenar\u00e1 el formulario pinchando\u00a0<a href=\"https:\/\/forms.gle\/cepzGKkgYJxBkprq9\">aqu\u00ed<\/a>, aportando los datos de la propuesta que ser\u00e1 valorada por la comisi\u00f3n formada para la selecci\u00f3n de las residencias.<\/p>\n<p><strong><em>6. Desarrollo de las residencias:<\/em><\/strong>\u00a0Las residencias creativas se desarrollar\u00e1n en el Espacio Benamar, sala anexa al alojamiento, y las residencias t\u00e9cnicas en el Teatro Municipal Villa de Torrox.\u00a0 El alojamiento ser\u00e1 en casa rural con capacidad para un m\u00e1ximo de 20 personas en habitaciones compartidas. No se proveer\u00e1 transporte, necesitando los participantes disponer de veh\u00edculo propio.<br \/>\nEn funci\u00f3n de la naturaleza y los objetivos de la propuesta de proceso creativo, la residencia se podr\u00e1 extender en una segunda fase a los teatros colaboradores de Flamenco Festival, como el:\u00a0<b>Sadler\u00b4s Wells de Londres, el New York City Center, o Adrienne Arsht Center de Miami<\/b>.<\/p>\n<p><strong><em>7. Selecci\u00f3n de las propuestas:<\/em>\u00a0La selecci\u00f3n la llevar\u00e1 a cabo una comisi\u00f3n formada por profesionales del sector, y su resoluci\u00f3n se har\u00e1 p\u00fablica en las p\u00e1ginas web\u00a0<a href=\"http:\/\/flamencofestival.org\/\">flamencofestival.org<\/a>,\u00a0<a href=\"http:\/\/concienciarte.org\/\">concienciarte.org<\/a>. La comisi\u00f3n podr\u00e1 optar por llevar a cabo una entrevista\u00a0<\/strong>personal con los artistas preseleccionados.<br \/>\nSe valorar\u00e1 la calidad y originalidad de la propuesta, la tem\u00e1tica y la afinidad de \u00e9sta con el prop\u00f3sito del programa\u00a0\u00a0<i>In Progress<\/i>, as\u00ed como que el proyecto cuente con un equipo creativo, adem\u00e1s de los int\u00e9rpretes, para garantizar que el proyecto alcance su m\u00e1ximo potencial. Para las residencias t\u00e9cnicas se valorar\u00e1 que el espect\u00e1culo tenga fecha de estreno.<br \/>\nLos\/as artistas creadores\/as beneficiarios\/as firmar\u00e1n una carta de compromiso en el momento de la aceptaci\u00f3n de la residencia con todos los t\u00e9rminos, beneficios y obligaciones requeridas.<\/p>\n<p><strong><em>8. Contrapartidas a realizar por las propuestas de procesos creativos seleccionadas:<\/em><\/strong><\/p>\n<ul>\n<li>\n<ul>\n<li>Realizar una actividad para la ciudadan\u00eda de Torrox.<\/li>\n<li>Participar en las actividades de prensa y promoci\u00f3n organizadas para dar visibilidad al proyecto.<\/li>\n<li>Presentaci\u00f3n del resultado de la creaci\u00f3n, para las residencias t\u00e9cnicas, en modo de Preestreno en el Teatro Municipal Villa de Torrox, dentro de un ciclo que incluir\u00e1 las distintas creaciones de las residencias realizadas. Los preestrenos se llevar\u00e1n a cabo en fin de semana (viernes o s\u00e1bado).<\/li>\n<li>Participar en un video promocional o making off de la residencia, as\u00ed como en las actividades promocionales que se organicen para la difusi\u00f3n del programa de residencias<\/li>\n<li>Mencionar y publicar en lugar visible en todos los materiales de difusi\u00f3n y comunicaci\u00f3n los logotipos de la Fundaci\u00f3n Concienciarte, Flamenco Festival,\u00a0y el Ayuntamiento de Torrox con la leyenda:<\/li>\n<\/ul>\n<\/li>\n<\/ul>\n<p><b><i>Espect\u00e1culo desarrollado en la residencia \u201cIn Progress\u201d organizada por la Fundaci\u00f3n Concienciarte, Flamenco Festival y el Ayuntamiento de Torrox<\/i><\/b><b><i>.\u00a0<\/i><\/b><\/p>\n<p><b><em>9. Contacto<\/em>:\u00a0<\/b><a href=\"mailto:inprogress@flamencofestival.org\">inprogress@flamencofestival.org<\/a><\/p>\n<p>&nbsp;<\/p>\n<p>&nbsp;<\/p>\n<p><a class=\"btn btn-default\" href=\"https:\/\/docs.google.com\/forms\/d\/e\/1FAIpQLSesiEC-cf9ht1rIDyrB329UjkNw9eHkz8FCcuEhPepRVdiPlA\/viewform\">Inscr\u00edbete aqu\u00ed<\/a><\/p>\n","protected":false},"excerpt":{"rendered":"<p>Hasta el 1 de abril Bases de la Convocat\u00f3ria 1. Destinatarios:\u00a0Este programa de residencias est\u00e1 dirigido a creadores y creadoras espa\u00f1oles del flamenco en todas sus expresiones esc\u00e9nicas. 2. Tipos de residencias y duraci\u00f3n: Residencias Creativas\u00a0por un per\u00edodo de hasta 21 d\u00edas. Estas residencias se llevar\u00e1n a cabo en el espacio BenAmar.\u00a0Las residencias pueden dividirse [&hellip;]<\/p>\n","protected":false},"author":56,"featured_media":81685,"comment_status":"open","ping_status":"closed","template":"","tags":[260,960],"mec_category":[477,478,480,836,472,479],"mec_sponsor":[],"class_list":["post-81684","mec-events","type-mec-events","status-publish","has-post-thumbnail","hentry","tag-festival-flamenco","tag-in-progress","mec_category-baile","mec_category-cante","mec_category-concurso","mec_category-encuentro","mec_category-festival","mec_category-guitarra","pmpro-has-access"],"acf":[],"aioseo_notices":[],"_links":{"self":[{"href":"https:\/\/expoflamenco.com\/agenda\/wp-json\/wp\/v2\/mec-events\/81684","targetHints":{"allow":["GET"]}}],"collection":[{"href":"https:\/\/expoflamenco.com\/agenda\/wp-json\/wp\/v2\/mec-events"}],"about":[{"href":"https:\/\/expoflamenco.com\/agenda\/wp-json\/wp\/v2\/types\/mec-events"}],"author":[{"embeddable":true,"href":"https:\/\/expoflamenco.com\/agenda\/wp-json\/wp\/v2\/users\/56"}],"replies":[{"embeddable":true,"href":"https:\/\/expoflamenco.com\/agenda\/wp-json\/wp\/v2\/comments?post=81684"}],"wp:featuredmedia":[{"embeddable":true,"href":"https:\/\/expoflamenco.com\/agenda\/wp-json\/wp\/v2\/media\/81685"}],"wp:attachment":[{"href":"https:\/\/expoflamenco.com\/agenda\/wp-json\/wp\/v2\/media?parent=81684"}],"wp:term":[{"taxonomy":"post_tag","embeddable":true,"href":"https:\/\/expoflamenco.com\/agenda\/wp-json\/wp\/v2\/tags?post=81684"},{"taxonomy":"mec_category","embeddable":true,"href":"https:\/\/expoflamenco.com\/agenda\/wp-json\/wp\/v2\/mec_category?post=81684"},{"taxonomy":"mec_sponsor","embeddable":true,"href":"https:\/\/expoflamenco.com\/agenda\/wp-json\/wp\/v2\/mec_sponsor?post=81684"}],"curies":[{"name":"wp","href":"https:\/\/api.w.org\/{rel}","templated":true}]}}