{"id":59097,"date":"2024-10-25T12:21:01","date_gmt":"2024-10-25T10:21:01","guid":{"rendered":"https:\/\/expoflamenco.com\/agenda\/?post_type=mec-events&#038;p=59097"},"modified":"2024-12-02T10:58:15","modified_gmt":"2024-12-02T09:58:15","slug":"zambombas-andaluciaymas","status":"publish","type":"mec-events","link":"https:\/\/expoflamenco.com\/agenda\/eventos\/zambombas-andaluciaymas\/","title":{"rendered":"Zambombas Andaluc\u00eda y otras ciudades"},"content":{"rendered":"<div class=\"entry-content with-share\" style=\"text-align: left\">\n<p>&nbsp;<\/p>\n<h3>Programaci\u00f3n Zambombas Noviembre y Diciembre<\/h3>\n<hr \/>\n<h3>Almeria<\/h3>\n<hr \/>\n<p class=\"content-inner \"><strong>13\/12:<\/strong><\/p>\n<ul>\n<li><strong>Chanque\u00f1os Pa Belen en Familia 2024 &#8211; 21:30h<\/strong><br \/>\n<a href=\"https:\/\/www.flowte.me\/storefront\/almeria-cultura-401?cc\">Auditorio Municipal Maestro Padilla<\/a><\/li>\n<\/ul>\n<p class=\"content-inner \"><strong>16\/12:<\/strong><\/p>\n<ul>\n<li><strong>ZAMBOMBA FLAMENCA &#8211; NAVIDAD EN ALMER\u00cdA &#8211; 18:30h<\/strong><br \/>\nCia. FLAMENCA ANTONIO DE QUERO<br \/>\n<a href=\"https:\/\/maps.app.goo.gl\/jG2DWexzFVMw3o19A\">Plaza de las Velas<\/a><\/li>\n<\/ul>\n<p class=\"content-inner \"><strong>22\/12:<\/strong><\/p>\n<ul>\n<li><strong>Zambomba Flamenca<\/strong><br \/>\n<a href=\"https:\/\/maps.app.goo.gl\/YLnwWjWfbc69A62U7\">La Canastera &#8211; Tablao flamenco<\/a><\/li>\n<\/ul>\n<p class=\"content-inner \"><strong>27\/12 :<\/strong><\/p>\n<ul>\n<li><strong>Navidad con Ni\u00f1a Pastori<\/strong><br \/>\n<a href=\"https:\/\/g.co\/kgs\/w1fQAGr\">Auditorio Municipal Maestro Padilla<\/a><\/li>\n<\/ul>\n<hr \/>\n<div style='display:none' class=\"jeg_preview_slider gallery_1\" data-selector='gallery_1'>\n                        <div class=\"jeg_preview_holder\">\n                            <div class=\"jeg_preview_media\">\n                        <div class=\"jeg_preview_media_holder\">\n                            <h3>&nbsp;<\/h3>\n                            <div class=\"fullscreen-switch\">\n                                <i class=\"fa\"><\/i>\n                            <\/div>\n                            <div class=\"jeg_preview_media_content\">\n                                <div class=\"jeg_preview_media_content_holder_padding\">\n                                    <div class=\"jeg_preview_media_content_holder\"><\/div>\n                                <\/div>\n                                <div class=\"jeg_preview_media_content_navigation\">\n                                    <div class=\"prev\">\n\t\t\t\t\t\t\t\t\t\t<i class=\"fa\"><\/i>\n\t\t\t\t\t\t\t\t\t<\/div>\n                                    <div class=\"next\">\n\t\t\t\t\t\t\t\t\t\t<i class=\"fa\"><\/i>\n\t\t\t\t\t\t\t\t\t<\/div>\n                                <\/div>\n                                <div class='preview-slider-overlay'>\n                                    <div class='preloader_type preloader_dot'>\n                                        <div class=\"module-preloader jeg_preloader dot\">\n                                            <span><\/span><span><\/span><span><\/span>\n                                        <\/div>\n                                        <div class=\"module-preloader jeg_preloader circle\">\n                                            <div class=\"jnews_preloader_circle_outer\">\n                                                <div class=\"jnews_preloader_circle_inner\"><\/div>\n                                            <\/div>\n                                        <\/div>\n                                        <div class=\"module-preloader jeg_preloader square\">\n                                            <div class=\"jeg_square\">\n                                                <div class=\"jeg_square_inner\"><\/div>\n                                            <\/div>\n                                        <\/div>\n                                    <\/div>\n                                <\/div>\n                            <\/div>\n                            <div class=\"jeg_preview_control\">\n                                <div class=\"left_control\">\n                                    <div class=\"counter\"><span class=\"current\">1<\/span> de  4<\/div>\n                                    <div class=\"subtitle\"><\/div>\n                                <\/div>\n                                <div class=\"zoom\">\n                                    <span class=\"reduce\">-<\/span>\n                                    <span class=\"increase\">+<\/span>\n                                <\/div>\n                            <\/div>\n                        <\/div>\n                    <\/div>\n\n                    <div class=\"jeg_preview_bottom_slider\">\n                        <a data-id=\"0\" data-title=\"\" data-image=\"https:\/\/expoflamenco.com\/agenda\/wp-content\/uploads\/sites\/22\/2024\/10\/navidad-en-almeria-2024.webp\" href=\"https:\/\/expoflamenco.com\/agenda\/wp-content\/uploads\/sites\/22\/2024\/10\/navidad-en-almeria-2024.webp\" class=\"jeg_preview_item active\">\n                            <div class=\"jeg_preview_item_thumbnail\">\n                                <img decoding=\"async\" width=\"120\" height=\"86\" src=\"https:\/\/expoflamenco.com\/agenda\/wp-content\/uploads\/sites\/22\/2024\/10\/navidad-en-almeria-2024-120x86.webp\" class=\"attachment-jnews-120x86 size-jnews-120x86\" alt=\"Zmbomba en Almeria Cartel\" srcset=\"https:\/\/expoflamenco.com\/agenda\/wp-content\/uploads\/sites\/22\/2024\/10\/navidad-en-almeria-2024-120x86.webp 120w, https:\/\/expoflamenco.com\/agenda\/wp-content\/uploads\/sites\/22\/2024\/10\/navidad-en-almeria-2024-350x250.webp 350w\" sizes=\"(max-width: 120px) 100vw, 120px\" \/>\n                            <\/div>\n                        <\/a><a data-id=\"1\" data-title=\"Zambomba Flamenca Almeria\" data-image=\"https:\/\/expoflamenco.com\/agenda\/wp-content\/uploads\/sites\/22\/2024\/10\/Zambomba-flamenca-almeria-canastera.jpg\" href=\"https:\/\/expoflamenco.com\/agenda\/wp-content\/uploads\/sites\/22\/2024\/10\/Zambomba-flamenca-almeria-canastera.jpg\" class=\"jeg_preview_item \">\n                            <div class=\"jeg_preview_item_thumbnail\">\n                                <img decoding=\"async\" width=\"120\" height=\"86\" src=\"https:\/\/expoflamenco.com\/agenda\/wp-content\/uploads\/sites\/22\/2024\/10\/Zambomba-flamenca-almeria-canastera-120x86.jpg\" class=\"attachment-jnews-120x86 size-jnews-120x86\" alt=\"Zambomba Flamenca Almeria\" srcset=\"https:\/\/expoflamenco.com\/agenda\/wp-content\/uploads\/sites\/22\/2024\/10\/Zambomba-flamenca-almeria-canastera-120x86.jpg 120w, https:\/\/expoflamenco.com\/agenda\/wp-content\/uploads\/sites\/22\/2024\/10\/Zambomba-flamenca-almeria-canastera-350x250.jpg 350w, https:\/\/expoflamenco.com\/agenda\/wp-content\/uploads\/sites\/22\/2024\/10\/Zambomba-flamenca-almeria-canastera-750x536.jpg 750w\" sizes=\"(max-width: 120px) 100vw, 120px\" \/>\n                            <\/div>\n                        <\/a><a data-id=\"2\" data-title=\"Cartel de Navidad de Ni\u00f1a PAstori\" data-image=\"https:\/\/expoflamenco.com\/agenda\/wp-content\/uploads\/sites\/22\/2024\/10\/cartel-NAVIDAD-con-Nina-Pastori-almeria-2024-300x300-2.jpg\" href=\"https:\/\/expoflamenco.com\/agenda\/wp-content\/uploads\/sites\/22\/2024\/10\/cartel-NAVIDAD-con-Nina-Pastori-almeria-2024-300x300-2.jpg\" class=\"jeg_preview_item \">\n                            <div class=\"jeg_preview_item_thumbnail\">\n                                <img decoding=\"async\" width=\"120\" height=\"86\" src=\"https:\/\/expoflamenco.com\/agenda\/wp-content\/uploads\/sites\/22\/2024\/10\/cartel-NAVIDAD-con-Nina-Pastori-almeria-2024-300x300-2-120x86.jpg\" class=\"attachment-jnews-120x86 size-jnews-120x86\" alt=\"Cartel de Navidad de Ni\u00f1a PAstori\" \/>\n                            <\/div>\n                        <\/a><a data-id=\"3\" data-title=\"Cartel Zambomba de Almeria Tablao LA Canastera\" data-image=\"https:\/\/expoflamenco.com\/agenda\/wp-content\/uploads\/sites\/22\/2024\/10\/zambomba-almeria-chanquenos.webp\" href=\"https:\/\/expoflamenco.com\/agenda\/wp-content\/uploads\/sites\/22\/2024\/10\/zambomba-almeria-chanquenos.webp\" class=\"jeg_preview_item \">\n                            <div class=\"jeg_preview_item_thumbnail\">\n                                <img decoding=\"async\" width=\"120\" height=\"86\" src=\"https:\/\/expoflamenco.com\/agenda\/wp-content\/uploads\/sites\/22\/2024\/10\/zambomba-almeria-chanquenos-120x86.webp\" class=\"attachment-jnews-120x86 size-jnews-120x86\" alt=\"Cartel Zambomba de Almeria Tablao LA Canastera\" srcset=\"https:\/\/expoflamenco.com\/agenda\/wp-content\/uploads\/sites\/22\/2024\/10\/zambomba-almeria-chanquenos-120x86.webp 120w, https:\/\/expoflamenco.com\/agenda\/wp-content\/uploads\/sites\/22\/2024\/10\/zambomba-almeria-chanquenos-350x250.webp 350w\" sizes=\"(max-width: 120px) 100vw, 120px\" \/>\n                            <\/div>\n                        <\/a>\n                    <\/div>\n                        <\/div>\n                        <div class=\"jeg_preview_description\">\n                            \n                            <div class=\"jeg_preview_description_wrapper\">\n                            \n                            <\/div>\n                        <\/div>\n                        <script>\n                            var gallery_1 = {\n                                rtl: false,\n                                native_zoom: false,\n                                zoom_max: 5,\n                                zoom_step: 40,\n                                image_sequence: [{\"src\":\"https:\\\/\\\/expoflamenco.com\\\/agenda\\\/wp-content\\\/uploads\\\/sites\\\/22\\\/2024\\\/10\\\/navidad-en-almeria-2024.webp\",\"w\":480,\"h\":481,\"title\":\"\"},{\"src\":\"https:\\\/\\\/expoflamenco.com\\\/agenda\\\/wp-content\\\/uploads\\\/sites\\\/22\\\/2024\\\/10\\\/Zambomba-flamenca-almeria-canastera.jpg\",\"w\":1011,\"h\":1599,\"title\":\"Zambomba Flamenca Almeria\"},{\"src\":\"https:\\\/\\\/expoflamenco.com\\\/agenda\\\/wp-content\\\/uploads\\\/sites\\\/22\\\/2024\\\/10\\\/cartel-NAVIDAD-con-Nina-Pastori-almeria-2024-300x300-2.jpg\",\"w\":300,\"h\":300,\"title\":\"Cartel de Navidad de Ni\\u00f1a PAstori\"},{\"src\":\"https:\\\/\\\/expoflamenco.com\\\/agenda\\\/wp-content\\\/uploads\\\/sites\\\/22\\\/2024\\\/10\\\/zambomba-almeria-chanquenos.webp\",\"w\":400,\"h\":708,\"title\":\"Cartel Zambomba de Almeria Tablao LA Canastera\"}]\n                            };\n                        <\/script>\n                    <\/div>\n<hr \/>\n<h3>Badajoz<\/h3>\n<hr \/>\n<p class=\"content-inner \"><strong>13\/12 :<\/strong><\/p>\n<ul>\n<li><strong>Algarav\u00eda en Navidad &#8211; Carmen La Parre\u00f1a &#8211; 20:30h<\/strong><br \/>\n<a href=\"https:\/\/maps.app.goo.gl\/VLFzCAiTH161nVmg8\">Teatro L\u00f3pez de Ayala<\/a><\/li>\n<\/ul>\n<hr \/>\n<p class=\"content-inner \"><img decoding=\"async\" class=\"aligncenter wp-image-59157 size-medium\" src=\"http:\/\/expoflamenco.com\/agenda\/wp-content\/uploads\/sites\/22\/2024\/10\/Cartel-zambomba-badajoz-2024-909x1024-1-266x300.jpg\" alt=\"Cartel Zambomba Badajoz\" width=\"266\" height=\"300\" srcset=\"https:\/\/expoflamenco.com\/agenda\/wp-content\/uploads\/sites\/22\/2024\/10\/Cartel-zambomba-badajoz-2024-909x1024-1-266x300.jpg 266w, https:\/\/expoflamenco.com\/agenda\/wp-content\/uploads\/sites\/22\/2024\/10\/Cartel-zambomba-badajoz-2024-909x1024-1-768x865.jpg 768w, https:\/\/expoflamenco.com\/agenda\/wp-content\/uploads\/sites\/22\/2024\/10\/Cartel-zambomba-badajoz-2024-909x1024-1-750x845.jpg 750w, https:\/\/expoflamenco.com\/agenda\/wp-content\/uploads\/sites\/22\/2024\/10\/Cartel-zambomba-badajoz-2024-909x1024-1.jpg 909w\" sizes=\"(max-width: 266px) 100vw, 266px\" \/><\/p>\n<\/div>\n<p>&nbsp;<\/p>\n<div class=\"entry-content with-share\" style=\"text-align: left\">\n<hr \/>\n<h3>Barcelona<\/h3>\n<hr \/>\n<p class=\"content-inner \"><strong>21\/12 :<\/strong><\/p>\n<ul>\n<li><strong>Zambomba Flamenca Costi el CHato &#8211; 22:30<\/strong><br \/>\n<a href=\"https:\/\/www.atrapalo.com\/entradas\/zambomba-flamenca-2024-costi-el-chato_e4914688\/\">Sala Tarantos<\/a><\/li>\n<\/ul>\n<div style='display:none' class=\"jeg_preview_slider gallery_2\" data-selector='gallery_2'>\n                        <div class=\"jeg_preview_holder\">\n                            <div class=\"jeg_preview_media\">\n                        <div class=\"jeg_preview_media_holder\">\n                            <h3>&nbsp;<\/h3>\n                            <div class=\"fullscreen-switch\">\n                                <i class=\"fa\"><\/i>\n                            <\/div>\n                            <div class=\"jeg_preview_media_content\">\n                                <div class=\"jeg_preview_media_content_holder_padding\">\n                                    <div class=\"jeg_preview_media_content_holder\"><\/div>\n                                <\/div>\n                                <div class=\"jeg_preview_media_content_navigation\">\n                                    <div class=\"prev\">\n\t\t\t\t\t\t\t\t\t\t<i class=\"fa\"><\/i>\n\t\t\t\t\t\t\t\t\t<\/div>\n                                    <div class=\"next\">\n\t\t\t\t\t\t\t\t\t\t<i class=\"fa\"><\/i>\n\t\t\t\t\t\t\t\t\t<\/div>\n                                <\/div>\n                                <div class='preview-slider-overlay'>\n                                    <div class='preloader_type preloader_dot'>\n                                        <div class=\"module-preloader jeg_preloader dot\">\n                                            <span><\/span><span><\/span><span><\/span>\n                                        <\/div>\n                                        <div class=\"module-preloader jeg_preloader circle\">\n                                            <div class=\"jnews_preloader_circle_outer\">\n                                                <div class=\"jnews_preloader_circle_inner\"><\/div>\n                                            <\/div>\n                                        <\/div>\n                                        <div class=\"module-preloader jeg_preloader square\">\n                                            <div class=\"jeg_square\">\n                                                <div class=\"jeg_square_inner\"><\/div>\n                                            <\/div>\n                                        <\/div>\n                                    <\/div>\n                                <\/div>\n                            <\/div>\n                            <div class=\"jeg_preview_control\">\n                                <div class=\"left_control\">\n                                    <div class=\"counter\"><span class=\"current\">1<\/span> de  1<\/div>\n                                    <div class=\"subtitle\"><\/div>\n                                <\/div>\n                                <div class=\"zoom\">\n                                    <span class=\"reduce\">-<\/span>\n                                    <span class=\"increase\">+<\/span>\n                                <\/div>\n                            <\/div>\n                        <\/div>\n                    <\/div>\n\n                    <div class=\"jeg_preview_bottom_slider\">\n                        <a data-id=\"0\" data-title=\"Zambomba 2024 Barcelona Costi El Chato\" data-image=\"https:\/\/expoflamenco.com\/agenda\/wp-content\/uploads\/sites\/22\/2024\/10\/costi-el-chato-zambomba-barcelona-2024.jpeg\" href=\"https:\/\/expoflamenco.com\/agenda\/wp-content\/uploads\/sites\/22\/2024\/10\/costi-el-chato-zambomba-barcelona-2024.jpeg\" class=\"jeg_preview_item active\">\n                            <div class=\"jeg_preview_item_thumbnail\">\n                                <img decoding=\"async\" width=\"120\" height=\"86\" src=\"https:\/\/expoflamenco.com\/agenda\/wp-content\/uploads\/sites\/22\/2024\/10\/costi-el-chato-zambomba-barcelona-2024-120x86.jpeg\" class=\"attachment-jnews-120x86 size-jnews-120x86\" alt=\"Zambomba 2024 Barcelona Costi El Chato\" \/>\n                            <\/div>\n                        <\/a>\n                    <\/div>\n                        <\/div>\n                        <div class=\"jeg_preview_description\">\n                            \n                            <div class=\"jeg_preview_description_wrapper\">\n                            \n                            <\/div>\n                        <\/div>\n                        <script>\n                            var gallery_2 = {\n                                rtl: false,\n                                native_zoom: false,\n                                zoom_max: 5,\n                                zoom_step: 40,\n                                image_sequence: [{\"src\":\"https:\\\/\\\/expoflamenco.com\\\/agenda\\\/wp-content\\\/uploads\\\/sites\\\/22\\\/2024\\\/10\\\/costi-el-chato-zambomba-barcelona-2024.jpeg\",\"w\":361,\"h\":139,\"title\":\"Zambomba 2024 Barcelona Costi El Chato\"}]\n                            };\n                        <\/script>\n                    <\/div>\n<div class=\"content-inner \">\n<hr \/>\n<h3><strong>C\u00e1ceres<\/strong><\/h3>\n<hr \/>\n<p><strong>14\/12 :<\/strong><\/p>\n<ul>\n<li><strong>ZAMBOMB\u00c1 FLAMENCA<\/strong><br \/>\nHora: 20:30h<br \/>\n<strong>Como Llegar:<\/strong> <a href=\"https:\/\/www.granteatrocc.com\/espectaculo.php?id=3014\">Gran Teatro &#8211; Sala principal<\/a><\/li>\n<\/ul>\n<\/div>\n<\/div>\n<p>&nbsp;<\/p>\n<p>&nbsp;<\/p>\n<div class=\"entry-content with-share\" style=\"text-align: left\">\n<div class=\"content-inner \">\n<hr \/>\n<h3><strong>C\u00e1diz\u00a0<\/strong><\/h3>\n<hr \/>\n<p><strong>30\/11 :<\/strong><\/p>\n<ul>\n<li class=\"B-500-400-400-N B-525-400-700-N--md\"><strong>El Puerto de Santa Mar\u00eda<\/strong>\u00a0\/ 30.11.2024 &#8211; 13.30 h.\/ Asociaci\u00f3n Cultural Amigos del Chumi\/ Zambomba de Juan Manuel Moneo<\/li>\n<li class=\"B-500-400-400-N B-525-400-700-N--md\"><strong>Paterna de Rivera\u00a0<\/strong>\/ 30.11.2024 &#8211; 20.00 h.\/ Pe\u00f1a Cultural Flamenca La Petenera\/ Zambomba Jerezana<\/li>\n<\/ul>\n<p><strong>01\/12 :<\/strong><\/p>\n<ul>\n<li class=\"B-500-400-400-N B-525-400-700-N--md\">\u00b7<strong>Algeciras\u00a0<\/strong>\/ 01.12.2024 &#8211; 16.00 h.\/ Sociedad del Cante Grande de Algeciras\/ Zambomba Aromas de Navidad Macarena de Jerez.<\/li>\n<\/ul>\n<p><strong>07\/12 :<\/strong><\/p>\n<ul>\n<li class=\"B-500-400-400-N B-525-400-700-N--md\"><strong>La L\u00ednea de la Concepci\u00f3n<\/strong>\u00a0\/ 07.12.2024 &#8211; 14.30 h.\/ Pe\u00f1a Flamenca Cultural Linense\/ Zambomba de Jerez a los Puertos de Aroa Cala.<\/li>\n<li class=\"B-500-400-400-N B-525-400-700-N--md\"><strong>Conil de la Frontera\u00a0<\/strong>\/ 07.12.2024 &#8211; 17.00 h.\/ Asociaci\u00f3n Gultural La Guitarra Po\u00e9tica\/ Zambomba Nochebuena Cantaora Jose el Berenjeno<\/li>\n<li class=\"B-500-400-400-N B-525-400-700-N--md\"><strong>Sanl\u00facar de Barrameda<\/strong>\u00a0\/ 07.12.2024 &#8211; 17.00 h.\/ Pe\u00f1a Cultural Flamenca de Puerto Lucero\/ Zambomba Familia Jim\u00e9nez<\/li>\n<\/ul>\n<p><strong>08\/12<\/strong><\/p>\n<ul>\n<li class=\"B-500-400-400-N B-525-400-700-N--md\"><strong>C\u00e1diz \/<\/strong>\u00a008.12.2024 &#8211; 13.30 h.\/ Pe\u00f1a Flamenca Enrique El Mellizo\/ Zambomba Toma Casta\u00f1a<\/li>\n<li class=\"B-500-400-400-N B-525-400-700-N--md\"><strong>El Puerto de Santa Mar\u00eda<\/strong>\u00a0\/ 08.12.2024 &#8211; 15.30 h.\/ Tertulia Flamenca Tom\u00e1s El Nitri\/ Zambomba de Jerez a los Puertos de Aroa Cala<\/li>\n<li class=\"B-500-400-400-N B-525-400-700-N--md\"><strong>Algodonales<\/strong>\u00a0\/ 08.12.2024 &#8211; 16.30 h.\/ Pe\u00f1a Flamenca Valeriano Bernal\/ Zambomba Reyes y Navidad<\/li>\n<li class=\"B-500-400-400-N B-525-400-700-N--md\"><strong>San Roque\u00a0<\/strong>\/ 08.12.2024 &#8211; 17.00 h.\/ Pe\u00f1a Flamenca Sanroque\u00f1a\/ Zambomba de Juan Manuel Moneo<\/li>\n<\/ul>\n<p><strong>13\/12<\/strong><\/p>\n<ul>\n<li class=\"B-500-400-400-N B-525-400-700-N--md\"><strong>Ubrique<\/strong>\u00a0\/ 13.12.2024 &#8211; 18.30 h.\/ P. C. Flamenca Ubrique &#8211; C. Flamenco Hermanas Jim\u00e9nez Rosa\/ Zambomba La Recog\u00eda<\/li>\n<li class=\"B-500-400-400-N B-525-400-700-N--md\"><strong>Prado del Rey<\/strong>\u00a0\/ 13.12.2024 &#8211; 21.00 h.\/ Prado del Rey\/ Aires de Jerez por Navidad<\/li>\n<li class=\"B-500-400-400-N B-525-400-700-N--md\"><strong>Chipiona<\/strong>\u00a0\/ 13.12.2024 &#8211; 21.30 h.\/ Pe\u00f1a Cultural Flamenca Jos\u00e9 Merc\u00e9\/ Zambomba la Luz y la Sal<\/li>\n<li class=\"B-500-400-400-N B-525-400-700-N--md\"><strong>C\u00e1diz<\/strong>\u00a0\/ 13.12.2024 &#8211; 22.00 h.\/ Pe\u00f1a Flamenca La Perla de C\u00e1diz\/ Zambomba la Perla en Nochebuena<\/li>\n<\/ul>\n<p><strong>14\/12<\/strong><\/p>\n<ul>\n<li class=\"B-500-400-400-N B-525-400-700-N--md\"><strong>Barbate<\/strong>\u00a0\/ 14,12.2024 &#8211; 14.00 h.\/ Pe\u00f1a Cultural Flamenca Ni\u00f1o Barbate\/ Zambomba del Ni\u00f1o Manuel<\/li>\n<li class=\"B-500-400-400-N B-525-400-700-N--md\"><strong>Guadalcac\u00edn (Jerez)<\/strong>\u00a0\/ 14.12.2024 &#8211; 15.00 h.\/ Pe\u00f1a Flamenca El Perro de Paterna\/ Zambomba Lumbre<\/li>\n<li class=\"B-500-400-400-N B-525-400-700-N--md\"><strong>Guadiaro (San Roque)\u00a0<\/strong>\/ 14.12.2024 &#8211; 16.30 h.\/ Asociaci\u00f3n C. Pasi\u00f3n Flamenca Valle del Guadiaro\/ Zambomba Familia Jim\u00e9nez<\/li>\n<li class=\"B-500-400-400-N B-525-400-700-N--md\"><strong>La Barca de la Florida<\/strong>\u00a0\/ 14.12.2024 &#8211; 18.00 h.\/ Pe\u00f1a Cultural Flamenca Barca de la Florida\/ Zambomba Zoniquete por Navidad<\/li>\n<li class=\"B-500-400-400-N B-525-400-700-N--md\"><strong>Bornos<\/strong>\u00a0\/ 14.12.2024 &#8211; 18.00 h.\/ Pe\u00f1a Cultural Flamenca la Alegr\u00eda de Bornos\/ Zambomba Mi Tierra por Navidad<\/li>\n<li class=\"B-500-400-400-N B-525-400-700-N--md\"><strong>Vejer de la Frontera<\/strong>\u00a0\/ 14.12.2024 &#8211; 18.00 h.\/ Pe\u00f1a Cultural Flamenca Aguilar de Vejer\/ Zambomba Buler\u00eda por Navidad<\/li>\n<li class=\"B-500-400-400-N B-525-400-700-N--md\"><strong>Alcal\u00e1 del Valle\u00a0<\/strong>\/ 14.12.2024 &#8211; 18.00 h.\/ Pe\u00f1a Cultural Flamenca Frasquito el Rubio\/ Zambomba Jesule del Puerto y su Gente<\/li>\n<li class=\"B-500-400-400-N B-525-400-700-N--md\"><strong>San Fernando<\/strong>\u00a0\/ 14.12.2024 &#8211; 19.00 h.\/ La Fragua Asociaci\u00f3n Cultural Flamenca\/ Zambomba Rumbaleando al Son de la Navidad<\/li>\n<li class=\"B-500-400-400-N B-525-400-700-N--md\"><strong>San Fernando\u00a0<\/strong>\/ 14.12.2024 &#8211; 21.30 h.\/ Pe\u00f1a Cultural Flamenca Chato de la lsla\/ Coro Campanilleros Pe\u00f1a El Chato de la Isla<\/li>\n<li class=\"B-500-400-400-N B-525-400-700-N--md\"><strong>Rota<\/strong>\u00a0\/ 15,12,2024 &#8211; 17.00 h.\/ Tertulia Flamenca Viejo Agujeta\/ Zambomba la Luz y la Sal<\/li>\n<\/ul>\n<p><strong>20\/12<\/strong><\/p>\n<ul>\n<li class=\"B-500-400-400-N B-525-400-700-N--md\"><strong>Puerto Real\u00a0<\/strong>\/ 20.12.2024 &#8211; 21.30 h.\/ Pe\u00f1a Flamenca Canalejas de Puerto Real\/ Zambomba Jesule del Puerto y su Gente<\/li>\n<li class=\"B-500-400-400-N B-525-400-700-N--md\"><strong>Espera<\/strong>\u00a0\/ 20.12.2024 &#8211; 22.00 h.\/ Asociaci\u00f3n Cultural Aires de Espera\/ Zambomba Az\u00facar, Canela y Clavo<\/li>\n<\/ul>\n<p><strong>21\/12<\/strong><\/p>\n<ul>\n<li class=\"B-500-400-400-N B-525-400-700-N--md\"><strong>Los Barrios<\/strong>\u00a0\/ 21.12.2024 &#8211; 16.00 h.\/ Pe\u00f1a Cultural Flamenca Fosforito\/ Zambomba Mi Tierra por Navidad<\/li>\n<li class=\"B-500-400-400-N B-525-400-700-N--md\"><strong>Arcos de la Frontera<\/strong>\u00a0\/ 24.12.2024 17.00 h.\/ Tertulia Flamenca Cultural Arcense\/ Coro calle de San Francisco de Arcos de la Frontera<\/li>\n<li class=\"B-500-400-400-N B-525-400-700-N--md\"><strong>Olvera<\/strong>\u00a0\/ 21.12.2024 &#8211; 17.00 h.\/ Pe\u00f1a C. Flamenca de Olvera \u2018Enrique Orozco\u2019\/ Zambomba Gaditana<\/li>\n<li class=\"B-500-400-400-N B-525-400-700-N--md\"><strong>Arcos de la Frontera\u00a0<\/strong>\/ 21.12.2024 &#8211; 18.00 h\/ Pe\u00f1a Cultural Flamenca de Arcos\/ Zambomba Az\u00facar, Canela y Clavo<\/li>\n<li class=\"B-500-400-400-N B-525-400-700-N--md\"><strong>Chiclana de la Frontera\u00a0<\/strong>\/ 21.12.2024 \u2013 21.00 h.\/ Pe\u00f1a Flamenca Chiclanera\/ Zambomba Camino de la Navidad Jerezana<\/li>\n<li class=\"B-500-400-400-N B-525-400-700-N--md\"><strong>Trebujena<\/strong>\u00a0\/ 21.12.2024 &#8211; 22.00 h.\/ Pe\u00f1a Flamenca La Trilla\/ Zambomba Sabor a Plazuela<\/li>\n<\/ul>\n<p><strong>22\/12<\/strong><\/p>\n<ul>\n<li style=\"list-style-type: none\">\n<ul>\n<li class=\"B-500-400-400-N B-525-400-700-N--md\"><strong>El Puerto de Santa Mar\u00eda\u00a0<\/strong>\/ 22.12.2024 &#8211; 13.00 h.\/ Pe\u00f1a Flamenca Al Alma\/ Zambomba Roc\u00edo del Corzo<\/li>\n<li class=\"B-500-400-400-N B-525-400-700-N--md\"><strong>C\u00e1diz\u00a0<\/strong>\/ 22.12.2024 &#8211; 13.30 h.\/ Pe\u00f1a Flamenca Juanito Villar\/ Zambomba Toma Casta\u00f1a<\/li>\n<\/ul>\n<\/li>\n<\/ul>\n<hr \/>\n<h3><strong>C\u00f3rdoba<\/strong><\/h3>\n<hr \/>\n<p><strong>19\/12 :<\/strong><\/p>\n<ul>\n<li><strong>XX GALA FLAMENCA DE NAVIDAD DE LA UCO<\/strong><br \/>\nNAZARENO Y OLIVARES 20:00h<br \/>\n<a href=\"https:\/\/maps.app.goo.gl\/LKMgphSwmCLuWLTk6\">Teatro de C\u00f3rdoba<\/a><\/li>\n<\/ul>\n<h3><strong>Cuenca<\/strong><\/h3>\n<hr \/>\n<p><strong>18\/12 :<\/strong><\/p>\n<ul>\n<li><strong>Zambomba &#8211; Pasi\u00f3n Flamenca &#8211; 20:30h<\/strong><br \/>\n<a href=\"https:\/\/www.globalentradas.com\/event\/detail\/zambomba-flamenca-2024?location=teatro-auditorio-cuenca&amp;idEventDate=6983\">Teatro Auditorio Cuenca<\/a><\/li>\n<\/ul>\n<div style='display:none' class=\"jeg_preview_slider gallery_3\" data-selector='gallery_3'>\n                        <div class=\"jeg_preview_holder\">\n                            <div class=\"jeg_preview_media\">\n                        <div class=\"jeg_preview_media_holder\">\n                            <h3>&nbsp;<\/h3>\n                            <div class=\"fullscreen-switch\">\n                                <i class=\"fa\"><\/i>\n                            <\/div>\n                            <div class=\"jeg_preview_media_content\">\n                                <div class=\"jeg_preview_media_content_holder_padding\">\n                                    <div class=\"jeg_preview_media_content_holder\"><\/div>\n                                <\/div>\n                                <div class=\"jeg_preview_media_content_navigation\">\n                                    <div class=\"prev\">\n\t\t\t\t\t\t\t\t\t\t<i class=\"fa\"><\/i>\n\t\t\t\t\t\t\t\t\t<\/div>\n                                    <div class=\"next\">\n\t\t\t\t\t\t\t\t\t\t<i class=\"fa\"><\/i>\n\t\t\t\t\t\t\t\t\t<\/div>\n                                <\/div>\n                                <div class='preview-slider-overlay'>\n                                    <div class='preloader_type preloader_dot'>\n                                        <div class=\"module-preloader jeg_preloader dot\">\n                                            <span><\/span><span><\/span><span><\/span>\n                                        <\/div>\n                                        <div class=\"module-preloader jeg_preloader circle\">\n                                            <div class=\"jnews_preloader_circle_outer\">\n                                                <div class=\"jnews_preloader_circle_inner\"><\/div>\n                                            <\/div>\n                                        <\/div>\n                                        <div class=\"module-preloader jeg_preloader square\">\n                                            <div class=\"jeg_square\">\n                                                <div class=\"jeg_square_inner\"><\/div>\n                                            <\/div>\n                                        <\/div>\n                                    <\/div>\n                                <\/div>\n                            <\/div>\n                            <div class=\"jeg_preview_control\">\n                                <div class=\"left_control\">\n                                    <div class=\"counter\"><span class=\"current\">1<\/span> de  1<\/div>\n                                    <div class=\"subtitle\"><\/div>\n                                <\/div>\n                                <div class=\"zoom\">\n                                    <span class=\"reduce\">-<\/span>\n                                    <span class=\"increase\">+<\/span>\n                                <\/div>\n                            <\/div>\n                        <\/div>\n                    <\/div>\n\n                    <div class=\"jeg_preview_bottom_slider\">\n                        <a data-id=\"0\" data-title=\"Zambomba Cuenca 2024\" data-image=\"https:\/\/expoflamenco.com\/agenda\/wp-content\/uploads\/sites\/22\/2024\/10\/zambomba-cuenca-2024.webp\" href=\"https:\/\/expoflamenco.com\/agenda\/wp-content\/uploads\/sites\/22\/2024\/10\/zambomba-cuenca-2024.webp\" class=\"jeg_preview_item active\">\n                            <div class=\"jeg_preview_item_thumbnail\">\n                                <img decoding=\"async\" width=\"120\" height=\"86\" src=\"https:\/\/expoflamenco.com\/agenda\/wp-content\/uploads\/sites\/22\/2024\/10\/zambomba-cuenca-2024-120x86.webp\" class=\"attachment-jnews-120x86 size-jnews-120x86\" alt=\"Zambomba Cuenca 2024\" srcset=\"https:\/\/expoflamenco.com\/agenda\/wp-content\/uploads\/sites\/22\/2024\/10\/zambomba-cuenca-2024-120x86.webp 120w, https:\/\/expoflamenco.com\/agenda\/wp-content\/uploads\/sites\/22\/2024\/10\/zambomba-cuenca-2024-800x570.webp 800w, https:\/\/expoflamenco.com\/agenda\/wp-content\/uploads\/sites\/22\/2024\/10\/zambomba-cuenca-2024-350x250.webp 350w, https:\/\/expoflamenco.com\/agenda\/wp-content\/uploads\/sites\/22\/2024\/10\/zambomba-cuenca-2024-750x536.webp 750w\" sizes=\"(max-width: 120px) 100vw, 120px\" \/>\n                            <\/div>\n                        <\/a>\n                    <\/div>\n                        <\/div>\n                        <div class=\"jeg_preview_description\">\n                            \n                            <div class=\"jeg_preview_description_wrapper\">\n                            \n                            <\/div>\n                        <\/div>\n                        <script>\n                            var gallery_3 = {\n                                rtl: false,\n                                native_zoom: false,\n                                zoom_max: 5,\n                                zoom_step: 40,\n                                image_sequence: [{\"src\":\"https:\\\/\\\/expoflamenco.com\\\/agenda\\\/wp-content\\\/uploads\\\/sites\\\/22\\\/2024\\\/10\\\/zambomba-cuenca-2024.webp\",\"w\":800,\"h\":1132,\"title\":\"Zambomba Cuenca 2024\"}]\n                            };\n                        <\/script>\n                    <\/div>\n<\/div>\n<p>&nbsp;<\/p>\n<div class=\"content-inner \">\n<hr \/>\n<h3><strong>Granada<\/strong><\/h3>\n<hr \/>\n<p><strong>30\/11 :<\/strong><\/p>\n<ul>\n<li><strong>&#8216;La Estrella&#8217; (Cofrad\u00eda de la Estrella)<\/strong><br \/>\nGrupo &#8216;Con dos cajones&#8217;<br \/>\nHora: desde las 13 horas<br \/>\n<strong>Como llegar:<\/strong> <a href=\"https:\/\/maps.app.goo.gl\/uTXRT9jtmRNeBjnKA\">Patio residencia Ave Mar\u00eda, frente al Mirador de San Nicol\u00e1s<\/a><\/li>\n<li class=\"heading-atom B-600-500-200-N B-650-500-300-N--md heading\"><strong>Dolores y V\u00eda Crucis<br \/>\n<\/strong><strong>Hora:<\/strong>\u00a0desde las 13 horas<br \/>\n<strong>Como llegar: <\/strong><a href=\"https:\/\/maps.app.goo.gl\/TyxhcPE7H4x1BwKQ6\">Casa Hermandad del Roc\u00edo, calle Tibur\u00f3n 7<\/a><\/li>\n<\/ul>\n<p><strong>01\/12 :<\/strong><\/p>\n<ul>\n<li class=\"heading-atom B-600-500-200-N B-650-500-300-N--md heading\"><strong>Hermandad de los Gitanos<br \/>\n<\/strong><strong>Grupo<\/strong>\u00a0Israel Moreno<br \/>\n<strong>Hora:<\/strong>\u00a0desde las 13 horas<br \/>\n<strong>Precio:<\/strong>\u00a020 euros<br \/>\n<strong>Como llegar: <\/strong><a href=\"https:\/\/maps.app.goo.gl\/y1sriPEiht5EMyEN9\">Pe\u00f1a La Plater\u00eda<\/a><\/li>\n<\/ul>\n<p><strong>14\/12<\/strong><\/p>\n<ul>\n<li class=\"heading-atom B-600-500-200-N B-650-500-300-N--md heading\"><strong>Nazareno<br \/>\n<\/strong><strong>Hora:<\/strong>\u00a0desde las 13 horas<br \/>\n<strong>Lugar:\u00a0<\/strong><a href=\"https:\/\/maps.app.goo.gl\/uJmXUURNEzZXSuVH7\">Casa de la Hermandad, Placeta de las Descalzas S\/N<\/a><\/li>\n<li class=\"heading-atom B-600-500-200-N B-650-500-300-N--md heading\"><strong>Hermandad de la Resurrecci\u00f3n<\/strong><br \/>\n<strong>Hora:<\/strong>\u00a0desde las 13 horas<br \/>\n<strong>Lugar:\u00a0<\/strong><a href=\"https:\/\/maps.app.goo.gl\/f2k4usr12hfjnFTj7\">Colegio Inmaculada Ni\u00f1a, Camino Bajo de Hu\u00e9tor 49<\/a><\/li>\n<li class=\"heading-atom B-600-500-200-N B-650-500-300-N--md heading\"><strong>Resucitado y Alegr\u00eda<\/strong><br \/>\n<strong>Hora:<\/strong>\u00a0desde las 21:30 horas<br \/>\n<strong>Grupo:<\/strong>\u00a0El buen pastor<br \/>\n<strong>Lugar:\u00a0<\/strong><a href=\"https:\/\/maps.app.goo.gl\/diAuvCJ1CHTKobcV8\">Casa de la Hermandad en calle Jos\u00e9 Recuerda 5.<\/a><\/li>\n<\/ul>\n<p><strong>21\/12<\/strong><\/p>\n<ul>\n<li class=\"heading-atom B-600-500-200-N B-650-500-300-N--md heading\"><strong>Realejo<\/strong><br \/>\n<strong>Hora:<\/strong>\u00a0desde las 13:30 horas<br \/>\n<strong>Grupo:<\/strong>\u00a0Carlos Neyall y Mar\u00eda Cort\u00e9s<br \/>\n<strong>Lugar:\u00a0<\/strong><a href=\"https:\/\/maps.app.goo.gl\/xSFLhaabjL1WwBZQA\">Colegio Ntra. Se\u00f1ora del Rosario, entrada por calle Solares.<\/a><\/li>\n<li class=\"heading-atom B-600-500-200-N B-650-500-300-N--md heading\"><strong>La Lanzada (Copa de Navidad)<\/strong><br \/>\n<strong>Hora:<\/strong>\u00a0desde las 20:30 horas<br \/>\n<strong>Lugar:\u00a0<\/strong><a href=\"https:\/\/maps.app.goo.gl\/49xaYwf5eSnfNv9NA\">Casa Hermandad de la Sagrada Lanzada<\/a><\/li>\n<\/ul>\n<p><strong>28\/12<\/strong><\/p>\n<ul>\n<li class=\"heading-atom B-600-500-200-N B-650-500-300-N--md heading\"><strong>Hermandad de la Esperanza<\/strong><br \/>\n<strong>Hora:<\/strong>\u00a0desde las 13:00 horas<br \/>\n<strong>Lugar:\u00a0<\/strong><a href=\"https:\/\/maps.app.goo.gl\/dAona7EcgZJbRTqh6\">Casa Hermandad del Roc\u00edo de Granada, calle Tibur\u00f3n 7<\/a><\/li>\n<\/ul>\n<hr \/>\n<h3><strong>Jerez de la Frontera<\/strong><\/h3>\n<hr \/>\n<p>La programaci\u00f3n de Jerez de la Frontera comienza en Noviembre y esta en este enlace debido a la cantidad de Zambombas programadas:<\/p>\n<p><strong><a href=\"https:\/\/expoflamenco.com\/agenda\/eventos\/zambombas-jerezanas-programacion-noviembre\/\">PROGRAMACI\u00d3N ZAMBOMBA JEREZ DE LA FRONTERA 2024<\/a><\/strong><\/p>\n<\/div>\n<p><a href=\"https:\/\/expoflamenco.com\/agenda\/eventos\/zambombas-jerezanas-programacion-noviembre\/\"><img decoding=\"async\" class=\"aligncenter wp-image-58875 size-medium\" src=\"http:\/\/expoflamenco.com\/agenda\/wp-content\/uploads\/sites\/22\/2024\/10\/Zambombas-de-Jerez-2024-300x150.webp\" alt=\"Zambomba Jerez\" width=\"300\" height=\"150\" srcset=\"https:\/\/expoflamenco.com\/agenda\/wp-content\/uploads\/sites\/22\/2024\/10\/Zambombas-de-Jerez-2024-300x150.webp 300w, https:\/\/expoflamenco.com\/agenda\/wp-content\/uploads\/sites\/22\/2024\/10\/Zambombas-de-Jerez-2024-768x384.webp 768w, https:\/\/expoflamenco.com\/agenda\/wp-content\/uploads\/sites\/22\/2024\/10\/Zambombas-de-Jerez-2024-360x180.webp 360w, https:\/\/expoflamenco.com\/agenda\/wp-content\/uploads\/sites\/22\/2024\/10\/Zambombas-de-Jerez-2024-750x375.webp 750w, https:\/\/expoflamenco.com\/agenda\/wp-content\/uploads\/sites\/22\/2024\/10\/Zambombas-de-Jerez-2024.webp 900w\" sizes=\"(max-width: 300px) 100vw, 300px\" \/><\/a><\/p>\n<hr \/>\n<p><strong style=\"color: #212121;font-size: 1.563em\">Madrid<\/strong><\/p>\n<\/div>\n<hr \/>\n<p><strong>17\/12 :<\/strong><\/p>\n<ul>\n<li><strong>Zambomba con Encarni &#8211; 20:00h<\/strong><br \/>\n<a href=\"https:\/\/www.entradas.com\/city\/madrid-370\/venue\/nuevo-teatro-alcala-18908\/\">Teatro Nuevo Alcal\u00e1<\/a><\/li>\n<\/ul>\n<hr \/>\n<p><strong>29\/12 :<\/strong><\/p>\n<ul>\n<li><strong><strong>Zambomba de Jerez &#8211; Pepe del Morao <\/strong><\/strong><strong>&#8211; 12:00h<\/strong><br \/>\n<a href=\"https:\/\/maps.app.goo.gl\/eYof3xqKs3Qn7Xtt9\">Teatro La Latina<\/a><\/li>\n<li class=\"wpview wpview-wrap\" data-wpview-text=\"%5Bgallery%20size%3D%22large%22%20ids%3D%2259175%2C59176%22%5D\" data-wpview-type=\"gallery\">\n<div class=\"gallery gallery-columns-3\">\n<div style='display:none' class=\"jeg_preview_slider gallery_4\" data-selector='gallery_4'>\n                        <div class=\"jeg_preview_holder\">\n                            <div class=\"jeg_preview_media\">\n                        <div class=\"jeg_preview_media_holder\">\n                            <h3>&nbsp;<\/h3>\n                            <div class=\"fullscreen-switch\">\n                                <i class=\"fa\"><\/i>\n                            <\/div>\n                            <div class=\"jeg_preview_media_content\">\n                                <div class=\"jeg_preview_media_content_holder_padding\">\n                                    <div class=\"jeg_preview_media_content_holder\"><\/div>\n                                <\/div>\n                                <div class=\"jeg_preview_media_content_navigation\">\n                                    <div class=\"prev\">\n\t\t\t\t\t\t\t\t\t\t<i class=\"fa\"><\/i>\n\t\t\t\t\t\t\t\t\t<\/div>\n                                    <div class=\"next\">\n\t\t\t\t\t\t\t\t\t\t<i class=\"fa\"><\/i>\n\t\t\t\t\t\t\t\t\t<\/div>\n                                <\/div>\n                                <div class='preview-slider-overlay'>\n                                    <div class='preloader_type preloader_dot'>\n                                        <div class=\"module-preloader jeg_preloader dot\">\n                                            <span><\/span><span><\/span><span><\/span>\n                                        <\/div>\n                                        <div class=\"module-preloader jeg_preloader circle\">\n                                            <div class=\"jnews_preloader_circle_outer\">\n                                                <div class=\"jnews_preloader_circle_inner\"><\/div>\n                                            <\/div>\n                                        <\/div>\n                                        <div class=\"module-preloader jeg_preloader square\">\n                                            <div class=\"jeg_square\">\n                                                <div class=\"jeg_square_inner\"><\/div>\n                                            <\/div>\n                                        <\/div>\n                                    <\/div>\n                                <\/div>\n                            <\/div>\n                            <div class=\"jeg_preview_control\">\n                                <div class=\"left_control\">\n                                    <div class=\"counter\"><span class=\"current\">1<\/span> de  2<\/div>\n                                    <div class=\"subtitle\"><\/div>\n                                <\/div>\n                                <div class=\"zoom\">\n                                    <span class=\"reduce\">-<\/span>\n                                    <span class=\"increase\">+<\/span>\n                                <\/div>\n                            <\/div>\n                        <\/div>\n                    <\/div>\n\n                    <div class=\"jeg_preview_bottom_slider\">\n                        <a data-id=\"0\" data-title=\"Encarni Zambomba Madrid 2024\" data-image=\"https:\/\/expoflamenco.com\/agenda\/wp-content\/uploads\/sites\/22\/2024\/10\/encarni-zambomba-madrid.webp\" href=\"https:\/\/expoflamenco.com\/agenda\/wp-content\/uploads\/sites\/22\/2024\/10\/encarni-zambomba-madrid.webp\" class=\"jeg_preview_item active\">\n                            <div class=\"jeg_preview_item_thumbnail\">\n                                <img decoding=\"async\" width=\"120\" height=\"86\" src=\"https:\/\/expoflamenco.com\/agenda\/wp-content\/uploads\/sites\/22\/2024\/10\/encarni-zambomba-madrid-120x86.webp\" class=\"attachment-jnews-120x86 size-jnews-120x86\" alt=\"Encarni Zambomba MAdrid 2024\" \/>\n                            <\/div>\n                        <\/a><a data-id=\"1\" data-title=\"Cartel Zambomba Madrid Teatro La Latina\" data-image=\"https:\/\/expoflamenco.com\/agenda\/wp-content\/uploads\/sites\/22\/2024\/10\/zambomba-madrid.jpg\" href=\"https:\/\/expoflamenco.com\/agenda\/wp-content\/uploads\/sites\/22\/2024\/10\/zambomba-madrid.jpg\" class=\"jeg_preview_item \">\n                            <div class=\"jeg_preview_item_thumbnail\">\n                                <img decoding=\"async\" width=\"120\" height=\"86\" src=\"https:\/\/expoflamenco.com\/agenda\/wp-content\/uploads\/sites\/22\/2024\/10\/zambomba-madrid-120x86.jpg\" class=\"attachment-jnews-120x86 size-jnews-120x86\" alt=\"Cartel Zambomba Madrid Teatro La Latina\" srcset=\"https:\/\/expoflamenco.com\/agenda\/wp-content\/uploads\/sites\/22\/2024\/10\/zambomba-madrid-120x86.jpg 120w, https:\/\/expoflamenco.com\/agenda\/wp-content\/uploads\/sites\/22\/2024\/10\/zambomba-madrid-350x250.jpg 350w, https:\/\/expoflamenco.com\/agenda\/wp-content\/uploads\/sites\/22\/2024\/10\/zambomba-madrid-750x536.jpg 750w\" sizes=\"(max-width: 120px) 100vw, 120px\" \/>\n                            <\/div>\n                        <\/a>\n                    <\/div>\n                        <\/div>\n                        <div class=\"jeg_preview_description\">\n                            \n                            <div class=\"jeg_preview_description_wrapper\">\n                            \n                            <\/div>\n                        <\/div>\n                        <script>\n                            var gallery_4 = {\n                                rtl: false,\n                                native_zoom: false,\n                                zoom_max: 5,\n                                zoom_step: 40,\n                                image_sequence: [{\"src\":\"https:\\\/\\\/expoflamenco.com\\\/agenda\\\/wp-content\\\/uploads\\\/sites\\\/22\\\/2024\\\/10\\\/encarni-zambomba-madrid.webp\",\"w\":314,\"h\":293,\"title\":\"Encarni Zambomba Madrid 2024\"},{\"src\":\"https:\\\/\\\/expoflamenco.com\\\/agenda\\\/wp-content\\\/uploads\\\/sites\\\/22\\\/2024\\\/10\\\/zambomba-madrid.jpg\",\"w\":1080,\"h\":1350,\"title\":\"Cartel Zambomba Madrid Teatro La Latina\"}]\n                            };\n                        <\/script>\n                    <\/div>\n<p>Cartel Zambomba Madrid Teatro La Latina<\/p>\n<\/div>\n<\/li>\n<\/ul>\n<p>&nbsp;<\/p>\n<div class=\"entry-content with-share\" style=\"text-align: left\">\n<div class=\"content-inner \">\n<hr \/>\n<h3><strong>M\u00e1laga<\/strong><\/h3>\n<hr \/>\n<div class=\"entry-content with-share\" style=\"text-align: left\">\n<div class=\"content-inner \">\n<p><strong>01\/12 :<\/strong><\/p>\n<ul>\n<li><strong>Zambomba Flamenca Pilar Soto &#8211; 18:00h<\/strong><br \/>\n<a href=\"https:\/\/www.esadmalaga.com\/\">Teatro ESAD &#8211; Entradas +34 670 34 96 68<\/a><\/li>\n<\/ul>\n<p><strong>13\/12 :<\/strong><\/p>\n<ul>\n<li><strong>Zambomb\u00e1 la flor de M\u00e1laga. Encarni Navarro &#8211; 20:30h<br \/>\n<\/strong><a href=\"https:\/\/www.teatroechegaray.com\/\">Teatro Echegaray<\/a><\/li>\n<\/ul>\n<\/div>\n<\/div>\n<p><strong>14\/12 :<\/strong><\/p>\n<ul>\n<li><strong><span id=\"labEventoTituloEspectaculo\">As\u00ed canta Jerez en Navidad &#8211; 22:00h<br \/>\n<\/span><\/strong><a href=\"https:\/\/www.redentradas.com\/?entradas=asi-canta-jerez-en-navidad&amp;eid=2984\">Torremolinos<\/a><\/li>\n<\/ul>\n<p><strong>16\/12 :<\/strong><\/p>\n<ul>\n<li><strong>Zambomba Flamenca \u00abLos Tres Reyes\u00bb &#8211; 20.00h<br \/>\n<\/strong><span class=\"fs16\">Cante<\/span> La Macanita, Felipa de Moreno y Fernando Soto<br \/>\n<span class=\"fs16\">Guitarras\u00a0<\/span>Antonio Higuero y Paco Le\u00f3n<br \/>\n<span class=\"fs16\">Percusi\u00f3n\u00a0<\/span>Rafael Fern\u00e1ndez<br \/>\n<span class=\"fs16\">Con la colaboraci\u00f3n de<\/span> Coral de los Reyes, Ana de los Reyes, Sandra Rinc\u00f3n y Carmen Fern\u00e1ndez<br \/>\n<a href=\"https:\/\/www.unientradas.es\/janto\/main.php?Nivel=Evento&amp;idEvento=24-25TresReyes&amp;_gl=1*1yllfts*_gcl_au*MTkwNDcwMTg3My4xNzI4NjQ0MzI4*_ga*MTI5MDY1NzU1NS4xNzI4NjQ0MzI4*_ga_RBEXKBTHK8*MTcyOTg0OTg5MC4zLjEuMTcyOTg1MDA4My41NS4wLjA.*_ga_CWHM5BJYMY*MTcyOTg0OTg5Mi4zLjEuMTcyOTg1MDExNS4wLjAuMA..\">Teatro Cervantes<\/a><\/li>\n<\/ul>\n<p><strong>21\/12 :<\/strong><\/p>\n<ul>\n<li><strong>Zambomba Flamenca &#8211; Hermandad de la Cena &#8211; 18:30h<br \/>\n<\/strong>Coro de la Real Hermandad del Roc\u00edo de M\u00e1laga<br \/>\n<strong>Casa Hermandad &#8211; C\/ Compa\u00f1\u00eda, 44<\/strong><br \/>\nEntrada 5\u20ac<\/li>\n<\/ul>\n<\/div>\n<\/div>\n<p>&nbsp;<\/p>\n<hr \/>\n<div style='display:none' class=\"jeg_preview_slider gallery_5\" data-selector='gallery_5'>\n                        <div class=\"jeg_preview_holder\">\n                            <div class=\"jeg_preview_media\">\n                        <div class=\"jeg_preview_media_holder\">\n                            <h3>&nbsp;<\/h3>\n                            <div class=\"fullscreen-switch\">\n                                <i class=\"fa\"><\/i>\n                            <\/div>\n                            <div class=\"jeg_preview_media_content\">\n                                <div class=\"jeg_preview_media_content_holder_padding\">\n                                    <div class=\"jeg_preview_media_content_holder\"><\/div>\n                                <\/div>\n                                <div class=\"jeg_preview_media_content_navigation\">\n                                    <div class=\"prev\">\n\t\t\t\t\t\t\t\t\t\t<i class=\"fa\"><\/i>\n\t\t\t\t\t\t\t\t\t<\/div>\n                                    <div class=\"next\">\n\t\t\t\t\t\t\t\t\t\t<i class=\"fa\"><\/i>\n\t\t\t\t\t\t\t\t\t<\/div>\n                                <\/div>\n                                <div class='preview-slider-overlay'>\n                                    <div class='preloader_type preloader_dot'>\n                                        <div class=\"module-preloader jeg_preloader dot\">\n                                            <span><\/span><span><\/span><span><\/span>\n                                        <\/div>\n                                        <div class=\"module-preloader jeg_preloader circle\">\n                                            <div class=\"jnews_preloader_circle_outer\">\n                                                <div class=\"jnews_preloader_circle_inner\"><\/div>\n                                            <\/div>\n                                        <\/div>\n                                        <div class=\"module-preloader jeg_preloader square\">\n                                            <div class=\"jeg_square\">\n                                                <div class=\"jeg_square_inner\"><\/div>\n                                            <\/div>\n                                        <\/div>\n                                    <\/div>\n                                <\/div>\n                            <\/div>\n                            <div class=\"jeg_preview_control\">\n                                <div class=\"left_control\">\n                                    <div class=\"counter\"><span class=\"current\">1<\/span> de  3<\/div>\n                                    <div class=\"subtitle\"><\/div>\n                                <\/div>\n                                <div class=\"zoom\">\n                                    <span class=\"reduce\">-<\/span>\n                                    <span class=\"increase\">+<\/span>\n                                <\/div>\n                            <\/div>\n                        <\/div>\n                    <\/div>\n\n                    <div class=\"jeg_preview_bottom_slider\">\n                        <a data-id=\"0\" data-title=\"\" data-image=\"https:\/\/expoflamenco.com\/agenda\/wp-content\/uploads\/sites\/22\/2024\/10\/cartel-zambomba-flamenca-malaga-2024-300x300-1.jpg\" href=\"https:\/\/expoflamenco.com\/agenda\/wp-content\/uploads\/sites\/22\/2024\/10\/cartel-zambomba-flamenca-malaga-2024-300x300-1.jpg\" class=\"jeg_preview_item active\">\n                            <div class=\"jeg_preview_item_thumbnail\">\n                                <img decoding=\"async\" width=\"120\" height=\"86\" src=\"https:\/\/expoflamenco.com\/agenda\/wp-content\/uploads\/sites\/22\/2024\/10\/cartel-zambomba-flamenca-malaga-2024-300x300-1-120x86.jpg\" class=\"attachment-jnews-120x86 size-jnews-120x86\" alt=\"\" \/>\n                            <\/div>\n                        <\/a><a data-id=\"1\" data-title=\"\" data-image=\"https:\/\/expoflamenco.com\/agenda\/wp-content\/uploads\/sites\/22\/2024\/10\/zambomba-malaga-2024.jpg\" href=\"https:\/\/expoflamenco.com\/agenda\/wp-content\/uploads\/sites\/22\/2024\/10\/zambomba-malaga-2024.jpg\" class=\"jeg_preview_item \">\n                            <div class=\"jeg_preview_item_thumbnail\">\n                                <img decoding=\"async\" width=\"120\" height=\"86\" src=\"https:\/\/expoflamenco.com\/agenda\/wp-content\/uploads\/sites\/22\/2024\/10\/zambomba-malaga-2024-120x86.jpg\" class=\"attachment-jnews-120x86 size-jnews-120x86\" alt=\"\" srcset=\"https:\/\/expoflamenco.com\/agenda\/wp-content\/uploads\/sites\/22\/2024\/10\/zambomba-malaga-2024-120x86.jpg 120w, https:\/\/expoflamenco.com\/agenda\/wp-content\/uploads\/sites\/22\/2024\/10\/zambomba-malaga-2024-350x250.jpg 350w\" sizes=\"(max-width: 120px) 100vw, 120px\" \/>\n                            <\/div>\n                        <\/a><a data-id=\"2\" data-title=\"\" data-image=\"https:\/\/expoflamenco.com\/agenda\/wp-content\/uploads\/sites\/22\/2024\/10\/zambomba-malaga-2024-01.jpg\" href=\"https:\/\/expoflamenco.com\/agenda\/wp-content\/uploads\/sites\/22\/2024\/10\/zambomba-malaga-2024-01.jpg\" class=\"jeg_preview_item \">\n                            <div class=\"jeg_preview_item_thumbnail\">\n                                <img decoding=\"async\" width=\"120\" height=\"86\" src=\"https:\/\/expoflamenco.com\/agenda\/wp-content\/uploads\/sites\/22\/2024\/10\/zambomba-malaga-2024-01-120x86.jpg\" class=\"attachment-jnews-120x86 size-jnews-120x86\" alt=\"\" srcset=\"https:\/\/expoflamenco.com\/agenda\/wp-content\/uploads\/sites\/22\/2024\/10\/zambomba-malaga-2024-01-120x86.jpg 120w, https:\/\/expoflamenco.com\/agenda\/wp-content\/uploads\/sites\/22\/2024\/10\/zambomba-malaga-2024-01-350x250.jpg 350w\" sizes=\"(max-width: 120px) 100vw, 120px\" \/>\n                            <\/div>\n                        <\/a>\n                    <\/div>\n                        <\/div>\n                        <div class=\"jeg_preview_description\">\n                            \n                            <div class=\"jeg_preview_description_wrapper\">\n                            \n                            <\/div>\n                        <\/div>\n                        <script>\n                            var gallery_5 = {\n                                rtl: false,\n                                native_zoom: false,\n                                zoom_max: 5,\n                                zoom_step: 40,\n                                image_sequence: [{\"src\":\"https:\\\/\\\/expoflamenco.com\\\/agenda\\\/wp-content\\\/uploads\\\/sites\\\/22\\\/2024\\\/10\\\/cartel-zambomba-flamenca-malaga-2024-300x300-1.jpg\",\"w\":300,\"h\":300,\"title\":\"\"},{\"src\":\"https:\\\/\\\/expoflamenco.com\\\/agenda\\\/wp-content\\\/uploads\\\/sites\\\/22\\\/2024\\\/10\\\/zambomba-malaga-2024.jpg\",\"w\":700,\"h\":394,\"title\":\"\"},{\"src\":\"https:\\\/\\\/expoflamenco.com\\\/agenda\\\/wp-content\\\/uploads\\\/sites\\\/22\\\/2024\\\/10\\\/zambomba-malaga-2024-01.jpg\",\"w\":719,\"h\":1018,\"title\":\"\"}]\n                            };\n                        <\/script>\n                    <\/div>\n<hr \/>\n<h3 style=\"text-align: left\"><strong>San Roque<\/strong><\/h3>\n<hr \/>\n<p><strong>21\/12 :<\/strong><\/p>\n<ul>\n<li><strong><span class=\"event-title-artist\">Amor en la Tierra &#8211; Pepe Del Morao &#8211; 21:00h<br \/>\n<\/span><\/strong><a href=\"https:\/\/www.guiadecadiz.com\/es\/que-hacer\/teatros\/teatro-juan-luis-galiardo\">Teatro Juan Luis Galiardo<\/a><\/li>\n<\/ul>\n<div class=\"mceTemp\">\n<p><img decoding=\"async\" class=\"wp-image-59178 size-full\" src=\"http:\/\/expoflamenco.com\/agenda\/wp-content\/uploads\/sites\/22\/2024\/10\/sanroque-zambomba-2024.jpg\" alt=\"Cartel Zambomba Pepe del Morao en San Roque\" width=\"500\" height=\"625\" srcset=\"https:\/\/expoflamenco.com\/agenda\/wp-content\/uploads\/sites\/22\/2024\/10\/sanroque-zambomba-2024.jpg 500w, https:\/\/expoflamenco.com\/agenda\/wp-content\/uploads\/sites\/22\/2024\/10\/sanroque-zambomba-2024-240x300.jpg 240w\" sizes=\"(max-width: 500px) 100vw, 500px\" \/><\/p>\n<p>Cartel Zambomba Pepe del Morao en San Roque<\/p>\n<\/div>\n<h3 style=\"text-align: left\"><strong>Sevilla<\/strong><\/h3>\n<hr \/>\n<div class=\"gsrt v14Sh OaCVOb\" style=\"text-align: left\">\n<div><\/div>\n<div class=\"UIaQzd\"><strong>12\/12<\/strong><\/div>\n<div>\n<div class=\"fzHfmf\">\n<ul>\n<li><strong>Zambomba De Jerez<br \/>\nD\u00f3nde<\/strong>: <a href=\"https:\/\/maps.app.goo.gl\/pXXzHumwBSFprkT87\">Teatro Los Remedios, C. Juan Ram\u00f3n Jim\u00e9nez, 22<\/a><\/li>\n<\/ul>\n<\/div>\n<\/div>\n<div><\/div>\n<div class=\"UIaQzd\"><strong>13\/12<\/strong><\/div>\n<ul>\n<li class=\"UIaQzd\"><strong>Zambomba Flamenca<\/strong>.<br \/>\nPolito. Umbrete<br \/>\n<strong>Como llegar:<\/strong> <a href=\"https:\/\/maps.app.goo.gl\/uhxZjbKNGbivhv3M9\">Teatro de la Villa, C. P.\u00ba 1\u00ba de Mayo, 9<\/a><\/li>\n<\/ul>\n<div class=\"gsrt v14Sh OaCVOb\">\n<div>\n<div class=\"UIaQzd\"><strong>14\/12<\/strong><\/div>\n<ul>\n<li class=\"UIaQzd\"><strong>Zambomba Rociera<\/strong><br \/>\nHora: 20:00<br \/>\n<strong>Como Llegar;<\/strong> <a href=\"https:\/\/maps.app.goo.gl\/v2BTVEmXf1Q8BCyU6\">C. Aznalc\u00e1zar, 2<\/a><\/li>\n<\/ul>\n<\/div>\n<\/div>\n<p><strong>17\/12<\/strong><\/p>\n<ul>\n<li><strong>\u00abZambomba de la alegr\u00eda\u00bb<br \/>\n<\/strong><strong>Horario:<\/strong> a las 12:30 horas.<br \/>\n<strong>Precio:<\/strong> entradas adultos 10 euros y entradas ni\u00f1os 5 euros.<br \/>\n<strong>D\u00f3nde:<\/strong>\u00a0<a href=\"https:\/\/maps.app.goo.gl\/AHU6eSU5uNYZJ6uT8\">Fundaci\u00f3n Valent\u00edn de Madariaga (antiguo pabell\u00f3n de Estados Unidos).<\/a><\/li>\n<\/ul>\n<\/div>\n<div class=\"gsrt v14Sh OaCVOb\" style=\"text-align: left\">\n<div>\n<div class=\"UIaQzd\"><strong>19\/12<\/strong><\/div>\n<ul>\n<li class=\"UIaQzd\"><strong>ZAMBOMBA NAVIDE\u00d1A \u00abTRIANA POR PASCUA\u00bb<\/strong><br \/>\n<strong>Horario<\/strong>: 20:30\u201322:30<br \/>\n<strong>Donde<\/strong>: <a href=\"https:\/\/maps.app.goo.gl\/9bQTmeQqzMvkYbdP6\">Teatro Salvador Tavora, Avda. de Hytasa, 14. Pol\u00edgono Industrial Hytasa, C. Lino, 8<\/a><\/li>\n<\/ul>\n<\/div>\n<\/div>\n<div class=\"fzHfmf\" style=\"text-align: left\">\n<div class=\"SHrHx\">\n<div class=\"cEZxRc zvDXNd\"><\/div>\n<\/div>\n<\/div>\n<p style=\"text-align: left\"><strong>26\/12 :<\/strong><\/p>\n<ul>\n<li style=\"text-align: left\"><strong><span class=\"event-title-artist\">AS\u00cd CANTA JEREZ EN NAVIDAD &#8211; GIRA LA ESTRELLA &#8211; Horario:<\/span><\/strong><span class=\"event-title-artist\"> 19:00h<\/span><strong><span class=\"event-title-artist\"><br \/>\n<\/span>Donde:<\/strong> <a title=\"Ver sala\" href=\"https:\/\/www.giglon.com\/sala\/cartuja-center-cite\">Cartuja Center Cite<\/a><\/li>\n<\/ul>\n<div>\n<div>\n<div class=\"gsrt v14Sh OaCVOb\">\n<div><\/div>\n<\/div>\n<div class=\"fzHfmf\">\n<div class=\"SHrHx\">\n<div class=\"cEZxRc zvDXNd\"><\/div>\n<\/div>\n<\/div>\n<\/div>\n<\/div>\n<div>\n<div id=\"Q5Vznb\" class=\"yp\" data-jiis=\"up\" data-async-type=\"evn_af\" data-async-context-required=\"q,start\" data-async-rclass=\"search\">\n<div data-ved=\"2ahUKEwiTjJOT2--JAxW9K_sDHWEAHGQ4AxDToAJ6BAgtEAA\">\n<div>\n<div class=\"tl-async-corelist\">\n<div class=\"SBFvB\" data-hveid=\"CC0QAg\"><\/div>\n<\/div>\n<\/div>\n<\/div>\n<\/div>\n<\/div>\n<hr \/>\n<div style='display:none' class=\"jeg_preview_slider gallery_6\" data-selector='gallery_6'>\n                        <div class=\"jeg_preview_holder\">\n                            <div class=\"jeg_preview_media\">\n                        <div class=\"jeg_preview_media_holder\">\n                            <h3>&nbsp;<\/h3>\n                            <div class=\"fullscreen-switch\">\n                                <i class=\"fa\"><\/i>\n                            <\/div>\n                            <div class=\"jeg_preview_media_content\">\n                                <div class=\"jeg_preview_media_content_holder_padding\">\n                                    <div class=\"jeg_preview_media_content_holder\"><\/div>\n                                <\/div>\n                                <div class=\"jeg_preview_media_content_navigation\">\n                                    <div class=\"prev\">\n\t\t\t\t\t\t\t\t\t\t<i class=\"fa\"><\/i>\n\t\t\t\t\t\t\t\t\t<\/div>\n                                    <div class=\"next\">\n\t\t\t\t\t\t\t\t\t\t<i class=\"fa\"><\/i>\n\t\t\t\t\t\t\t\t\t<\/div>\n                                <\/div>\n                                <div class='preview-slider-overlay'>\n                                    <div class='preloader_type preloader_dot'>\n                                        <div class=\"module-preloader jeg_preloader dot\">\n                                            <span><\/span><span><\/span><span><\/span>\n                                        <\/div>\n                                        <div class=\"module-preloader jeg_preloader circle\">\n                                            <div class=\"jnews_preloader_circle_outer\">\n                                                <div class=\"jnews_preloader_circle_inner\"><\/div>\n                                            <\/div>\n                                        <\/div>\n                                        <div class=\"module-preloader jeg_preloader square\">\n                                            <div class=\"jeg_square\">\n                                                <div class=\"jeg_square_inner\"><\/div>\n                                            <\/div>\n                                        <\/div>\n                                    <\/div>\n                                <\/div>\n                            <\/div>\n                            <div class=\"jeg_preview_control\">\n                                <div class=\"left_control\">\n                                    <div class=\"counter\"><span class=\"current\">1<\/span> de  3<\/div>\n                                    <div class=\"subtitle\"><\/div>\n                                <\/div>\n                                <div class=\"zoom\">\n                                    <span class=\"reduce\">-<\/span>\n                                    <span class=\"increase\">+<\/span>\n                                <\/div>\n                            <\/div>\n                        <\/div>\n                    <\/div>\n\n                    <div class=\"jeg_preview_bottom_slider\">\n                        <a data-id=\"0\" data-title=\"Zambomba de la Alegria Sevilla 2024\" data-image=\"https:\/\/expoflamenco.com\/agenda\/wp-content\/uploads\/sites\/22\/2024\/10\/zambombalegriamadariaga2024-sevilla.jpg\" href=\"https:\/\/expoflamenco.com\/agenda\/wp-content\/uploads\/sites\/22\/2024\/10\/zambombalegriamadariaga2024-sevilla.jpg\" class=\"jeg_preview_item active\">\n                            <div class=\"jeg_preview_item_thumbnail\">\n                                <img decoding=\"async\" width=\"120\" height=\"86\" src=\"https:\/\/expoflamenco.com\/agenda\/wp-content\/uploads\/sites\/22\/2024\/10\/zambombalegriamadariaga2024-sevilla-120x86.jpg\" class=\"attachment-jnews-120x86 size-jnews-120x86\" alt=\"Zambomba de la Alegria Sevilla 2024\" srcset=\"https:\/\/expoflamenco.com\/agenda\/wp-content\/uploads\/sites\/22\/2024\/10\/zambombalegriamadariaga2024-sevilla-120x86.jpg 120w, https:\/\/expoflamenco.com\/agenda\/wp-content\/uploads\/sites\/22\/2024\/10\/zambombalegriamadariaga2024-sevilla-350x250.jpg 350w\" sizes=\"(max-width: 120px) 100vw, 120px\" \/>\n                            <\/div>\n                        <\/a><a data-id=\"1\" data-title=\"Zambomba Sevilla - Asi Canta Jerez en Navidad\" data-image=\"https:\/\/expoflamenco.com\/agenda\/wp-content\/uploads\/sites\/22\/2024\/10\/zambomba-sevilla-2024.jpeg\" href=\"https:\/\/expoflamenco.com\/agenda\/wp-content\/uploads\/sites\/22\/2024\/10\/zambomba-sevilla-2024.jpeg\" class=\"jeg_preview_item \">\n                            <div class=\"jeg_preview_item_thumbnail\">\n                                <img decoding=\"async\" width=\"120\" height=\"86\" src=\"https:\/\/expoflamenco.com\/agenda\/wp-content\/uploads\/sites\/22\/2024\/10\/zambomba-sevilla-2024-120x86.jpeg\" class=\"attachment-jnews-120x86 size-jnews-120x86\" alt=\"Cartel Zambomba en Sevilla Asi canta Jerez en navidad\" srcset=\"https:\/\/expoflamenco.com\/agenda\/wp-content\/uploads\/sites\/22\/2024\/10\/zambomba-sevilla-2024-120x86.jpeg 120w, https:\/\/expoflamenco.com\/agenda\/wp-content\/uploads\/sites\/22\/2024\/10\/zambomba-sevilla-2024-350x250.jpeg 350w, https:\/\/expoflamenco.com\/agenda\/wp-content\/uploads\/sites\/22\/2024\/10\/zambomba-sevilla-2024-750x536.jpeg 750w, https:\/\/expoflamenco.com\/agenda\/wp-content\/uploads\/sites\/22\/2024\/10\/zambomba-sevilla-2024-1140x815.jpeg 1140w\" sizes=\"(max-width: 120px) 100vw, 120px\" \/>\n                            <\/div>\n                        <\/a><a data-id=\"2\" data-title=\"Zambomba Sevilla Teatro T\u00e1vora\" data-image=\"https:\/\/expoflamenco.com\/agenda\/wp-content\/uploads\/sites\/22\/2024\/10\/zambomba-sevilla-tavora.jpg\" href=\"https:\/\/expoflamenco.com\/agenda\/wp-content\/uploads\/sites\/22\/2024\/10\/zambomba-sevilla-tavora.jpg\" class=\"jeg_preview_item \">\n                            <div class=\"jeg_preview_item_thumbnail\">\n                                <img decoding=\"async\" width=\"120\" height=\"86\" src=\"https:\/\/expoflamenco.com\/agenda\/wp-content\/uploads\/sites\/22\/2024\/10\/zambomba-sevilla-tavora-120x86.jpg\" class=\"attachment-jnews-120x86 size-jnews-120x86\" alt=\"Zambomba Sevilla Teatro T\u00e1vora\" srcset=\"https:\/\/expoflamenco.com\/agenda\/wp-content\/uploads\/sites\/22\/2024\/10\/zambomba-sevilla-tavora-120x86.jpg 120w, https:\/\/expoflamenco.com\/agenda\/wp-content\/uploads\/sites\/22\/2024\/10\/zambomba-sevilla-tavora-255x180.jpg 255w\" sizes=\"(max-width: 120px) 100vw, 120px\" \/>\n                            <\/div>\n                        <\/a>\n                    <\/div>\n                        <\/div>\n                        <div class=\"jeg_preview_description\">\n                            \n                            <div class=\"jeg_preview_description_wrapper\">\n                            \n                            <\/div>\n                        <\/div>\n                        <script>\n                            var gallery_6 = {\n                                rtl: false,\n                                native_zoom: false,\n                                zoom_max: 5,\n                                zoom_step: 40,\n                                image_sequence: [{\"src\":\"https:\\\/\\\/expoflamenco.com\\\/agenda\\\/wp-content\\\/uploads\\\/sites\\\/22\\\/2024\\\/10\\\/zambombalegriamadariaga2024-sevilla.jpg\",\"w\":640,\"h\":640,\"title\":\"Zambomba de la Alegria Sevilla 2024\"},{\"src\":\"https:\\\/\\\/expoflamenco.com\\\/agenda\\\/wp-content\\\/uploads\\\/sites\\\/22\\\/2024\\\/10\\\/zambomba-sevilla-2024.jpeg\",\"w\":1200,\"h\":1200,\"title\":\"Zambomba Sevilla - Asi Canta Jerez en Navidad\"},{\"src\":\"https:\\\/\\\/expoflamenco.com\\\/agenda\\\/wp-content\\\/uploads\\\/sites\\\/22\\\/2024\\\/10\\\/zambomba-sevilla-tavora.jpg\",\"w\":255,\"h\":359,\"title\":\"Zambomba Sevilla Teatro T\\u00e1vora\"}]\n                            };\n                        <\/script>\n                    <\/div>\n<p style=\"text-align: left\">\n","protected":false},"excerpt":{"rendered":"<p>Fechas de las principales Zambombas en Andaluc\u00eda. Disfruta de las mejores zambombas en Andaluc\u00eda 2024<br \/>\nAlgunas ciudades tienen su propio apartado como Jerez de la Frontera.<\/p>\n","protected":false},"author":56,"featured_media":59174,"comment_status":"open","ping_status":"closed","template":"","tags":[785,973,745,117,953,914,913,994,917,954],"mec_category":[478,912],"mec_sponsor":[],"class_list":["post-59097","mec-events","type-mec-events","status-publish","has-post-thumbnail","hentry","tag-almeria","tag-andalucia","tag-jerez-de-la-frontera","tag-malaga","tag-programacion","tag-villamarta","tag-zambomba","tag-zambomba-2024","tag-zambomba-flamenca","tag-zambomba-flamenca-malaga","mec_category-cante","mec_category-zambomba","pmpro-has-access"],"acf":[],"aioseo_notices":[],"_links":{"self":[{"href":"https:\/\/expoflamenco.com\/agenda\/wp-json\/wp\/v2\/mec-events\/59097","targetHints":{"allow":["GET"]}}],"collection":[{"href":"https:\/\/expoflamenco.com\/agenda\/wp-json\/wp\/v2\/mec-events"}],"about":[{"href":"https:\/\/expoflamenco.com\/agenda\/wp-json\/wp\/v2\/types\/mec-events"}],"author":[{"embeddable":true,"href":"https:\/\/expoflamenco.com\/agenda\/wp-json\/wp\/v2\/users\/56"}],"replies":[{"embeddable":true,"href":"https:\/\/expoflamenco.com\/agenda\/wp-json\/wp\/v2\/comments?post=59097"}],"wp:featuredmedia":[{"embeddable":true,"href":"https:\/\/expoflamenco.com\/agenda\/wp-json\/wp\/v2\/media\/59174"}],"wp:attachment":[{"href":"https:\/\/expoflamenco.com\/agenda\/wp-json\/wp\/v2\/media?parent=59097"}],"wp:term":[{"taxonomy":"post_tag","embeddable":true,"href":"https:\/\/expoflamenco.com\/agenda\/wp-json\/wp\/v2\/tags?post=59097"},{"taxonomy":"mec_category","embeddable":true,"href":"https:\/\/expoflamenco.com\/agenda\/wp-json\/wp\/v2\/mec_category?post=59097"},{"taxonomy":"mec_sponsor","embeddable":true,"href":"https:\/\/expoflamenco.com\/agenda\/wp-json\/wp\/v2\/mec_sponsor?post=59097"}],"curies":[{"name":"wp","href":"https:\/\/api.w.org\/{rel}","templated":true}]}}