{"id":59084,"date":"2024-11-23T11:01:00","date_gmt":"2024-11-23T10:01:00","guid":{"rendered":"https:\/\/expoflamenco.com\/agenda\/?post_type=mec-events&#038;p=59084"},"modified":"2025-11-25T10:57:21","modified_gmt":"2025-11-25T09:57:21","slug":"zambombas-de-jerez-programacion-16-al-24-de-diciembre","status":"publish","type":"mec-events","link":"https:\/\/expoflamenco.com\/agenda\/eventos\/zambombas-de-jerez-programacion-16-al-24-de-diciembre\/","title":{"rendered":"Zambombas de Jerez 2024- Programaci\u00f3n 16 al 24 de Diciembre"},"content":{"rendered":"<h2 class=\"entry-header\" style=\"text-align: center\"><strong>Zambombas en Jerez de la Frontera<\/strong><\/h2>\n<h4 style=\"text-align: center\"><strong>Disfruta de las mejores zambombas de Jerez con este listado completo\u00a0 del 16 al 24 de diciembre 2024<\/strong><\/h4>\n<p>&nbsp;<\/p>\n<p>&nbsp;<\/p>\n<div class=\"entry-content with-share\">\n<div class=\"content-inner \">\n<h2>PROGRAMACI\u00d3N<\/h2>\n<hr \/>\n<p><strong>17 de diciembre<\/strong><\/p>\n<ul>\n<li><strong>Tabanco A La Feria<\/strong><br \/>\n14h y 22h &#8211; Entrada Gratis:<br \/>\n+34 663 476 542<br \/>\n<a href=\"https:\/\/maps.app.goo.gl\/wzbjeGh3Gx1s7b699\">Como Llegar: Calle Armas 5<\/a><\/li>\n<\/ul>\n<hr \/>\n<p><strong>18 de diciembre<\/strong><\/p>\n<ul>\n<li><strong>Tabanco A La Feria<\/strong><br \/>\n14h y 22h &#8211; Entrada Gratis:<br \/>\n+34 663 476 542<br \/>\n<a href=\"https:\/\/maps.app.goo.gl\/wzbjeGh3Gx1s7b699\">Como Llegar: Calle Armas 5<\/a><\/li>\n<li><strong>La Vega<\/strong>.<br \/>\n17:00h.<br \/>\n<a href=\"https:\/\/maps.app.goo.gl\/uQcA4hWZPKyxHsZK7\">Como llegar Plaza Esteves<\/a><\/li>\n<li><strong>Casa S\u00e1nchez.<\/strong><br \/>\n17:30h.<br \/>\n<a href=\"https:\/\/maps.app.goo.gl\/3NcsLz3SkLk2VJgy8\">Como llegar: Calle Circo<\/a><\/li>\n<\/ul>\n<hr \/>\n<p><strong>19 de diciembre<\/strong><\/p>\n<ul>\n<li><strong>Tabanco A La Feria<\/strong><br \/>\n22h &#8211; Entrada Gratis:<br \/>\n+34 663 476 542<br \/>\n<a href=\"https:\/\/maps.app.goo.gl\/wzbjeGh3Gx1s7b699\">Como Llegar: Calle Armas 5<\/a><\/li>\n<\/ul>\n<ul>\n<li><strong>Tabanco Cruz Vieja<\/strong><br \/>\n21:30h &#8211; Reservas:<br \/>\n+34 657 588 882<br \/>\n<a href=\"https:\/\/maps.app.goo.gl\/wzbjeGh3Gx1s7b699\">Como llegar: Calle Barja 16\u00a0<\/a><\/li>\n<\/ul>\n<hr \/>\n<p><strong>20 de diciembre<\/strong><\/p>\n<ul>\n<li><strong>Tabanco A La Feria<\/strong><br \/>\n22h &#8211; Entrada Gratis:<br \/>\n+34 663 476 542<br \/>\n<a href=\"https:\/\/maps.app.goo.gl\/wzbjeGh3Gx1s7b699\">Como Llegar: Calle Armas 5<\/a><\/li>\n<\/ul>\n<ul>\n<li><strong>Tabanco Cruz Vieja<\/strong><br \/>\n21:30h &#8211; Reservas:<br \/>\n+34 657 588 882<br \/>\n<a href=\"https:\/\/maps.app.goo.gl\/wzbjeGh3Gx1s7b699\">Como llegar: Calle Barja 16\u00a0<\/a><\/li>\n<li class=\"voc-d-c-list__paragraph\"><strong>Bereber<\/strong>.<br \/>\n16:00 horas.<br \/>\nAcceso 10\u20ac con consumici\u00f3n<br \/>\n<a href=\"https:\/\/maps.app.goo.gl\/TEQGzBfCo2iNweiA6\">Como Llegar: Calle cabezas 8<\/a><\/li>\n<li class=\"voc-d-c-list__paragraph\"><strong>Mencanta Jerez.<\/strong><br \/>\n17:00 horas.<br \/>\n<a href=\"https:\/\/maps.app.goo.gl\/VYrY4S4cVEcX1Uuv9\">Como llegar: Plaza Silos 7<\/a><\/li>\n<li class=\"voc-d-c-list__paragraph\"><strong>Plaza Canterbury.<br \/>\n<\/strong>18:30 horas.<br \/>\n<a href=\"https:\/\/maps.app.goo.gl\/PdxXcymqgaZn5LPp6\">Como llegar: Calle Nu\u00f1o de Ca\u00f1as<\/a><\/li>\n<li><strong>Casa S\u00e1nchez.<\/strong><br \/>\n17:30h.<br \/>\nActuaci\u00f3n: Conkach\u00e9<br \/>\n<a href=\"https:\/\/maps.app.goo.gl\/3NcsLz3SkLk2VJgy8\">Como llegar: Calle Circo<\/a><\/li>\n<li><strong>La Vega<\/strong>.<br \/>\n17:00h.<br \/>\n<a href=\"https:\/\/maps.app.goo.gl\/uQcA4hWZPKyxHsZK7\">Como llegar Plaza Esteves<\/a><\/li>\n<li><strong>Tabanco Los Monos<\/strong>.<br \/>\n19:30h.<br \/>\nActuaci\u00f3n: La Trasera, A nuestro aire<br \/>\n<a href=\"https:\/\/maps.app.goo.gl\/it4AkNDamLgQkVhq9\">Calle Arcos<\/a><\/li>\n<li><strong>Kapote<\/strong>.<br \/>\n18:00h.<br \/>\n<a href=\"https:\/\/maps.app.goo.gl\/67dKqKEVAu9SWfwW7\">Como llegar<\/a><\/li>\n<li>\n<p class=\"paragraph-atom B-500-400-400-N B-525-400-700-N--md\"><strong>La Marujona<br \/>\n<\/strong>17.30 horas<br \/>\n<a href=\"https:\/\/maps.app.goo.gl\/m8fVoQcvtT74FnwE7\">Como llegar: Calle Caballeros, 2<\/a><\/p>\n<\/li>\n<\/ul>\n<hr \/>\n<p><strong>21 de diciembre<\/strong><\/p>\n<ul>\n<li><strong>Tabanco A La Feria<\/strong><br \/>\n14h y 22h &#8211; Entrada Gratis:<br \/>\n+34 663 476 542<br \/>\n<a href=\"https:\/\/maps.app.goo.gl\/wzbjeGh3Gx1s7b699\">Como Llegar: Calle Armas 5<\/a><\/li>\n<li><strong>Tabanco Cruz Vieja<\/strong><br \/>\n14:30h y 21:30h &#8211;<br \/>\nReservas: +34 657 588 882<br \/>\n<a href=\"https:\/\/maps.app.goo.gl\/wzbjeGh3Gx1s7b699\">Como llegar: Calle Barja 16\u00a0<\/a><\/li>\n<li><strong>Pe\u00f1a Luis de la Pica<\/strong><br \/>\n14:00 horas<br \/>\n<a href=\"https:\/\/maps.app.goo.gl\/DbTkyp3FnkzAbXP69\">Como llegar: Calle Carpinteros<\/a><\/li>\n<li><strong>Pe\u00f1a T\u00edo Jos\u00e9 de Paula<\/strong><br \/>\n18:00h.<br \/>\n<a href=\"https:\/\/maps.app.goo.gl\/FyUngBv9TbeCBVwq6\">Como llegar: Calle Merced<\/a><\/li>\n<li><strong>Pe\u00f1a La buena Gente<\/strong>.<br \/>\n14:00h.<br \/>\n<a href=\"https:\/\/maps.app.goo.gl\/en3urFsCHfccDkAS9\">Como llegar: Calle Basurto<\/a><\/li>\n<li><strong>Pe\u00f1a Los Cern\u00edcalos<\/strong><br \/>\n14:00h.<br \/>\n<a href=\"https:\/\/maps.app.goo.gl\/xduPL2ASjbLPPbV2A\">Como llegar: Bodega Cayetano del Pino \u2013 Plaza del Carb\u00f3n<\/a><\/li>\n<li class=\"voc-d-c-list__paragraph\"><strong>Bereber<\/strong>.<br \/>\n16:00 horas.<br \/>\nAcceso 10\u20ac con consumici\u00f3n<br \/>\n<a href=\"https:\/\/maps.app.goo.gl\/TEQGzBfCo2iNweiA6\">Como Llegar: Calle cabezas 8<\/a><\/li>\n<li class=\"voc-d-c-list__paragraph\"><strong>Mencanta Jerez.<\/strong><br \/>\n17:00 horas.<br \/>\n<a href=\"https:\/\/maps.app.goo.gl\/VYrY4S4cVEcX1Uuv9\">Como llegar: Plaza Silos 7<\/a><\/li>\n<li class=\"voc-d-c-list__paragraph\"><strong>Plaza Canterbury.<br \/>\n<\/strong>18:30 horas.<br \/>\n<a href=\"https:\/\/maps.app.goo.gl\/PdxXcymqgaZn5LPp6\">Como llegar: Calle Nu\u00f1o de Ca\u00f1as<\/a><\/li>\n<li><strong>Kriatura en Navidad<\/strong>.<br \/>\n19:30h.<br \/>\nEspect\u00e1culo con entrada<br \/>\n<a href=\"https:\/\/maps.app.goo.gl\/THdXpk2dxe4NXE7Z7\">(Como llegar: Sala Pa\u00fal).<\/a><\/li>\n<li><strong>Bar Juanito<\/strong>.<br \/>\n14:00h.<br \/>\n<a href=\"https:\/\/maps.app.goo.gl\/CuSPxV4r3f5m8Cxw5\">Como llegar: Centro<\/a><\/li>\n<li><strong>Casa S\u00e1nchez.<\/strong><br \/>\n17:30h.<br \/>\nActuaci\u00f3n: Coro abuela Mar\u00eda<br \/>\n<a href=\"https:\/\/maps.app.goo.gl\/3NcsLz3SkLk2VJgy8\">Como llegar: Calle Circo<\/a><\/li>\n<li><strong>La Vega<\/strong>.<br \/>\n17:00h.<br \/>\n<a href=\"https:\/\/maps.app.goo.gl\/uQcA4hWZPKyxHsZK7\">Como llegar Plaza Esteves<\/a><\/li>\n<li><strong>Casa Gabriela<\/strong>.<br \/>\n17:00h.<br \/>\n<a href=\"https:\/\/maps.app.goo.gl\/7khcocxppsHi7aCR8\">Como llegar: Pza. Plateros<\/a><\/li>\n<li><strong>La Marujona<br \/>\n<\/strong>17.30 horas<br \/>\n<a href=\"https:\/\/maps.app.goo.gl\/m8fVoQcvtT74FnwE7\">Como llegar: Calle Caballeros, 2<\/a><\/li>\n<li><\/li>\n<\/ul>\n<hr \/>\n<p><strong>22 de diciembre<\/strong><\/p>\n<ul>\n<li><strong>Tabanco A La Feria<\/strong><br \/>\n14h y 22h &#8211; Entrada Gratis:<br \/>\n+34 663 476 542<br \/>\n<a href=\"https:\/\/maps.app.goo.gl\/wzbjeGh3Gx1s7b699\">Como Llegar: Calle Armas 5<\/a><\/li>\n<\/ul>\n<ul>\n<li><strong>Tabanco Cruz Vieja<\/strong><br \/>\n14:30h\u00a0 &#8211; Reservas:<br \/>\n+34 657 588 882<br \/>\n<a href=\"https:\/\/maps.app.goo.gl\/wzbjeGh3Gx1s7b699\">Como llegar: Calle Barja 16\u00a0<\/a><\/li>\n<li><strong>Hermandad La Mortaja<\/strong><br \/>\n14:30 horas<br \/>\n<a href=\"https:\/\/maps.app.goo.gl\/L5LTXSyTJts5CZMF8\">Como Llegar<\/a><\/li>\n<li><strong>Kapote<\/strong>.<br \/>\n18:00h.<br \/>\n<a href=\"https:\/\/maps.app.goo.gl\/67dKqKEVAu9SWfwW7\">Como llegar<\/a><\/li>\n<li><strong>Plaza Canterbury.<br \/>\n<\/strong>18:30 horas y 23:00 horas<br \/>\n<a href=\"https:\/\/maps.app.goo.gl\/PdxXcymqgaZn5LPp6\">Como llegar: Calle Nu\u00f1o de Ca\u00f1as<\/a><\/li>\n<li><strong>Maricasta\u00f1a<\/strong><br \/>\n18:00 horas<br \/>\nParque Entrev\u00edas<\/li>\n<\/ul>\n<hr \/>\n<p><strong>23 de diciembre<\/strong><\/p>\n<ul>\n<li><strong>Tabanco A La Feria<\/strong><br \/>\n14h y 22h &#8211; Entrada Gratis:<br \/>\n+34 663 476 542<br \/>\n<a href=\"https:\/\/maps.app.goo.gl\/wzbjeGh3Gx1s7b699\">Como Llegar: Calle Armas 5<\/a><\/li>\n<li><strong>Tabanco Cruz Vieja<\/strong><br \/>\n14:30h &#8211; Reservas:<br \/>\n+34 657 588 882<br \/>\n<a href=\"https:\/\/maps.app.goo.gl\/wzbjeGh3Gx1s7b699\">Como llegar: Calle Barja 16\u00a0<\/a><\/li>\n<li><strong>Plaza Canterbury.<br \/>\n<\/strong>18:30 horas y 23:00 horas<br \/>\n<a href=\"https:\/\/maps.app.goo.gl\/PdxXcymqgaZn5LPp6\">Como llegar: Calle Nu\u00f1o de Ca\u00f1as<\/a><\/li>\n<\/ul>\n<hr \/>\n<p><strong>24 de diciembre<\/strong><\/p>\n<ul>\n<li><strong>Tabanco Cruz Vieja<\/strong><br \/>\n14:30h &#8211; Reservas:<br \/>\n+34 657 588 882<br \/>\n<a href=\"https:\/\/maps.app.goo.gl\/wzbjeGh3Gx1s7b699\">Como llegar: Calle Barja 16\u00a0<\/a><\/li>\n<li><strong>Bar Juanito:<\/strong><br \/>\nla popular zambomba y lugar de encuentro para celebrar la nochebuena y Navidad<br \/>\n<a href=\"https:\/\/maps.app.goo.gl\/upDA5wRj4Mo1cebNA\">Como llegar<\/a><\/li>\n<li><strong>La Vega<\/strong>.<br \/>\n17:00h.<br \/>\n<a href=\"https:\/\/maps.app.goo.gl\/uQcA4hWZPKyxHsZK7\">Como llegar Plaza Esteves<\/a><\/li>\n<li><strong>La Marujona<br \/>\n<\/strong>17.30 horas<br \/>\n<a href=\"https:\/\/maps.app.goo.gl\/m8fVoQcvtT74FnwE7\">Como llegar: Calle Caballeros, 2<\/a><\/li>\n<li><strong>Taberna los Manueles<\/strong><br \/>\n16:00 horas<br \/>\n<a href=\"https:\/\/maps.app.goo.gl\/bg3xnUyfvhTd4aSb8\">Como llegar<\/a><\/li>\n<\/ul>\n<\/div>\n<\/div>\n<hr \/>\n<p><strong>27 de diciembre<\/strong><\/p>\n<ul>\n<li><strong>Plaza Canterbury.<br \/>\n<\/strong>23:00 horas<br \/>\n<a href=\"https:\/\/maps.app.goo.gl\/PdxXcymqgaZn5LPp6\">Como llegar: Calle Nu\u00f1o de Ca\u00f1as<\/a><\/li>\n<\/ul>\n<hr \/>\n<p><strong>28 de diciembre<\/strong><\/p>\n<ul>\n<li><strong>Plaza Canterbury.<br \/>\n<\/strong>17:30 horas<br \/>\n<a href=\"https:\/\/maps.app.goo.gl\/PdxXcymqgaZn5LPp6\">Como llegar: Calle Nu\u00f1o de Ca\u00f1as<\/a><\/li>\n<\/ul>\n<p>&nbsp;<\/p>\n<div class=\"entry-content with-share\">\n<div class=\"content-inner \">\n<hr \/>\n<\/div>\n<\/div>\n<div style='display:none' class=\"jeg_preview_slider gallery_1\" data-selector='gallery_1'>\n                        <div class=\"jeg_preview_holder\">\n                            <div class=\"jeg_preview_media\">\n                        <div class=\"jeg_preview_media_holder\">\n                            <h3>&nbsp;<\/h3>\n                            <div class=\"fullscreen-switch\">\n                                <i class=\"fa\"><\/i>\n                            <\/div>\n                            <div class=\"jeg_preview_media_content\">\n                                <div class=\"jeg_preview_media_content_holder_padding\">\n                                    <div class=\"jeg_preview_media_content_holder\"><\/div>\n                                <\/div>\n                                <div class=\"jeg_preview_media_content_navigation\">\n                                    <div class=\"prev\">\n\t\t\t\t\t\t\t\t\t\t<i class=\"fa\"><\/i>\n\t\t\t\t\t\t\t\t\t<\/div>\n                                    <div class=\"next\">\n\t\t\t\t\t\t\t\t\t\t<i class=\"fa\"><\/i>\n\t\t\t\t\t\t\t\t\t<\/div>\n                                <\/div>\n                                <div class='preview-slider-overlay'>\n                                    <div class='preloader_type preloader_dot'>\n                                        <div class=\"module-preloader jeg_preloader dot\">\n                                            <span><\/span><span><\/span><span><\/span>\n                                        <\/div>\n                                        <div class=\"module-preloader jeg_preloader circle\">\n                                            <div class=\"jnews_preloader_circle_outer\">\n                                                <div class=\"jnews_preloader_circle_inner\"><\/div>\n                                            <\/div>\n                                        <\/div>\n                                        <div class=\"module-preloader jeg_preloader square\">\n                                            <div class=\"jeg_square\">\n                                                <div class=\"jeg_square_inner\"><\/div>\n                                            <\/div>\n                                        <\/div>\n                                    <\/div>\n                                <\/div>\n                            <\/div>\n                            <div class=\"jeg_preview_control\">\n                                <div class=\"left_control\">\n                                    <div class=\"counter\"><span class=\"current\">1<\/span> de  4<\/div>\n                                    <div class=\"subtitle\"><\/div>\n                                <\/div>\n                                <div class=\"zoom\">\n                                    <span class=\"reduce\">-<\/span>\n                                    <span class=\"increase\">+<\/span>\n                                <\/div>\n                            <\/div>\n                        <\/div>\n                    <\/div>\n\n                    <div class=\"jeg_preview_bottom_slider\">\n                        <a data-id=\"0\" data-title=\"Programaci\u00f3n de Zambombas del Tabanco a la Feria\" data-image=\"https:\/\/expoflamenco.com\/agenda\/wp-content\/uploads\/sites\/22\/2024\/10\/zambomba-jerez-tabanco-laferia.jpg\" href=\"https:\/\/expoflamenco.com\/agenda\/wp-content\/uploads\/sites\/22\/2024\/10\/zambomba-jerez-tabanco-laferia.jpg\" class=\"jeg_preview_item active\">\n                            <div class=\"jeg_preview_item_thumbnail\">\n                                <img decoding=\"async\" width=\"120\" height=\"86\" src=\"https:\/\/expoflamenco.com\/agenda\/wp-content\/uploads\/sites\/22\/2024\/10\/zambomba-jerez-tabanco-laferia-120x86.jpg\" class=\"attachment-jnews-120x86 size-jnews-120x86\" alt=\"\" srcset=\"https:\/\/expoflamenco.com\/agenda\/wp-content\/uploads\/sites\/22\/2024\/10\/zambomba-jerez-tabanco-laferia-120x86.jpg 120w, https:\/\/expoflamenco.com\/agenda\/wp-content\/uploads\/sites\/22\/2024\/10\/zambomba-jerez-tabanco-laferia-350x250.jpg 350w, https:\/\/expoflamenco.com\/agenda\/wp-content\/uploads\/sites\/22\/2024\/10\/zambomba-jerez-tabanco-laferia-750x536.jpg 750w\" sizes=\"(max-width: 120px) 100vw, 120px\" \/>\n                            <\/div>\n                        <\/a><a data-id=\"1\" data-title=\"Programaci\u00f3n de Zambombas del Tabanco Cruz Vieja\" data-image=\"https:\/\/expoflamenco.com\/agenda\/wp-content\/uploads\/sites\/22\/2024\/10\/cartel-zambomba-cruz-vieja.jpg\" href=\"https:\/\/expoflamenco.com\/agenda\/wp-content\/uploads\/sites\/22\/2024\/10\/cartel-zambomba-cruz-vieja.jpg\" class=\"jeg_preview_item \">\n                            <div class=\"jeg_preview_item_thumbnail\">\n                                <img decoding=\"async\" width=\"120\" height=\"86\" src=\"https:\/\/expoflamenco.com\/agenda\/wp-content\/uploads\/sites\/22\/2024\/10\/cartel-zambomba-cruz-vieja-120x86.jpg\" class=\"attachment-jnews-120x86 size-jnews-120x86\" alt=\"\" srcset=\"https:\/\/expoflamenco.com\/agenda\/wp-content\/uploads\/sites\/22\/2024\/10\/cartel-zambomba-cruz-vieja-120x86.jpg 120w, https:\/\/expoflamenco.com\/agenda\/wp-content\/uploads\/sites\/22\/2024\/10\/cartel-zambomba-cruz-vieja-350x250.jpg 350w, https:\/\/expoflamenco.com\/agenda\/wp-content\/uploads\/sites\/22\/2024\/10\/cartel-zambomba-cruz-vieja-750x536.jpg 750w, https:\/\/expoflamenco.com\/agenda\/wp-content\/uploads\/sites\/22\/2024\/10\/cartel-zambomba-cruz-vieja-1140x815.jpg 1140w\" sizes=\"(max-width: 120px) 100vw, 120px\" \/>\n                            <\/div>\n                        <\/a><a data-id=\"2\" data-title=\"Programaci\u00f3n de Zambomba la Marujona\" data-image=\"https:\/\/expoflamenco.com\/agenda\/wp-content\/uploads\/sites\/22\/2024\/11\/zambomba-marujona.jpg\" href=\"https:\/\/expoflamenco.com\/agenda\/wp-content\/uploads\/sites\/22\/2024\/11\/zambomba-marujona.jpg\" class=\"jeg_preview_item \">\n                            <div class=\"jeg_preview_item_thumbnail\">\n                                <img decoding=\"async\" width=\"120\" height=\"86\" src=\"https:\/\/expoflamenco.com\/agenda\/wp-content\/uploads\/sites\/22\/2024\/11\/zambomba-marujona-120x86.jpg\" class=\"attachment-jnews-120x86 size-jnews-120x86\" alt=\"Programaci\u00f3n de Zambomba la Marujona\" srcset=\"https:\/\/expoflamenco.com\/agenda\/wp-content\/uploads\/sites\/22\/2024\/11\/zambomba-marujona-120x86.jpg 120w, https:\/\/expoflamenco.com\/agenda\/wp-content\/uploads\/sites\/22\/2024\/11\/zambomba-marujona-350x250.jpg 350w, https:\/\/expoflamenco.com\/agenda\/wp-content\/uploads\/sites\/22\/2024\/11\/zambomba-marujona-750x536.jpg 750w, https:\/\/expoflamenco.com\/agenda\/wp-content\/uploads\/sites\/22\/2024\/11\/zambomba-marujona-1140x815.jpg 1140w\" sizes=\"(max-width: 120px) 100vw, 120px\" \/>\n                            <\/div>\n                        <\/a><a data-id=\"3\" data-title=\"Zambomba me encanta Jerez\" data-image=\"https:\/\/expoflamenco.com\/agenda\/wp-content\/uploads\/sites\/22\/2024\/11\/zambomba-me-encanta-jerez.jpeg\" href=\"https:\/\/expoflamenco.com\/agenda\/wp-content\/uploads\/sites\/22\/2024\/11\/zambomba-me-encanta-jerez.jpeg\" class=\"jeg_preview_item \">\n                            <div class=\"jeg_preview_item_thumbnail\">\n                                <img decoding=\"async\" width=\"120\" height=\"86\" src=\"https:\/\/expoflamenco.com\/agenda\/wp-content\/uploads\/sites\/22\/2024\/11\/zambomba-me-encanta-jerez-120x86.jpeg\" class=\"attachment-jnews-120x86 size-jnews-120x86\" alt=\"Zambomba me encanta Jerez\" srcset=\"https:\/\/expoflamenco.com\/agenda\/wp-content\/uploads\/sites\/22\/2024\/11\/zambomba-me-encanta-jerez-120x86.jpeg 120w, https:\/\/expoflamenco.com\/agenda\/wp-content\/uploads\/sites\/22\/2024\/11\/zambomba-me-encanta-jerez-350x250.jpeg 350w, https:\/\/expoflamenco.com\/agenda\/wp-content\/uploads\/sites\/22\/2024\/11\/zambomba-me-encanta-jerez-750x536.jpeg 750w\" sizes=\"(max-width: 120px) 100vw, 120px\" \/>\n                            <\/div>\n                        <\/a>\n                    <\/div>\n                        <\/div>\n                        <div class=\"jeg_preview_description\">\n                            \n                            <div class=\"jeg_preview_description_wrapper\">\n                            \n                            <\/div>\n                        <\/div>\n                        <script>\n                            var gallery_1 = {\n                                rtl: false,\n                                native_zoom: false,\n                                zoom_max: 5,\n                                zoom_step: 40,\n                                image_sequence: [{\"src\":\"https:\\\/\\\/expoflamenco.com\\\/agenda\\\/wp-content\\\/uploads\\\/sites\\\/22\\\/2024\\\/10\\\/zambomba-jerez-tabanco-laferia.jpg\",\"w\":960,\"h\":960,\"title\":\"Programaci\\u00f3n de Zambombas del Tabanco a la Feria\"},{\"src\":\"https:\\\/\\\/expoflamenco.com\\\/agenda\\\/wp-content\\\/uploads\\\/sites\\\/22\\\/2024\\\/10\\\/cartel-zambomba-cruz-vieja.jpg\",\"w\":1447,\"h\":2048,\"title\":\"Programaci\\u00f3n de Zambombas del Tabanco Cruz Vieja\"},{\"src\":\"https:\\\/\\\/expoflamenco.com\\\/agenda\\\/wp-content\\\/uploads\\\/sites\\\/22\\\/2024\\\/11\\\/zambomba-marujona.jpg\",\"w\":1440,\"h\":1440,\"title\":\"Programaci\\u00f3n de Zambomba la Marujona\"},{\"src\":\"https:\\\/\\\/expoflamenco.com\\\/agenda\\\/wp-content\\\/uploads\\\/sites\\\/22\\\/2024\\\/11\\\/zambomba-me-encanta-jerez.jpeg\",\"w\":884,\"h\":1600,\"title\":\"Zambomba me encanta Jerez\"}]\n                            };\n                        <\/script>\n                    <\/div>\n<hr \/>\n","protected":false},"excerpt":{"rendered":"<p>Fechas de las Zambombas en Jerez\u00a0<br \/>\nDisfruta de las mejores zambombas de Jerez con este listado completo de las posibles fechas durante el mes de noviembre y diciembre.\u00a0<\/p>\n","protected":false},"author":56,"featured_media":59141,"comment_status":"open","ping_status":"closed","template":"","tags":[745,953,839,914,913,994],"mec_category":[478,912],"mec_sponsor":[],"class_list":["post-59084","mec-events","type-mec-events","status-publish","has-post-thumbnail","hentry","tag-jerez-de-la-frontera","tag-programacion","tag-teatro-villamarta","tag-villamarta","tag-zambomba","tag-zambomba-2024","mec_category-cante","mec_category-zambomba","pmpro-has-access"],"acf":[],"aioseo_notices":[],"_links":{"self":[{"href":"https:\/\/expoflamenco.com\/agenda\/wp-json\/wp\/v2\/mec-events\/59084","targetHints":{"allow":["GET"]}}],"collection":[{"href":"https:\/\/expoflamenco.com\/agenda\/wp-json\/wp\/v2\/mec-events"}],"about":[{"href":"https:\/\/expoflamenco.com\/agenda\/wp-json\/wp\/v2\/types\/mec-events"}],"author":[{"embeddable":true,"href":"https:\/\/expoflamenco.com\/agenda\/wp-json\/wp\/v2\/users\/56"}],"replies":[{"embeddable":true,"href":"https:\/\/expoflamenco.com\/agenda\/wp-json\/wp\/v2\/comments?post=59084"}],"wp:featuredmedia":[{"embeddable":true,"href":"https:\/\/expoflamenco.com\/agenda\/wp-json\/wp\/v2\/media\/59141"}],"wp:attachment":[{"href":"https:\/\/expoflamenco.com\/agenda\/wp-json\/wp\/v2\/media?parent=59084"}],"wp:term":[{"taxonomy":"post_tag","embeddable":true,"href":"https:\/\/expoflamenco.com\/agenda\/wp-json\/wp\/v2\/tags?post=59084"},{"taxonomy":"mec_category","embeddable":true,"href":"https:\/\/expoflamenco.com\/agenda\/wp-json\/wp\/v2\/mec_category?post=59084"},{"taxonomy":"mec_sponsor","embeddable":true,"href":"https:\/\/expoflamenco.com\/agenda\/wp-json\/wp\/v2\/mec_sponsor?post=59084"}],"curies":[{"name":"wp","href":"https:\/\/api.w.org\/{rel}","templated":true}]}}