{"id":57659,"date":"2024-09-20T11:47:24","date_gmt":"2024-09-20T09:47:24","guid":{"rendered":"https:\/\/expoflamenco.com\/agenda\/?post_type=mec-events&#038;p=57659"},"modified":"2024-09-20T12:41:47","modified_gmt":"2024-09-20T10:41:47","slug":"lorca-por-saura-teatro-flamenco","status":"publish","type":"mec-events","link":"https:\/\/expoflamenco.com\/agenda\/eventos\/lorca-por-saura-teatro-flamenco\/","title":{"rendered":"Lorca Por Saura &#8211; Teatro Flamenco"},"content":{"rendered":"<hr \/>\n<h3 style=\"text-align: center\">Mi\u00e9rcoles a Domingo<\/h3>\n<h3 style=\"text-align: center\">hasta el 20 de Octubre 19:00h<\/h3>\n<h3 style=\"text-align: center\">Teatro Infanta Isabel de Madrid<\/h3>\n<hr \/>\n<p><span style=\"font-weight: 400;font-size: 12pt\">Un montaje realizado por el maestro Carlos Saura.<\/span><\/p>\n<p><span style=\"font-size: 12pt\">La historia de Garcia Lorca por flamenco<\/span><\/p>\n","protected":false},"excerpt":{"rendered":"<p>Tras su arrollador \u00e9xito de la temporada pasada,  \u2018Lorca por Saura\u2019 regresa al Teatro Infanta Isabel  de Madrid, el \u00faltimo montaje realizado por el  maestro Carlos Saura antes de su fallecimiento  a principios de a\u00f1o. Tomando como base la  figura de Federico Garc\u00eda Lorca, Saura crea un  espect\u00e1culo teatral en el que engloba todas las  disciplinas art\u00edsticas que fue cultivando a lo largo  de su extensa trayectoria: la m\u00fasica, la fotograf\u00eda,  la pintura, la danza y el cine. <\/p>\n","protected":false},"author":56,"featured_media":57638,"comment_status":"open","ping_status":"closed","template":"","tags":[796,795],"mec_category":[478,475,794],"mec_sponsor":[],"class_list":["post-57659","mec-events","type-mec-events","status-publish","has-post-thumbnail","hentry","tag-carlos-saura","tag-garcia-lorca","mec_category-cante","mec_category-espectaculo","mec_category-teatro-flamenco","pmpro-has-access"],"acf":[],"aioseo_notices":[],"_links":{"self":[{"href":"https:\/\/expoflamenco.com\/agenda\/wp-json\/wp\/v2\/mec-events\/57659","targetHints":{"allow":["GET"]}}],"collection":[{"href":"https:\/\/expoflamenco.com\/agenda\/wp-json\/wp\/v2\/mec-events"}],"about":[{"href":"https:\/\/expoflamenco.com\/agenda\/wp-json\/wp\/v2\/types\/mec-events"}],"author":[{"embeddable":true,"href":"https:\/\/expoflamenco.com\/agenda\/wp-json\/wp\/v2\/users\/56"}],"replies":[{"embeddable":true,"href":"https:\/\/expoflamenco.com\/agenda\/wp-json\/wp\/v2\/comments?post=57659"}],"wp:featuredmedia":[{"embeddable":true,"href":"https:\/\/expoflamenco.com\/agenda\/wp-json\/wp\/v2\/media\/57638"}],"wp:attachment":[{"href":"https:\/\/expoflamenco.com\/agenda\/wp-json\/wp\/v2\/media?parent=57659"}],"wp:term":[{"taxonomy":"post_tag","embeddable":true,"href":"https:\/\/expoflamenco.com\/agenda\/wp-json\/wp\/v2\/tags?post=57659"},{"taxonomy":"mec_category","embeddable":true,"href":"https:\/\/expoflamenco.com\/agenda\/wp-json\/wp\/v2\/mec_category?post=57659"},{"taxonomy":"mec_sponsor","embeddable":true,"href":"https:\/\/expoflamenco.com\/agenda\/wp-json\/wp\/v2\/mec_sponsor?post=57659"}],"curies":[{"name":"wp","href":"https:\/\/api.w.org\/{rel}","templated":true}]}}